{"id":4524,"date":"2025-05-16T15:05:59","date_gmt":"2025-05-16T15:05:59","guid":{"rendered":"https:\/\/www.alumni.space\/quem-es-tu\/clube-de-peritos-presidente-think-tank\/"},"modified":"2026-03-26T12:02:46","modified_gmt":"2026-03-26T12:02:46","slug":"clube-de-peritos-presidente-think-tank","status":"publish","type":"page","link":"https:\/\/www.alumni.space\/pt-pt\/quem-es-tu\/clube-de-peritos-presidente-think-tank\/","title":{"rendered":"Clube de peritos \/ Presidente \/ Think Tank"},"content":{"rendered":"<div class=\"fusion-fullwidth fullwidth-box fusion-builder-row-1 fusion-flex-container has-pattern-background has-mask-background nonhundred-percent-fullwidth non-hundred-percent-height-scrolling\" style=\"--awb-background-position:left top;--awb-border-sizes-top:0px;--awb-border-sizes-bottom:0px;--awb-border-sizes-left:0px;--awb-border-sizes-right:0px;--awb-border-radius-top-left:0px;--awb-border-radius-top-right:0px;--awb-border-radius-bottom-right:0px;--awb-border-radius-bottom-left:0px;--awb-padding-top:130px;--awb-padding-bottom:130px;--awb-padding-top-medium:90px;--awb-padding-bottom-medium:90px;--awb-margin-bottom-medium:0px;--awb-background-color:var(--awb-color1);--awb-flex-wrap:wrap;\" ><div class=\"fusion-builder-row fusion-row fusion-flex-align-items-flex-start fusion-flex-justify-content-flex-end fusion-flex-content-wrap\" style=\"max-width:calc( 1200px + 80px );margin-left: calc(-80px \/ 2 );margin-right: calc(-80px \/ 2 );\"><div class=\"fusion-layout-column fusion_builder_column fusion-builder-column-0 fusion_builder_column_3_5 3_5 fusion-flex-column fusion-column-no-min-height fusion-animated\" style=\"--awb-padding-right-medium:0px;--awb-padding-left-medium:0px;--awb-bg-blend:overlay;--awb-bg-size:cover;--awb-width-large:60%;--awb-margin-top-large:0px;--awb-spacing-right-large:calc( 0.13333333333333 * calc( 100% - 80px ) );--awb-margin-bottom-large:90px;--awb-spacing-left-large:40px;--awb-width-medium:50%;--awb-spacing-right-medium:calc( 0.16 * calc( 100% - 80px ) );--awb-margin-bottom-medium:49px;--awb-spacing-left-medium:40px;--awb-width-small:100%;--awb-spacing-right-small:40px;--awb-margin-bottom-small:0px;--awb-spacing-left-small:40px;\" data-animationType=\"fadeIn\" data-animationDuration=\"0.8\" data-animationOffset=\"top-into-view\"><div class=\"fusion-column-wrapper fusion-flex-justify-content-flex-start fusion-content-layout-column\"><div class=\"fusion-title title fusion-title-1 fusion-sep-none fusion-title-text fusion-title-size-three\" style=\"--awb-margin-bottom:0px;--awb-margin-top-small:10px;--awb-margin-right-small:0px;--awb-margin-bottom-small:10px;--awb-margin-left-small:0px;\"><h3 class=\"fusion-title-heading title-heading-left\" style=\"margin:0;\">Para um clube de peritos, uma c\u00e1tedra de investiga\u00e7\u00e3o ou um grupo de reflex\u00e3o, o desafio j\u00e1 n\u00e3o se limita \u00e0 produ\u00e7\u00e3o de notas e \u00e0 organiza\u00e7\u00e3o de algumas confer\u00eancias.<\/h3><\/div><\/div><\/div><div class=\"fusion-layout-column fusion_builder_column fusion-builder-column-1 fusion_builder_column_2_5 2_5 fusion-flex-column fusion-column-no-min-height fusion-animated\" style=\"--awb-padding-right-medium:0px;--awb-padding-left-medium:0px;--awb-bg-blend:overlay;--awb-bg-size:cover;--awb-width-large:40%;--awb-margin-top-large:0px;--awb-spacing-right-large:40px;--awb-margin-bottom-large:90px;--awb-spacing-left-large:calc( 0.04 * calc( 100% - 80px ) );--awb-width-medium:50%;--awb-spacing-right-medium:40px;--awb-margin-bottom-medium:49px;--awb-spacing-left-medium:calc( 0.032 * calc( 100% - 80px ) );--awb-width-small:100%;--awb-spacing-right-small:40px;--awb-margin-bottom-small:30px;--awb-spacing-left-small:40px;\" data-animationType=\"fadeIn\" data-animationDuration=\"0.8\" data-animationOffset=\"top-into-view\"><div class=\"fusion-column-wrapper fusion-flex-justify-content-flex-start fusion-content-layout-column\"><div class=\"fusion-separator fusion-full-width-sep\" style=\"align-self: center;margin-left: auto;margin-right: auto;margin-top:15px;width:100%;\"><\/div><div class=\"fusion-text fusion-text-1 fusion-text-no-margin\" style=\"--awb-text-color:hsla(var(--awb-color8-h),var(--awb-color8-s),var(--awb-color8-l),calc(var(--awb-color8-a) - 20%));--awb-margin-bottom:10px;\"><p>Tens de liderar um grupo exigente, manter um elevado n\u00edvel de debate, dar visibilidade ao teu trabalho, atrair parceiros e demonstrar o teu impacto nas pol\u00edticas p\u00fablicas, na estrat\u00e9gia empresarial ou nos grandes debates sociais.<\/p>\n<p>A plataforma alumni.space oferece-te um espa\u00e7o \u00fanico para reunires especialistas, investigadores, antigos alunos dos teus programas, parceiros, institui\u00e7\u00f5es e patrocinadores. Torna-se o ponto de encontro para a cria\u00e7\u00e3o de ideias, investiga\u00e7\u00e3o, redes de antigos alunos, eventos e oportunidades de colabora\u00e7\u00e3o.<\/p>\n<\/div><\/div><\/div><div class=\"fusion-layout-column fusion_builder_column fusion-builder-column-2 fusion_builder_column_1_1 1_1 fusion-flex-column fusion-animated\" style=\"--awb-bg-position:center center;--awb-bg-size:cover;--awb-width-large:100%;--awb-margin-top-large:0px;--awb-spacing-right-large:40px;--awb-margin-bottom-large:20px;--awb-spacing-left-large:40px;--awb-width-medium:100%;--awb-order-medium:0;--awb-spacing-right-medium:40px;--awb-spacing-left-medium:40px;--awb-width-small:100%;--awb-order-small:0;--awb-spacing-right-small:40px;--awb-margin-bottom-small:60px;--awb-spacing-left-small:40px;\" data-animationType=\"fadeInUp\" data-animationDuration=\"0.8\" data-animationOffset=\"top-into-view\" data-scroll-devices=\"small-visibility,medium-visibility,large-visibility\"><div class=\"fusion-column-wrapper fusion-column-has-shadow fusion-flex-justify-content-flex-start fusion-content-layout-column\"><div class=\"fusion-image-element \" style=\"--awb-caption-title-font-family:var(--h2_typography-font-family);--awb-caption-title-font-weight:var(--h2_typography-font-weight);--awb-caption-title-font-style:var(--h2_typography-font-style);--awb-caption-title-size:var(--h2_typography-font-size);--awb-caption-title-transform:var(--h2_typography-text-transform);--awb-caption-title-line-height:var(--h2_typography-line-height);--awb-caption-title-letter-spacing:var(--h2_typography-letter-spacing);\"><span class=\" fusion-imageframe imageframe-none imageframe-1 hover-type-none\"><img decoding=\"async\" width=\"1200\" height=\"713\" title=\"cadeira\" src=\"https:\/\/www.alumni.space\/wp-content\/uploads\/2025\/12\/chaire.jpg\" data-orig-src=\"https:\/\/www.alumni.space\/wp-content\/uploads\/2025\/12\/chaire.jpg\" alt class=\"lazyload img-responsive wp-image-4525\" srcset=\"data:image\/svg+xml,%3Csvg%20xmlns%3D%27http%3A%2F%2Fwww.w3.org%2F2000%2Fsvg%27%20width%3D%271200%27%20height%3D%27713%27%20viewBox%3D%270%200%201200%20713%27%3E%3Crect%20width%3D%271200%27%20height%3D%27713%27%20fill-opacity%3D%220%22%2F%3E%3C%2Fsvg%3E\" data-srcset=\"https:\/\/www.alumni.space\/wp-content\/uploads\/2025\/12\/chaire-200x119.jpg 200w, https:\/\/www.alumni.space\/wp-content\/uploads\/2025\/12\/chaire-400x238.jpg 400w, https:\/\/www.alumni.space\/wp-content\/uploads\/2025\/12\/chaire-600x357.jpg 600w, https:\/\/www.alumni.space\/wp-content\/uploads\/2025\/12\/chaire-800x475.jpg 800w, https:\/\/www.alumni.space\/wp-content\/uploads\/2025\/12\/chaire.jpg 1200w\" data-sizes=\"auto\" data-orig-sizes=\"(max-width: 700px) 100vw, 1200px\" \/><\/span><\/div><\/div><\/div><div class=\"fusion-layout-column fusion_builder_column fusion-builder-column-3 fusion_builder_column_1_1 1_1 fusion-flex-column\" style=\"--awb-bg-size:cover;--awb-width-large:100%;--awb-margin-top-large:0px;--awb-spacing-right-large:40px;--awb-margin-bottom-large:0px;--awb-spacing-left-large:40px;--awb-width-medium:100%;--awb-order-medium:0;--awb-spacing-right-medium:40px;--awb-spacing-left-medium:40px;--awb-width-small:100%;--awb-order-small:0;--awb-spacing-right-small:40px;--awb-spacing-left-small:40px;\"><div class=\"fusion-column-wrapper fusion-column-has-shadow fusion-flex-justify-content-flex-start fusion-content-layout-column\"><div class=\"fusion-text fusion-text-2\"><h2>Um contexto sob press\u00e3o: credibilidade, visibilidade e impacto<\/h2>\n<p>Os grupos de reflex\u00e3o e as c\u00e1tedras foram agora identificados como actores de pleno direito na produ\u00e7\u00e3o de conhecimentos e aconselhamento para os decisores, complementando as universidades e a investiga\u00e7\u00e3o p\u00fablica. Produzem e divulgam ideias, an\u00e1lises e cen\u00e1rios que contribuem para a tomada de decis\u00f5es p\u00fablicas ou estrat\u00e9gicas. <\/p>\n<p>Ao mesmo tempo, a literatura recente mostra que estas organiza\u00e7\u00f5es est\u00e3o a evoluir num ambiente mais competitivo, com uma prolifera\u00e7\u00e3o de fontes de especializa\u00e7\u00e3o, press\u00e3o para a transpar\u00eancia e a necessidade de demonstrar a independ\u00eancia e o impacto real do seu trabalho.<\/p>\n<p>Consequentemente, os diretores dos grupos de reflex\u00e3o, das c\u00e1tedras e dos clubes de peritos t\u00eam de fazer mais do que apenas publicar relat\u00f3rios. T\u00eam de demonstrar a sua capacidade de liderar um ecossistema, manter uma rede ativa de peritos e transformar as contribui\u00e7\u00f5es dos seus membros em influ\u00eancia mensur\u00e1vel. <\/p>\n<h2>O que o alumni.space te oferece em termos de clubes de especialistas \/ cadeiras \/ grupos de reflex\u00e3o<\/h2>\n<p>O Alumni.space \u00e9 uma solu\u00e7\u00e3o chave-na-m\u00e3o de gest\u00e3o de comunidades e de tutoria que se adequa particularmente bem \u00e0s organiza\u00e7\u00f5es que estruturam os seus conhecimentos: clubes de especialistas do sector, cadeiras de investiga\u00e7\u00e3o em parceria, grupos de reflex\u00e3o, observat\u00f3rios e centros de investiga\u00e7\u00e3o aplicada.<\/p>\n<p>Permite-lhe transformar uma rede dispersa de especialistas numa comunidade organizada. Em termos pr\u00e1ticos, a plataforma ajuda-te a : <\/p>\n<ul>\n<li>liderar uma rede de peritos, investigadores, antigos alunos dos teus programas e parceiros p\u00fablicos e privados em eventos, publica\u00e7\u00f5es e projectos;<\/li>\n<li>torna o teu trabalho (notas, relat\u00f3rios, resumos de pol\u00edticas, estudos, livros) vis\u00edvel para as tuas comunidades e parceiros;<\/li>\n<li>fornecer \u00e0 dire\u00e7\u00e3o, aos gestores cient\u00edficos e aos patrocinadores um instrumento comum para o acompanhamento, a promo\u00e7\u00e3o e a coordena\u00e7\u00e3o do projeto.<\/li>\n<\/ul>\n<h2>Aumentar o valor do teu trabalho e a tua contribui\u00e7\u00e3o para o debate p\u00fablico ou estrat\u00e9gico<\/h2>\n<p>Os trabalhos sobre os grupos de reflex\u00e3o e as c\u00e1tedras sublinham o seu papel de ponte entre a produ\u00e7\u00e3o cient\u00edfica, os conhecimentos pr\u00e1ticos e a tomada de decis\u00f5es pol\u00edticas ou econ\u00f3micas: traduzem os conhecimentos em recomenda\u00e7\u00f5es operacionais, numa linguagem acess\u00edvel aos decisores.<\/p>\n<p>Com o alumni.space, tens um espa\u00e7o dedicado para apresentar as tuas \u00e1reas de investiga\u00e7\u00e3o, programas, publica\u00e7\u00f5es importantes, documentos de posi\u00e7\u00e3o e projectos liderados pelos teus grupos de peritos. Podes associar estes conte\u00fados a perfis de peritos, eventos, grupos tem\u00e1ticos e derivados (cita\u00e7\u00f5es, audi\u00e7\u00f5es, parcerias), facilitando a demonstra\u00e7\u00e3o do teu impacto nos teus relat\u00f3rios anuais e pedidos de financiamento. <\/p>\n<p>Para os diretores cient\u00edficos e os comit\u00e9s de dire\u00e7\u00e3o, a plataforma torna-se uma ferramenta operacional para ilustrar a tua contribui\u00e7\u00e3o: n\u00e3o apenas ideias, mas uma comunidade ativa que as promove e implementa.<\/p>\n<h2>Fazer dos teus eventos um sucesso e orquestrar os teus destaques intelectuais<\/h2>\n<p>A vida de um clube de peritos ou de uma c\u00e1tedra \u00e9 estruturada por eventos: semin\u00e1rios, confer\u00eancias p\u00fablicas, simp\u00f3sios, mesas redondas, workshops, sess\u00f5es confidenciais com decisores, lan\u00e7amentos de relat\u00f3rios, programas de forma\u00e7\u00e3o de quadros.<\/p>\n<p>Alumni.space inclui a gest\u00e3o de eventos com registo em linha e, se necess\u00e1rio, emiss\u00e3o de bilhetes. Pode segmentar os seus convites em fun\u00e7\u00e3o do tipo de p\u00fablico (membros, parceiros, jornalistas, decisores p\u00fablicos, antigos alunos dos seus programas), do territ\u00f3rio, do sector ou do n\u00edvel de confidencialidade. <\/p>\n<p>Para a tua organiza\u00e7\u00e3o, \u00e9 uma forma de centralizar as inscri\u00e7\u00f5es, as listas de participantes, os documentos preparat\u00f3rios e os materiais de apoio, dando simultaneamente aos teus membros uma vis\u00e3o clara das tuas reuni\u00f5es, incluindo as organizadas por grupos de trabalho tem\u00e1ticos ou antenas internacionais.<\/p>\n<h2>Aumenta a comunica\u00e7\u00e3o com os membros, parceiros e patrocinadores<\/h2>\n<p>Um clube de peritos influentes \u00e9 um clube vis\u00edvel. No entanto, muitas organiza\u00e7\u00f5es t\u00eam dificuldade em tornar o seu trabalho vis\u00edvel para al\u00e9m de alguns boletins informativos, comunicados de imprensa ou publica\u00e7\u00f5es nas redes sociais. <\/p>\n<p>Com o alumni.space, beneficia de ferramentas concebidas para manter esta liga\u00e7\u00e3o ao longo do tempo:<\/p>\n<ul>\n<li>uma \u00e1rea de not\u00edcias para a organiza\u00e7\u00e3o e os seus grupos tem\u00e1ticos, para transmitir publica\u00e7\u00f5es, artigos, cobertura medi\u00e1tica e contribui\u00e7\u00f5es para consultas p\u00fablicas;<\/li>\n<li>uma biblioteca de documentos para centralizar relat\u00f3rios, notas, resumos de pol\u00edticas, podcasts, repeti\u00e7\u00f5es de webinars, materiais de apresenta\u00e7\u00e3o e programas de estudo;<\/li>\n<li>feeds de informa\u00e7\u00e3o para destacar informa\u00e7\u00f5es sectoriais ou geopol\u00edticas, leituras recomendadas e recursos de outras institui\u00e7\u00f5es;<\/li>\n<li>uma rede social interna onde os membros podem partilhar coment\u00e1rios, ideias para notas, convites \u00e0 apresenta\u00e7\u00e3o de contribui\u00e7\u00f5es e propostas para eventos, e onde podes identificar novos l\u00edderes de grupo ou autores.<\/li>\n<\/ul>\n<p>Desta forma, refor\u00e7as a compreens\u00e3o das tuas posi\u00e7\u00f5es, aprofundas a tua produ\u00e7\u00e3o intelectual e tornas mais f\u00e1cil reunir os teus parceiros em torno das tuas prioridades.<\/p>\n<h2>Apoiar a produ\u00e7\u00e3o de ideias, projectos e coopta\u00e7\u00e3o no mesmo espa\u00e7o<\/h2>\n<p>Nos clubes de peritos, cadeiras e grupos de reflex\u00e3o, uma grande parte do valor prov\u00e9m de intera\u00e7\u00f5es informais: trocas entre pares, revis\u00e3o, co-escrita, recomenda\u00e7\u00f5es cruzadas, sugest\u00f5es de temas e estudos de casos. A investiga\u00e7\u00e3o sobre as comunidades de pr\u00e1tica mostra que estas desempenham um papel estruturante na circula\u00e7\u00e3o do conhecimento e da inova\u00e7\u00e3o. <\/p>\n<p>O Alumni.space tem um quadro de empregos interno e funcionalidades de coopta\u00e7\u00e3o que podem ser utilizadas para: recrutar novos membros, identificar oradores para um relat\u00f3rio ou confer\u00eancia, propor tarefas de investiga\u00e7\u00e3o aplicada, identificar peritos para grupos de trabalho ou consultas externas.<\/p>\n<p>Para a tua organiza\u00e7\u00e3o, isto significa que podes fazer circular oportunidades e projectos numa rede de confian\u00e7a, envolver os membros na co-constru\u00e7\u00e3o das tuas produ\u00e7\u00f5es e documentar o papel do coletivo nas tuas realiza\u00e7\u00f5es.<\/p>\n<p>Este mesmo espa\u00e7o pode acolher convites \u00e0 apresenta\u00e7\u00e3o de contribui\u00e7\u00f5es, projectos de notas ou livros, grupos de trabalho sobre cen\u00e1rios e experi\u00eancias em parceria com institui\u00e7\u00f5es p\u00fablicas ou empresas.<\/p>\n<h2>Apoia as tuas iniciativas de investiga\u00e7\u00e3o, influ\u00eancia e debate p\u00fablico<\/h2>\n<p>As c\u00e1tedras, os clubes de peritos e os grupos de reflex\u00e3o devem satisfazer tr\u00eas crit\u00e9rios: o rigor cient\u00edfico, a pertin\u00eancia pr\u00e1tica e a capacidade de alimentar um debate pluralista e bem argumentado. A investiga\u00e7\u00e3o sobre as c\u00e1tedras de parceria e as colabora\u00e7\u00f5es entre o mundo acad\u00e9mico e o mundo industrial mostra que estas estruturam parcerias duradouras em torno de temas estrat\u00e9gicos, com a obriga\u00e7\u00e3o de divulgar os resultados. <\/p>\n<p>O Alumni.space inclui v\u00e1rios blocos de constru\u00e7\u00e3o que refor\u00e7am esta dimens\u00e3o:<\/p>\n<ul>\n<li>um di\u00e1rio dos momentos altos da comunidade (publica\u00e7\u00e3o de um relat\u00f3rio importante, participa\u00e7\u00e3o numa miss\u00e3o, audi\u00e7\u00f5es parlamentares, pr\u00e9mios, cita\u00e7\u00f5es, lan\u00e7amentos de programas), para destacar o trabalho das equipas e dos membros;<\/li>\n<li>um espa\u00e7o dedicado \u00e0s iniciativas de influ\u00eancia, de defesa ou de aconselhamento (consultas p\u00fablicas, contribui\u00e7\u00f5es para roteiros, notas para os decisores), permitindo aos membros participar em iniciativas de grande impacto;<\/li>\n<li>eventos e grupos intergeracionais que re\u00fanem peritos consagrados, jovens investigadores, antigos alunos do programa, l\u00edderes empresariais e funcion\u00e1rios p\u00fablicos.<\/li>\n<\/ul>\n<p>Desta forma, podes tornar vis\u00edveis os teus compromissos intelectuais, estruturar as tuas contribui\u00e7\u00f5es para o debate p\u00fablico e refor\u00e7ar a legitimidade colectiva do teu trabalho.<\/p>\n<h2>Carater\u00edsticas destinadas \u00e0 dire\u00e7\u00e3o, aos comit\u00e9s cient\u00edficos e aos parceiros<\/h2>\n<p>Al\u00e9m de ser de f\u00e1cil utiliza\u00e7\u00e3o, o alumni.space \u00e9 um verdadeiro instrumento de gest\u00e3o para a dire\u00e7\u00e3o, os comit\u00e9s cient\u00edficos, os conselhos estrat\u00e9gicos, os gestores de programas e os patrocinadores. Em particular, a plataforma permite-lhe <\/p>\n<ul>\n<li><strong>Perfis melhorados e rede social interna<\/strong><br \/>\nCada membro tem um perfil detalhado (disciplina, \u00e1rea de especializa\u00e7\u00e3o, fun\u00e7\u00f5es actuais, principais publica\u00e7\u00f5es, geografia). Isto facilita a identifica\u00e7\u00e3o de autores, revisores, colaboradores e contactos nacionais ou sectoriais. <\/li>\n<li><strong>Segmenta\u00e7\u00e3o por programas, temas e \u00e1reas geogr\u00e1ficas<\/strong><br \/>\nPodes direcionar as tuas comunica\u00e7\u00f5es e convites por tema de investiga\u00e7\u00e3o, programa, grupo tem\u00e1tico, regi\u00e3o ou pa\u00eds, tornando cada mensagem mais relevante e evitando a satura\u00e7\u00e3o.<\/li>\n<li><strong>Espa\u00e7os tem\u00e1ticos para os teus grupos, c\u00e1tedras e projectos<\/strong><br \/>\n\u00c1reas de investiga\u00e7\u00e3o, c\u00e1tedras, observat\u00f3rios, grupos tem\u00e1ticos, grupos de trabalho: cada grupo pode ter o seu pr\u00f3prio espa\u00e7o para publicar, trocar, partilhar documentos de trabalho e organizar as suas actividades num quadro comum.<\/li>\n<li><strong>Estat\u00edsticas de utiliza\u00e7\u00e3o e envolvimento<\/strong><br \/>\nOs dados de utiliza\u00e7\u00e3o do s\u00edtio permitem-lhe acompanhar a atividade das suas comunidades, medir o impacto das suas publica\u00e7\u00f5es e eventos e apresentar os seus relat\u00f3rios aos seus financiadores, patrocinadores e \u00f3rg\u00e3os de governa\u00e7\u00e3o.<\/li>\n<li><strong>Indexa\u00e7\u00e3o controlada e coer\u00eancia com o seu ecossistema digital<\/strong><br \/>\nMant\u00e9m o controlo sobre a visibilidade p\u00fablica dos conte\u00fados, pelo que pode ligar a plataforma ao seu site de empresa, revistas, newsletters e redes sociais, sem dispersar informa\u00e7\u00f5es ou expor documentos sens\u00edveis.<\/li>\n<\/ul>\n<h2>Uma solu\u00e7\u00e3o simples para integrar nos teus sistemas existentes<\/h2>\n<p>Os clubes de peritos, as c\u00e1tedras e os grupos de reflex\u00e3o j\u00e1 utilizam uma s\u00e9rie de ferramentas: s\u00edtio Web institucional, reposit\u00f3rio de publica\u00e7\u00f5es, solu\u00e7\u00f5es para webinars, CRM para parceiros, listas de correio, plataformas de trabalho em colabora\u00e7\u00e3o. Acrescentar uma camada t\u00e9cnica pesada n\u00e3o \u00e9 desej\u00e1vel nem realista para equipas que s\u00e3o frequentemente limitadas em termos de dimens\u00e3o. <\/p>\n<p>O Alumni.space oferece um modelo claro: uma plataforma dedicada \u00e0 comunidade, \u00e0 tutoria e aos projectos, que pode ser interligada com as suas ferramentas existentes, sem lan\u00e7ar um projeto inform\u00e1tico complexo. O feedback das c\u00e1tedras e das parcerias investiga\u00e7\u00e3o-empresa mostra que um sistema estruturado e claro, baseado numa rede de especialistas, \u00e9 uma mais-valia para consolidar as colabora\u00e7\u00f5es e alargar o financiamento. <\/p>\n<p>Para as tuas equipas, \u00e9 uma oportunidade de profissionalizar a forma como gerem a comunidade e promovem o seu trabalho, sem sobrecarregar os investigadores ou o pessoal de apoio.<\/p>\n<h2>O que ganhas em termos de um clube de peritos, de uma cadeira ou de um grupo de reflex\u00e3o<\/h2>\n<p>Ao estruturar a tua comunidade de peritos, investigadores, antigos alunos do programa e parceiros atrav\u00e9s do alumni.space, transformas a tua rede num ativo estrat\u00e9gico sustent\u00e1vel. Em termos concretos, podes : <\/p>\n<ul>\n<li>refor\u00e7ar a produ\u00e7\u00e3o e a difus\u00e3o de ideias atrav\u00e9s de uma comunidade vis\u00edvel, vibrante e bem equipada;<\/li>\n<li>aumentar a visibilidade do teu trabalho e o teu impacto junto dos decisores, dos meios de comunica\u00e7\u00e3o social, dos parceiros e dos patrocinadores;<\/li>\n<li>Facilita o recrutamento e o desenvolvimento de novos peritos, autores, chefes de projeto e chefes de grupo;<\/li>\n<li>dar uma nova profundidade \u00e0s tuas iniciativas de investiga\u00e7\u00e3o, influ\u00eancia, forma\u00e7\u00e3o e debate p\u00fablico, envolvendo os teus diferentes p\u00fablicos;<\/li>\n<li>dar coer\u00eancia global \u00e0s tuas iniciativas de investiga\u00e7\u00e3o, comunica\u00e7\u00e3o, defesa, parceria e governa\u00e7\u00e3o.<\/li>\n<\/ul>\n<h2>Pr\u00f3ximo passo: adaptar a plataforma ao teu clube de especialistas, cadeira ou grupo de reflex\u00e3o<\/h2>\n<p>Cada estrutura tem a sua pr\u00f3pria realidade: dimens\u00e3o da comunidade, disciplinas abrangidas, \u00e2mbito geogr\u00e1fico, equil\u00edbrio entre investiga\u00e7\u00e3o e influ\u00eancia, peso dos mecenas, base acad\u00e9mica ou independente. O objetivo n\u00e3o \u00e9 acrescentar mais uma ferramenta, mas estruturar o que j\u00e1 existe e alinh\u00e1-lo com as tuas prioridades intelectuais e estrat\u00e9gicas. <\/p>\n<p>Podes construir sobre esta base de tr\u00eas maneiras:<\/p>\n<ol>\n<li>Clarifica a tua estrat\u00e9gia comunit\u00e1ria: que p\u00fablicos (membros, peritos associados, antigos alunos do programa, parceiros, patrocinadores), que comunidades priorit\u00e1rias e que casos de utiliza\u00e7\u00e3o (projectos, publica\u00e7\u00f5es, influ\u00eancia, forma\u00e7\u00e3o, internacional)?<\/li>\n<li>Formaliza um discurso de vendas simples para apresentar a plataforma aos teus parceiros administrativos, acad\u00e9micos e financeiros, mostrando os benef\u00edcios para todos.<\/li>\n<li>Elabora um plano de gest\u00e3o de 12 meses (eventos, conte\u00fados, grupos de trabalho, programas de tutoria) para garantir que a comunidade se apropria da ferramenta e que cada produ\u00e7\u00e3o intelectual deixa um rasto \u00fatil, mensur\u00e1vel e valioso nos teus relat\u00f3rios e balan\u00e7os.<\/li>\n<\/ol>\n<\/div><div ><a class=\"fusion-button button-flat fusion-button-default-size button-custom fusion-button-default button-1 fusion-button-default-span fusion-button-default-type\" style=\"--awb-margin-top:30px;--awb-margin-bottom:30px;--button_accent_color:var(--awb-color1);--button_accent_hover_color:var(--awb-color1);--button_border_hover_color:var(--awb-color1);--button_gradient_top_color:var(--awb-custom_color_2);--button_gradient_bottom_color:var(--awb-custom_color_2);--button_gradient_top_color_hover:var(--awb-custom_color_1);--button_gradient_bottom_color_hover:var(--awb-custom_color_1);--button_text_transform:uppercase;--button_font_size:20px;--button_line_height:var(--awb-typography4-line-height);--button_typography-letter-spacing:var(--awb-typography4-letter-spacing);--button_typography-font-family:&quot;Plus Jakarta Sans&quot;;--button_typography-font-style:normal;--button_typography-font-weight:700;\" target=\"_self\" href=\"https:\/\/www.alumni.space\/pt-pt\/contacto\/\"><span class=\"fusion-button-text awb-button__text awb-button__text--default\">Solicita uma marca\u00e7\u00e3o ou uma demonstra\u00e7\u00e3o<\/span><i class=\"fa-arrow-right fas awb-button__icon awb-button__icon--default button-icon-right\" aria-hidden=\"true\"><\/i><\/a><\/div><\/div><\/div><\/div><\/div>\n","protected":false},"excerpt":{"rendered":"","protected":false},"author":1,"featured_media":0,"parent":3874,"menu_order":0,"comment_status":"closed","ping_status":"closed","template":"100-width.php","meta":{"_ayudawp_aiss_exclude":false,"footnotes":""},"class_list":["post-4524","page","type-page","status-publish","hentry"],"yoast_head":"<!-- This site is optimized with the Yoast SEO plugin v27.4 - https:\/\/yoast.com\/product\/yoast-seo-wordpress\/ -->\n<title>Clube de peritos \/ Presidente \/ Think Tank - Alumni.space<\/title>\n<meta name=\"robots\" content=\"index, follow, max-snippet:-1, max-image-preview:large, max-video-preview:-1\" \/>\n<link rel=\"canonical\" href=\"https:\/\/www.alumni.space\/pt-pt\/quem-es-tu\/clube-de-peritos-presidente-think-tank\/\" \/>\n<meta property=\"og:locale\" content=\"pt_PT\" \/>\n<meta property=\"og:type\" content=\"article\" \/>\n<meta property=\"og:title\" content=\"Clube de peritos \/ Presidente \/ Think Tank - Alumni.space\" \/>\n<meta property=\"og:url\" content=\"https:\/\/www.alumni.space\/pt-pt\/quem-es-tu\/clube-de-peritos-presidente-think-tank\/\" \/>\n<meta property=\"og:site_name\" content=\"Alumni.space\" \/>\n<meta property=\"article:modified_time\" content=\"2026-03-26T12:02:46+00:00\" \/>\n<meta name=\"twitter:card\" content=\"summary_large_image\" \/>\n<meta name=\"twitter:label1\" content=\"Tempo estimado de leitura\" \/>\n\t<meta name=\"twitter:data1\" content=\"22 minutos\" \/>\n<script type=\"application\/ld+json\" class=\"yoast-schema-graph\">{\"@context\":\"https:\\\/\\\/schema.org\",\"@graph\":[{\"@type\":\"WebPage\",\"@id\":\"https:\\\/\\\/www.alumni.space\\\/pt-pt\\\/quem-es-tu\\\/clube-de-peritos-presidente-think-tank\\\/\",\"url\":\"https:\\\/\\\/www.alumni.space\\\/pt-pt\\\/quem-es-tu\\\/clube-de-peritos-presidente-think-tank\\\/\",\"name\":\"Clube de peritos \\\/ Presidente \\\/ Think Tank - Alumni.space\",\"isPartOf\":{\"@id\":\"https:\\\/\\\/www.alumni.space\\\/pt-pt\\\/#website\"},\"datePublished\":\"2025-05-16T15:05:59+00:00\",\"dateModified\":\"2026-03-26T12:02:46+00:00\",\"breadcrumb\":{\"@id\":\"https:\\\/\\\/www.alumni.space\\\/pt-pt\\\/quem-es-tu\\\/clube-de-peritos-presidente-think-tank\\\/#breadcrumb\"},\"inLanguage\":\"pt-PT\",\"potentialAction\":[{\"@type\":\"ReadAction\",\"target\":[\"https:\\\/\\\/www.alumni.space\\\/pt-pt\\\/quem-es-tu\\\/clube-de-peritos-presidente-think-tank\\\/\"]}]},{\"@type\":\"BreadcrumbList\",\"@id\":\"https:\\\/\\\/www.alumni.space\\\/pt-pt\\\/quem-es-tu\\\/clube-de-peritos-presidente-think-tank\\\/#breadcrumb\",\"itemListElement\":[{\"@type\":\"ListItem\",\"position\":1,\"name\":\"Home\",\"item\":\"https:\\\/\\\/www.alumni.space\\\/pt-pt\\\/plataforma-de-gestao-de-mentores-e-antigos-alunos\\\/\"},{\"@type\":\"ListItem\",\"position\":2,\"name\":\"Quem \u00e9s tu?\",\"item\":\"https:\\\/\\\/www.alumni.space\\\/pt-pt\\\/quem-es-tu\\\/\"},{\"@type\":\"ListItem\",\"position\":3,\"name\":\"Clube de peritos \\\/ Presidente \\\/ Think Tank\"}]},{\"@type\":\"WebSite\",\"@id\":\"https:\\\/\\\/www.alumni.space\\\/pt-pt\\\/#website\",\"url\":\"https:\\\/\\\/www.alumni.space\\\/pt-pt\\\/\",\"name\":\"Alumni.space\",\"description\":\"My WordPress Blog\",\"potentialAction\":[{\"@type\":\"SearchAction\",\"target\":{\"@type\":\"EntryPoint\",\"urlTemplate\":\"https:\\\/\\\/www.alumni.space\\\/pt-pt\\\/?s={search_term_string}\"},\"query-input\":{\"@type\":\"PropertyValueSpecification\",\"valueRequired\":true,\"valueName\":\"search_term_string\"}}],\"inLanguage\":\"pt-PT\"}]}<\/script>\n<!-- \/ Yoast SEO plugin. -->","yoast_head_json":{"title":"Clube de peritos \/ Presidente \/ Think Tank - Alumni.space","robots":{"index":"index","follow":"follow","max-snippet":"max-snippet:-1","max-image-preview":"max-image-preview:large","max-video-preview":"max-video-preview:-1"},"canonical":"https:\/\/www.alumni.space\/pt-pt\/quem-es-tu\/clube-de-peritos-presidente-think-tank\/","og_locale":"pt_PT","og_type":"article","og_title":"Clube de peritos \/ Presidente \/ Think Tank - Alumni.space","og_url":"https:\/\/www.alumni.space\/pt-pt\/quem-es-tu\/clube-de-peritos-presidente-think-tank\/","og_site_name":"Alumni.space","article_modified_time":"2026-03-26T12:02:46+00:00","twitter_card":"summary_large_image","twitter_misc":{"Tempo estimado de leitura":"22 minutos"},"schema":{"@context":"https:\/\/schema.org","@graph":[{"@type":"WebPage","@id":"https:\/\/www.alumni.space\/pt-pt\/quem-es-tu\/clube-de-peritos-presidente-think-tank\/","url":"https:\/\/www.alumni.space\/pt-pt\/quem-es-tu\/clube-de-peritos-presidente-think-tank\/","name":"Clube de peritos \/ Presidente \/ Think Tank - Alumni.space","isPartOf":{"@id":"https:\/\/www.alumni.space\/pt-pt\/#website"},"datePublished":"2025-05-16T15:05:59+00:00","dateModified":"2026-03-26T12:02:46+00:00","breadcrumb":{"@id":"https:\/\/www.alumni.space\/pt-pt\/quem-es-tu\/clube-de-peritos-presidente-think-tank\/#breadcrumb"},"inLanguage":"pt-PT","potentialAction":[{"@type":"ReadAction","target":["https:\/\/www.alumni.space\/pt-pt\/quem-es-tu\/clube-de-peritos-presidente-think-tank\/"]}]},{"@type":"BreadcrumbList","@id":"https:\/\/www.alumni.space\/pt-pt\/quem-es-tu\/clube-de-peritos-presidente-think-tank\/#breadcrumb","itemListElement":[{"@type":"ListItem","position":1,"name":"Home","item":"https:\/\/www.alumni.space\/pt-pt\/plataforma-de-gestao-de-mentores-e-antigos-alunos\/"},{"@type":"ListItem","position":2,"name":"Quem \u00e9s tu?","item":"https:\/\/www.alumni.space\/pt-pt\/quem-es-tu\/"},{"@type":"ListItem","position":3,"name":"Clube de peritos \/ Presidente \/ Think Tank"}]},{"@type":"WebSite","@id":"https:\/\/www.alumni.space\/pt-pt\/#website","url":"https:\/\/www.alumni.space\/pt-pt\/","name":"Alumni.space","description":"My WordPress Blog","potentialAction":[{"@type":"SearchAction","target":{"@type":"EntryPoint","urlTemplate":"https:\/\/www.alumni.space\/pt-pt\/?s={search_term_string}"},"query-input":{"@type":"PropertyValueSpecification","valueRequired":true,"valueName":"search_term_string"}}],"inLanguage":"pt-PT"}]}},"_links":{"self":[{"href":"https:\/\/www.alumni.space\/pt-pt\/wp-json\/wp\/v2\/pages\/4524","targetHints":{"allow":["GET"]}}],"collection":[{"href":"https:\/\/www.alumni.space\/pt-pt\/wp-json\/wp\/v2\/pages"}],"about":[{"href":"https:\/\/www.alumni.space\/pt-pt\/wp-json\/wp\/v2\/types\/page"}],"author":[{"embeddable":true,"href":"https:\/\/www.alumni.space\/pt-pt\/wp-json\/wp\/v2\/users\/1"}],"replies":[{"embeddable":true,"href":"https:\/\/www.alumni.space\/pt-pt\/wp-json\/wp\/v2\/comments?post=4524"}],"version-history":[{"count":2,"href":"https:\/\/www.alumni.space\/pt-pt\/wp-json\/wp\/v2\/pages\/4524\/revisions"}],"predecessor-version":[{"id":4535,"href":"https:\/\/www.alumni.space\/pt-pt\/wp-json\/wp\/v2\/pages\/4524\/revisions\/4535"}],"up":[{"embeddable":true,"href":"https:\/\/www.alumni.space\/pt-pt\/wp-json\/wp\/v2\/pages\/3874"}],"wp:attachment":[{"href":"https:\/\/www.alumni.space\/pt-pt\/wp-json\/wp\/v2\/media?parent=4524"}],"curies":[{"name":"wp","href":"https:\/\/api.w.org\/{rel}","templated":true}]}}