{"id":4310,"date":"2025-12-17T07:54:49","date_gmt":"2025-12-17T07:54:49","guid":{"rendered":"https:\/\/www.alumni.space\/dados-pessoais\/"},"modified":"2026-03-26T12:01:23","modified_gmt":"2026-03-26T12:01:23","slug":"dados-pessoais","status":"publish","type":"page","link":"https:\/\/www.alumni.space\/pt-pt\/dados-pessoais\/","title":{"rendered":"Dados pessoais"},"content":{"rendered":"<div class=\"fusion-fullwidth fullwidth-box fusion-builder-row-1 fusion-flex-container has-pattern-background has-mask-background nonhundred-percent-fullwidth non-hundred-percent-height-scrolling\" style=\"--awb-border-radius-top-left:0px;--awb-border-radius-top-right:0px;--awb-border-radius-bottom-right:0px;--awb-border-radius-bottom-left:0px;--awb-flex-wrap:wrap;\" ><div class=\"fusion-builder-row fusion-row fusion-flex-align-items-flex-start fusion-flex-content-wrap\" style=\"max-width:1248px;margin-left: calc(-4% \/ 2 );margin-right: calc(-4% \/ 2 );\"><div class=\"fusion-layout-column fusion_builder_column fusion-builder-column-0 fusion_builder_column_1_1 1_1 fusion-flex-column\" style=\"--awb-bg-size:cover;--awb-width-large:100%;--awb-margin-top-large:0px;--awb-spacing-right-large:1.92%;--awb-margin-bottom-large:20px;--awb-spacing-left-large:1.92%;--awb-width-medium:100%;--awb-order-medium:0;--awb-spacing-right-medium:1.92%;--awb-spacing-left-medium:1.92%;--awb-width-small:100%;--awb-order-small:0;--awb-spacing-right-small:1.92%;--awb-spacing-left-small:1.92%;\"><div class=\"fusion-column-wrapper fusion-column-has-shadow fusion-flex-justify-content-flex-start fusion-content-layout-column\"><div class=\"fusion-text fusion-text-1\"><div class=\"post-content\">\n<div class=\"fusion-fullwidth fullwidth-box fusion-builder-row-1 fusion-flex-container nonhundred-percent-fullwidth non-hundred-percent-height-scrolling\">\n<div class=\"fusion-builder-row fusion-row fusion-flex-align-items-flex-start fusion-flex-content-wrap\">\n<div class=\"fusion-layout-column fusion_builder_column fusion-builder-column-0 fusion_builder_column_1_1 1_1 fusion-flex-column\">\n<div class=\"fusion-column-wrapper fusion-flex-justify-content-flex-start fusion-content-layout-column\">\n<div class=\"fusion-text fusion-text-1\">\n<h2 class=\"fusion-responsive-typography-calculated\" data-fontsize=\"18\" data-lineheight=\"27px\">POL\u00cdTICA DE PROTEC\u00c7\u00c3O DE DADOS PESSOAIS<\/h2>\n<p>A prote\u00e7\u00e3o dos Dados Pessoais \u00e9 uma das principais preocupa\u00e7\u00f5es da Alumni.space, que fez desta quest\u00e3o uma prioridade. A presente pol\u00edtica tem como objetivo fornecer-te toda a informa\u00e7\u00e3o relevante relativa ao tratamento de Dados Pessoais que possam ser recolhidos neste website www.Alumni.space (doravante, o &#8220;Website&#8221;). <\/p>\n<p>Alumni.space (doravante, &#8220;n\u00f3s&#8221;, &#8220;nos&#8221; ou &#8220;Alumni.space&#8221;) pode recolher e processar Dados Pessoais sobre ti quando visitas este site. A Poleetic, quando actua como controlador de dados, \u00e9 respons\u00e1vel pelos Dados Pessoais que nos forneces. A fim de proteger a tua privacidade e os teus dados pessoais da forma mais eficaz poss\u00edvel, nome\u00e1mos um Respons\u00e1vel pela Prote\u00e7\u00e3o de Dados. Esta pessoa, que \u00e9 o principal ponto de contacto para a autoridade de supervis\u00e3o, \u00e9 respons\u00e1vel por garantir que processamos os teus dados em conformidade com a legisla\u00e7\u00e3o aplic\u00e1vel.   <\/p>\n<p>Podes contactar o nosso respons\u00e1vel pela prote\u00e7\u00e3o de dados atrav\u00e9s do seguinte endere\u00e7o <a href=\"mailto:contact@poleetic.com\"><u>contact@poleetic.com<\/u><\/a>.<\/p>\n<p>Alumni.space pode ser contactado em 12, le clos guillaume 78870 Bailly Fran\u00e7a, por telefone em <a href=\"tel:+33617012677\">+33617012677,<\/a> ou utilizando o formul\u00e1rio de contacto neste s\u00edtio Web.<\/p>\n<h3 class=\"fusion-responsive-typography-calculated\" data-fontsize=\"16\" data-lineheight=\"24px\">COMPROMISSOS<\/h3>\n<p>Comprometemo-nos a assegurar o mais elevado n\u00edvel de prote\u00e7\u00e3o poss\u00edvel \u00e0s pessoas cujos dados pessoais tratamos (&#8220;titulares dos dados&#8221;). A prote\u00e7\u00e3o dos dados pessoais, nomeadamente os dos nossos clientes, \u00e9 tanto mais importante para n\u00f3s quanto as nossas obriga\u00e7\u00f5es em mat\u00e9ria de sigilo profissional. <\/p>\n<p>Comprometemo-nos a cumprir a regulamenta\u00e7\u00e3o aplic\u00e1vel a todos os tratamentos de dados pessoais que efectuamos. Assim, comprometemo-nos a respeitar os seguintes princ\u00edpios: <\/p>\n<ul>\n<li>Processamos os teus dados pessoais de forma legal, justa e transparente;<\/li>\n<li>Recolhemos os teus dados pessoais para fins espec\u00edficos, expl\u00edcitos e leg\u00edtimos e n\u00e3o os processamos de forma incompat\u00edvel com esses fins;<\/li>\n<li>Asseguramos que os dados pessoais tratados s\u00e3o adequados, pertinentes e limitados ao que \u00e9 necess\u00e1rio para os fins para que s\u00e3o tratados;<\/li>\n<li>Envidaremos todos os esfor\u00e7os para garantir que os dados pessoais s\u00e3o exactos e, se necess\u00e1rio, actualizados. Tomaremos todas as medidas razo\u00e1veis para garantir que os dados pessoais inexactos, tendo em conta as finalidades para que s\u00e3o tratados, sejam apagados ou rectificados sem demora; <\/li>\n<li>Conservamos os teus dados pessoais de uma forma que permite a tua identifica\u00e7\u00e3o apenas durante o tempo necess\u00e1rio para efeitos de tratamento;<\/li>\n<li>Processamos os teus dados pessoais de forma a garantir um n\u00edvel de seguran\u00e7a adequado.<\/li>\n<\/ul>\n<p>Estas autoriza\u00e7\u00f5es s\u00e3o expressas da seguinte forma:<\/p>\n<ul>\n<li>Respeitamos a tua privacidade e os teus direitos;<\/li>\n<li>Temos o maior cuidado em garantir que a prote\u00e7\u00e3o e a seguran\u00e7a dos teus dados pessoais est\u00e3o no centro das nossas preocupa\u00e7\u00f5es;<\/li>\n<li>Consideramos cada opera\u00e7\u00e3o de processamento \u00e0 luz dos princ\u00edpios da prote\u00e7\u00e3o de dados, de modo a cumprir o princ\u00edpio da prote\u00e7\u00e3o de dados desde a conce\u00e7\u00e3o;<\/li>\n<li>N\u00e3o utilizaremos os teus dados pessoais para fins que n\u00e3o te tenham sido comunicados;<\/li>\n<li>N\u00e3o partilharemos nem venderemos os teus dados pessoais a terceiros;<\/li>\n<li>Estamos empenhados em assegurar e proteger os teus dados pessoais. Para o efeito, trabalhamos apenas com parceiros de confian\u00e7a; <\/li>\n<li>Respeitamos os teus direitos e faremos tudo o que estiver ao nosso alcance para satisfazer os teus pedidos, desde que sejam bem fundamentados.<\/li>\n<\/ul>\n<h3 class=\"fusion-responsive-typography-calculated\" data-fontsize=\"16\" data-lineheight=\"24px\">TRATAMENTO<\/h3>\n<p>Podes visitar o nosso website sem forneceres quaisquer Dados Pessoais sobre ti. No entanto, para aceder a determinadas partes dos nossos s\u00edtios Web e\/ou para utilizar informa\u00e7\u00f5es ou servi\u00e7os espec\u00edficos, poderemos ter de recolher os teus Dados Pessoais, que trataremos para os fins mencionados abaixo. <\/p>\n<p>Recordamos-te que os dados pessoais s\u00e3o qualquer informa\u00e7\u00e3o relativa a uma pessoa singular identificada ou identific\u00e1vel, como o endere\u00e7o de correio eletr\u00f3nico, o teu nome e apelido, o teu endere\u00e7o IP, etc. N\u00e3o partilhamos estas informa\u00e7\u00f5es com terceiros.<\/p>\n<p>Recolhemos os teus dados pessoais atrav\u00e9s do formul\u00e1rio de contacto neste s\u00edtio Web e por outros meios. Em alguns casos, recolhemos os teus dados pessoais diretamente de ti. Noutros casos, os teus dados pessoais s\u00e3o-nos comunicados por um terceiro.  <\/p>\n<p>Os dados pessoais que podemos tratar s\u00e3o, por exemplo, :<\/p>\n<ul>\n<li><strong>dados de identifica\u00e7\u00e3o<\/strong>, como o teu primeiro e \u00faltimo nome e o teu endere\u00e7o de correio eletr\u00f3nico;<\/li>\n<li><strong>dados de candidatura<\/strong>, tais como o teu CV, qualifica\u00e7\u00f5es e experi\u00eancia profissional, caso pretendas candidatar-te ao Alumni.space.<\/li>\n<\/ul>\n<p>Certas informa\u00e7\u00f5es relativas \u00e0 atividade do utilizador neste s\u00edtio podem ser recolhidas automaticamente. Estas informa\u00e7\u00f5es destinam-se \u00e0 Alumni.space e podem ser utilizadas para estudos, estat\u00edsticas, medi\u00e7\u00e3o de audi\u00eancias e outras an\u00e1lises para a melhoria e o desenvolvimento do s\u00edtio. Al\u00e9m disso, podemos tratar os teus dados pessoais para :  <\/p>\n<ul>\n<li>para atualizar e melhorar o nosso s\u00edtio Web e para garantir a sua seguran\u00e7a;<\/li>\n<li>realiza inqu\u00e9ritos de satisfa\u00e7\u00e3o dos clientes;<\/li>\n<li>gerir os f\u00f3runs de discuss\u00e3o em que podes participar;<\/li>\n<li>gest\u00e3o do recrutamento, quando te candidatas a empregos em linha, nomeadamente no s\u00edtio web jobs.vinci.com, ou quando apresentas a tua candidatura espontaneamente;<\/li>\n<li>estat\u00edsticas e otimiza\u00e7\u00e3o do s\u00edtio Web;<\/li>\n<li>o envio de documentos em resposta a pedidos feitos no nosso s\u00edtio Web;<br \/>\na transmiss\u00e3o de informa\u00e7\u00f5es relativas \u00e0 nossa empresa e \u00e0s suas actividades,<br \/>\nas respostas aos pedidos recebidos e a transmiss\u00e3o de informa\u00e7\u00f5es sobre os servi\u00e7os oferecidos.<\/li>\n<\/ul>\n<p>Processamos sempre os teus dados pessoais com base numa das seguintes bases legais:<\/p>\n<ul>\n<li>Se tiveres celebrado um contrato com a Alumni.space e a execu\u00e7\u00e3o desse contrato exigir que processemos os teus dados pessoais, a base legal para o processamento \u00e9 a execu\u00e7\u00e3o do contrato.<\/li>\n<li>Quando o tratamento \u00e9 necess\u00e1rio para a execu\u00e7\u00e3o de medidas pr\u00e9-contratuais tomadas a seu pedido, a nossa base jur\u00eddica s\u00e3o essas medidas pr\u00e9-contratuais. Por exemplo, \u00e9 o caso quando nos apresentas uma candidatura a um emprego, o que nos obriga a estudar o teu CV para tomarmos uma decis\u00e3o sobre a tua candidatura. <\/li>\n<li>Quando o tratamento \u00e9 necess\u00e1rio para efeitos dos nossos interesses leg\u00edtimos, a nossa base jur\u00eddica \u00e9 constitu\u00edda por esses interesses leg\u00edtimos. Por exemplo, o tratamento dos teus dados pessoais para fins de prospe\u00e7\u00e3o pode ser efectuado para efeitos dos interesses leg\u00edtimos prosseguidos pela Alumni.space. <\/li>\n<li>Tamb\u00e9m podemos processar os teus dados pessoais com base numa das outras bases jur\u00eddicas enumeradas na legisla\u00e7\u00e3o ou nos regulamentos aplic\u00e1veis.<\/li>\n<\/ul>\n<h3 class=\"fusion-responsive-typography-calculated\" data-fontsize=\"16\" data-lineheight=\"24px\">VIDA NA ESTANTE<\/h3>\n<p>A Alumni.space conservar\u00e1 os teus dados pessoais apenas durante o per\u00edodo necess\u00e1rio para as finalidades para que s\u00e3o tratados e de acordo com a legisla\u00e7\u00e3o aplic\u00e1vel. Assim, o per\u00edodo de tempo em que os teus dados pessoais s\u00e3o conservados depende da finalidade para a qual s\u00e3o tratados, de acordo com a correspond\u00eancia abaixo: <\/p>\n<ul>\n<li>Gest\u00e3o da rela\u00e7\u00e3o com o cliente: 5 anos a partir do fim da rela\u00e7\u00e3o com o cliente;<\/li>\n<li>Fatura\u00e7\u00e3o: 10 anos a contar do fim do per\u00edodo contabil\u00edstico em causa;<\/li>\n<li>Contabilidade: 10 anos a contar do final do exerc\u00edcio financeiro em causa;<\/li>\n<li>Gest\u00e3o das candidaturas: 2 anos a partir do \u00faltimo contacto com o candidato ;<\/li>\n<li>Gest\u00e3o das rela\u00e7\u00f5es com prestadores de servi\u00e7os e fornecedores: 5 anos a partir do fim da rela\u00e7\u00e3o;<\/li>\n<li>Resposta aos pedidos que nos s\u00e3o enviados atrav\u00e9s do formul\u00e1rio de contacto do s\u00edtio: o per\u00edodo necess\u00e1rio para responder ao pedido em causa, ou um dos per\u00edodos acima indicados se o teu pedido estiver relacionado com uma destas finalidades.<\/li>\n<\/ul>\n<h3 class=\"fusion-responsive-typography-calculated\" data-fontsize=\"16\" data-lineheight=\"24px\">TRANSFER\u00caNCIAS<\/h3>\n<p>Os teus dados s\u00e3o armazenados na Uni\u00e3o Europeia (UE) e no Espa\u00e7o Econ\u00f3mico Europeu (EEE) pela Alumni.space e pelos seus fornecedores de servi\u00e7os de confian\u00e7a. No entanto, dependendo do processamento, os teus dados tamb\u00e9m podem ser transferidos para um pa\u00eds fora da UE e do EEE. <\/p>\n<p>Quando os dados s\u00e3o transferidos para fora da UE e do EEE, asseguramos que os dados s\u00e3o transferidos de forma segura e em conformidade com a legisla\u00e7\u00e3o aplic\u00e1vel. Se o pa\u00eds para onde os dados s\u00e3o transferidos n\u00e3o tiver uma prote\u00e7\u00e3o compar\u00e1vel \u00e0 da UE, utilizamos &#8220;salvaguardas apropriadas ou adequadas&#8221;. <\/p>\n<p>Estas garantias adequadas ou adaptadas s\u00e3o um meio de assegurar a prote\u00e7\u00e3o dos teus dados pessoais mesmo quando estes saem do territ\u00f3rio europeu. Estas garantias adequadas podem consistir, por exemplo, na utiliza\u00e7\u00e3o de cl\u00e1usulas contratuais-tipo adoptadas pela Comiss\u00e3o Europeia. <\/p>\n<p>Caso a caso, informar-te-emos da nossa inten\u00e7\u00e3o de transferir dados pessoais para um pa\u00eds terceiro, da exist\u00eancia ou n\u00e3o de uma decis\u00e3o adequada da Comiss\u00e3o e, em caso afirmativo, da refer\u00eancia \u00e0s garantias adequadas e dos meios para obter uma c\u00f3pia das mesmas ou onde foram disponibilizadas.<\/p>\n<h3 class=\"fusion-responsive-typography-calculated\" data-fontsize=\"16\" data-lineheight=\"24px\">DESTINAT\u00c1RIOS DOS TEUS DADOS PESSOAIS<\/h3>\n<p>Podemos transferir os teus dados pessoais para os nossos prestadores de servi\u00e7os encarregados das opera\u00e7\u00f5es:<\/p>\n<ul>\n<li>alojamento (O2switch) ;<\/li>\n<li>manuten\u00e7\u00e3o.<\/li>\n<\/ul>\n<p>Tamb\u00e9m podemos ser obrigados por leis, ordens judiciais e\/ou pedidos de autoridades p\u00fablicas e governamentais, dentro ou fora do teu pa\u00eds de resid\u00eancia, a divulgar os teus Dados Pessoais. Tamb\u00e9m podemos divulgar os teus Dados Pessoais se determinarmos que, por motivos de seguran\u00e7a nacional, aplica\u00e7\u00e3o da lei ou import\u00e2ncia p\u00fablica ou em aplica\u00e7\u00e3o da lei, a divulga\u00e7\u00e3o \u00e9 necess\u00e1ria ou adequada. <\/p>\n<p>Tamb\u00e9m podemos divulgar Dados Pessoais se determinarmos de boa f\u00e9 que a divulga\u00e7\u00e3o \u00e9 razoavelmente necess\u00e1ria para proteger os nossos direitos utilizando as solu\u00e7\u00f5es dispon\u00edveis, aplicar os nossos termos e condi\u00e7\u00f5es, investigar fraudes ou proteger as nossas opera\u00e7\u00f5es ou utilizadores.<\/p>\n<p>Por fim, a Alumni.space pode reestruturar as suas actividades em qualquer parte do mundo e a qualquer momento. Estas ac\u00e7\u00f5es podem resultar na divulga\u00e7\u00e3o de Informa\u00e7\u00f5es Pessoais a clientes potenciais ou existentes ou na rece\u00e7\u00e3o de Informa\u00e7\u00f5es Pessoais de potenciais fornecedores. Exigimos sempre uma prote\u00e7\u00e3o de privacidade adequada para as Informa\u00e7\u00f5es Pessoais divulgadas em rela\u00e7\u00e3o a essas transac\u00e7\u00f5es.  <\/p>\n<h3 class=\"fusion-responsive-typography-calculated\" data-fontsize=\"16\" data-lineheight=\"24px\">OS TEUS DIREITOS<\/h3>\n<p>Tens o direito de obter da nossa parte a confirma\u00e7\u00e3o de que os teus dados pessoais est\u00e3o ou n\u00e3o a ser tratados (direito de acesso). Se for esse o caso, podes aceder aos teus dados pessoais e obter informa\u00e7\u00f5es como a finalidade do tratamento, as categorias de dados pessoais em causa, etc. N\u00e3o divulgaremos os teus dados pessoais a terceiros sem o teu consentimento. <\/p>\n<p>Tamb\u00e9m podes pedir que os teus dados pessoais sejam rectificados ou eliminados.<\/p>\n<p>Tens tamb\u00e9m o direito de te opores ao tratamento dos teus Dados Pessoais ou de solicitar a limita\u00e7\u00e3o do seu tratamento. Tens ainda o direito de pedir para receber os teus Dados Pessoais num formato estruturado e normalizado, desde que estejam reunidas as condi\u00e7\u00f5es para o exerc\u00edcio deste direito. <\/p>\n<p>Para exercer estes direitos, envia uma mensagem de correio eletr\u00f3nico ao nosso RPD, que pode ser contactado atrav\u00e9s do endere\u00e7o <a href=\"mailto:contact@poleetic.com\">contact@poleetic.com.<\/a><\/p>\n<p>Para que possamos tratar o teu pedido de forma satisfat\u00f3ria, tens de apresentar uma prova da tua identidade, seja qual for o meio utilizado. Em caso de d\u00favida, podemos pedir-te informa\u00e7\u00f5es complementares, nomeadamente uma c\u00f3pia do teu bilhete de identidade, assinado por ti. <\/p>\n<p>Faremos o nosso melhor para responder satisfatoriamente aos teus pedidos. Seja qual for a nossa resposta, envi\u00e1-la-emos a ti no prazo de um m\u00eas, mas o nosso prazo de resposta pode ser prorrogado por mais dois meses, dependendo da complexidade e do n\u00famero de pedidos. <\/p>\n<p>Se, por qualquer motivo, considerares que a nossa resposta n\u00e3o \u00e9 satisfat\u00f3ria, informamos-te de que podes apresentar uma queixa junto da CNIL.<\/p>\n<h3 class=\"fusion-responsive-typography-calculated\" data-fontsize=\"16\" data-lineheight=\"24px\">MEDIDAS DE SEGURAN\u00c7A<\/h3>\n<p>A Alumni.space utiliza v\u00e1rias medidas de seguran\u00e7a t\u00e9cnicas e organizacionais para proteger os Dados Pessoais que recolhemos, utilizamos ou transferimos contra perda, utiliza\u00e7\u00e3o indevida, falsifica\u00e7\u00e3o ou destrui\u00e7\u00e3o.<\/p>\n<p>No entanto, a Alumni.space n\u00e3o pode ser responsabilizada pela seguran\u00e7a das transmiss\u00f5es de Dados Pessoais atrav\u00e9s da Internet.<\/p>\n<h3 class=\"fusion-responsive-typography-calculated\" data-fontsize=\"16\" data-lineheight=\"24px\">S\u00cdTIOS WEB EXTERNOS<\/h3>\n<p>Os s\u00edtios Web podem conter liga\u00e7\u00f5es a s\u00edtios Web externos.<\/p>\n<p>O Alumni.space n\u00e3o oferece garantias ou representa\u00e7\u00f5es sobre estes s\u00edtios Web externos.<\/p>\n<h3 class=\"fusion-responsive-typography-calculated\" data-fontsize=\"16\" data-lineheight=\"24px\">ALTERA\u00c7\u00c3O DA POL\u00cdTICA<\/h3>\n<p>Esta pol\u00edtica foi actualizada em 30\/12\/2021.<\/p>\n<p>Podemos alterar periodicamente esta Pol\u00edtica para acompanhar os desenvolvimentos tecnol\u00f3gicos, as pr\u00e1ticas do sector e os requisitos regulamentares, ou por outros motivos.<\/p>\n<p>Quando tivermos de efetuar altera\u00e7\u00f5es significativas \u00e0 nossa Pol\u00edtica, publicaremos um aviso na p\u00e1gina inicial do s\u00edtio Web antes de a altera\u00e7\u00e3o entrar em vigor.<\/p>\n<\/div>\n<\/div>\n<\/div>\n<\/div>\n<\/div>\n<\/div>\n<\/div><\/div><\/div><\/div><\/div>\n","protected":false},"excerpt":{"rendered":"","protected":false},"author":1,"featured_media":0,"parent":0,"menu_order":0,"comment_status":"closed","ping_status":"closed","template":"100-width.php","meta":{"_ayudawp_aiss_exclude":false,"footnotes":""},"class_list":["post-4310","page","type-page","status-publish","hentry"],"yoast_head":"<!-- This site is optimized with the Yoast SEO plugin v27.4 - https:\/\/yoast.com\/product\/yoast-seo-wordpress\/ -->\n<title>Dados pessoais - Alumni.space<\/title>\n<meta name=\"robots\" content=\"index, follow, max-snippet:-1, max-image-preview:large, max-video-preview:-1\" \/>\n<link rel=\"canonical\" href=\"https:\/\/www.alumni.space\/pt-pt\/dados-pessoais\/\" \/>\n<meta property=\"og:locale\" content=\"pt_PT\" \/>\n<meta property=\"og:type\" content=\"article\" \/>\n<meta property=\"og:title\" content=\"Dados pessoais - Alumni.space\" \/>\n<meta property=\"og:url\" content=\"https:\/\/www.alumni.space\/pt-pt\/dados-pessoais\/\" \/>\n<meta property=\"og:site_name\" content=\"Alumni.space\" \/>\n<meta property=\"article:modified_time\" content=\"2026-03-26T12:01:23+00:00\" \/>\n<meta name=\"twitter:card\" content=\"summary_large_image\" \/>\n<meta name=\"twitter:label1\" content=\"Tempo estimado de leitura\" \/>\n\t<meta name=\"twitter:data1\" content=\"17 minutos\" \/>\n<script type=\"application\/ld+json\" class=\"yoast-schema-graph\">{\"@context\":\"https:\\\/\\\/schema.org\",\"@graph\":[{\"@type\":\"WebPage\",\"@id\":\"https:\\\/\\\/www.alumni.space\\\/pt-pt\\\/dados-pessoais\\\/\",\"url\":\"https:\\\/\\\/www.alumni.space\\\/pt-pt\\\/dados-pessoais\\\/\",\"name\":\"Dados pessoais - Alumni.space\",\"isPartOf\":{\"@id\":\"https:\\\/\\\/www.alumni.space\\\/pt-pt\\\/#website\"},\"datePublished\":\"2025-12-17T07:54:49+00:00\",\"dateModified\":\"2026-03-26T12:01:23+00:00\",\"breadcrumb\":{\"@id\":\"https:\\\/\\\/www.alumni.space\\\/pt-pt\\\/dados-pessoais\\\/#breadcrumb\"},\"inLanguage\":\"pt-PT\",\"potentialAction\":[{\"@type\":\"ReadAction\",\"target\":[\"https:\\\/\\\/www.alumni.space\\\/pt-pt\\\/dados-pessoais\\\/\"]}]},{\"@type\":\"BreadcrumbList\",\"@id\":\"https:\\\/\\\/www.alumni.space\\\/pt-pt\\\/dados-pessoais\\\/#breadcrumb\",\"itemListElement\":[{\"@type\":\"ListItem\",\"position\":1,\"name\":\"Home\",\"item\":\"https:\\\/\\\/www.alumni.space\\\/pt-pt\\\/plataforma-de-gestao-de-mentores-e-antigos-alunos\\\/\"},{\"@type\":\"ListItem\",\"position\":2,\"name\":\"Dados pessoais\"}]},{\"@type\":\"WebSite\",\"@id\":\"https:\\\/\\\/www.alumni.space\\\/pt-pt\\\/#website\",\"url\":\"https:\\\/\\\/www.alumni.space\\\/pt-pt\\\/\",\"name\":\"Alumni.space\",\"description\":\"My WordPress Blog\",\"potentialAction\":[{\"@type\":\"SearchAction\",\"target\":{\"@type\":\"EntryPoint\",\"urlTemplate\":\"https:\\\/\\\/www.alumni.space\\\/pt-pt\\\/?s={search_term_string}\"},\"query-input\":{\"@type\":\"PropertyValueSpecification\",\"valueRequired\":true,\"valueName\":\"search_term_string\"}}],\"inLanguage\":\"pt-PT\"}]}<\/script>\n<!-- \/ Yoast SEO plugin. -->","yoast_head_json":{"title":"Dados pessoais - Alumni.space","robots":{"index":"index","follow":"follow","max-snippet":"max-snippet:-1","max-image-preview":"max-image-preview:large","max-video-preview":"max-video-preview:-1"},"canonical":"https:\/\/www.alumni.space\/pt-pt\/dados-pessoais\/","og_locale":"pt_PT","og_type":"article","og_title":"Dados pessoais - Alumni.space","og_url":"https:\/\/www.alumni.space\/pt-pt\/dados-pessoais\/","og_site_name":"Alumni.space","article_modified_time":"2026-03-26T12:01:23+00:00","twitter_card":"summary_large_image","twitter_misc":{"Tempo estimado de leitura":"17 minutos"},"schema":{"@context":"https:\/\/schema.org","@graph":[{"@type":"WebPage","@id":"https:\/\/www.alumni.space\/pt-pt\/dados-pessoais\/","url":"https:\/\/www.alumni.space\/pt-pt\/dados-pessoais\/","name":"Dados pessoais - Alumni.space","isPartOf":{"@id":"https:\/\/www.alumni.space\/pt-pt\/#website"},"datePublished":"2025-12-17T07:54:49+00:00","dateModified":"2026-03-26T12:01:23+00:00","breadcrumb":{"@id":"https:\/\/www.alumni.space\/pt-pt\/dados-pessoais\/#breadcrumb"},"inLanguage":"pt-PT","potentialAction":[{"@type":"ReadAction","target":["https:\/\/www.alumni.space\/pt-pt\/dados-pessoais\/"]}]},{"@type":"BreadcrumbList","@id":"https:\/\/www.alumni.space\/pt-pt\/dados-pessoais\/#breadcrumb","itemListElement":[{"@type":"ListItem","position":1,"name":"Home","item":"https:\/\/www.alumni.space\/pt-pt\/plataforma-de-gestao-de-mentores-e-antigos-alunos\/"},{"@type":"ListItem","position":2,"name":"Dados pessoais"}]},{"@type":"WebSite","@id":"https:\/\/www.alumni.space\/pt-pt\/#website","url":"https:\/\/www.alumni.space\/pt-pt\/","name":"Alumni.space","description":"My WordPress Blog","potentialAction":[{"@type":"SearchAction","target":{"@type":"EntryPoint","urlTemplate":"https:\/\/www.alumni.space\/pt-pt\/?s={search_term_string}"},"query-input":{"@type":"PropertyValueSpecification","valueRequired":true,"valueName":"search_term_string"}}],"inLanguage":"pt-PT"}]}},"_links":{"self":[{"href":"https:\/\/www.alumni.space\/pt-pt\/wp-json\/wp\/v2\/pages\/4310","targetHints":{"allow":["GET"]}}],"collection":[{"href":"https:\/\/www.alumni.space\/pt-pt\/wp-json\/wp\/v2\/pages"}],"about":[{"href":"https:\/\/www.alumni.space\/pt-pt\/wp-json\/wp\/v2\/types\/page"}],"author":[{"embeddable":true,"href":"https:\/\/www.alumni.space\/pt-pt\/wp-json\/wp\/v2\/users\/1"}],"replies":[{"embeddable":true,"href":"https:\/\/www.alumni.space\/pt-pt\/wp-json\/wp\/v2\/comments?post=4310"}],"version-history":[{"count":1,"href":"https:\/\/www.alumni.space\/pt-pt\/wp-json\/wp\/v2\/pages\/4310\/revisions"}],"predecessor-version":[{"id":4317,"href":"https:\/\/www.alumni.space\/pt-pt\/wp-json\/wp\/v2\/pages\/4310\/revisions\/4317"}],"wp:attachment":[{"href":"https:\/\/www.alumni.space\/pt-pt\/wp-json\/wp\/v2\/media?parent=4310"}],"curies":[{"name":"wp","href":"https:\/\/api.w.org\/{rel}","templated":true}]}}