{"id":4247,"date":"2025-05-16T15:05:22","date_gmt":"2025-05-16T15:05:22","guid":{"rendered":"https:\/\/www.alumni.space\/quem-es-tu\/centro-de-formacao-ou-de-aprendizagem\/"},"modified":"2026-03-26T12:01:09","modified_gmt":"2026-03-26T12:01:09","slug":"centro-de-formacao-ou-de-aprendizagem","status":"publish","type":"page","link":"https:\/\/www.alumni.space\/pt-pt\/quem-es-tu\/centro-de-formacao-ou-de-aprendizagem\/","title":{"rendered":"Centro de forma\u00e7\u00e3o ou de aprendizagem"},"content":{"rendered":"<div class=\"fusion-fullwidth fullwidth-box fusion-builder-row-1 fusion-flex-container has-pattern-background has-mask-background nonhundred-percent-fullwidth non-hundred-percent-height-scrolling\" style=\"--awb-background-position:left top;--awb-border-sizes-top:0px;--awb-border-sizes-bottom:0px;--awb-border-sizes-left:0px;--awb-border-sizes-right:0px;--awb-border-radius-top-left:0px;--awb-border-radius-top-right:0px;--awb-border-radius-bottom-right:0px;--awb-border-radius-bottom-left:0px;--awb-padding-top:130px;--awb-padding-bottom:130px;--awb-padding-top-medium:90px;--awb-padding-bottom-medium:90px;--awb-margin-bottom-medium:0px;--awb-background-color:var(--awb-color1);--awb-flex-wrap:wrap;\" ><div class=\"fusion-builder-row fusion-row fusion-flex-align-items-flex-start fusion-flex-justify-content-flex-end fusion-flex-content-wrap\" style=\"max-width:calc( 1200px + 80px );margin-left: calc(-80px \/ 2 );margin-right: calc(-80px \/ 2 );\"><div class=\"fusion-layout-column fusion_builder_column fusion-builder-column-0 fusion_builder_column_3_5 3_5 fusion-flex-column fusion-column-no-min-height fusion-animated\" style=\"--awb-padding-right-medium:0px;--awb-padding-left-medium:0px;--awb-bg-blend:overlay;--awb-bg-size:cover;--awb-width-large:60%;--awb-margin-top-large:0px;--awb-spacing-right-large:calc( 0.13333333333333 * calc( 100% - 80px ) );--awb-margin-bottom-large:90px;--awb-spacing-left-large:40px;--awb-width-medium:50%;--awb-spacing-right-medium:calc( 0.16 * calc( 100% - 80px ) );--awb-margin-bottom-medium:49px;--awb-spacing-left-medium:40px;--awb-width-small:100%;--awb-spacing-right-small:40px;--awb-margin-bottom-small:0px;--awb-spacing-left-small:40px;\" data-animationType=\"fadeIn\" data-animationDuration=\"0.8\" data-animationOffset=\"top-into-view\"><div class=\"fusion-column-wrapper fusion-flex-justify-content-flex-start fusion-content-layout-column\"><div class=\"fusion-title title fusion-title-1 fusion-sep-none fusion-title-text fusion-title-size-three\" style=\"--awb-margin-bottom:0px;--awb-margin-top-small:10px;--awb-margin-right-small:0px;--awb-margin-bottom-small:10px;--awb-margin-left-small:0px;\"><h3 class=\"fusion-title-heading title-heading-left\" style=\"margin:0;\">Para um centro de forma\u00e7\u00e3o profissional ou um centro de forma\u00e7\u00e3o de aprendizes (CFA), o desafio j\u00e1 n\u00e3o se limita a dar horas de aulas para obter um diploma que certifique o aprendiz.<\/h3><\/div><\/div><\/div><div class=\"fusion-layout-column fusion_builder_column fusion-builder-column-1 fusion_builder_column_2_5 2_5 fusion-flex-column fusion-column-no-min-height fusion-animated\" style=\"--awb-padding-right-medium:0px;--awb-padding-left-medium:0px;--awb-bg-blend:overlay;--awb-bg-size:cover;--awb-width-large:40%;--awb-margin-top-large:0px;--awb-spacing-right-large:40px;--awb-margin-bottom-large:90px;--awb-spacing-left-large:calc( 0.04 * calc( 100% - 80px ) );--awb-width-medium:50%;--awb-spacing-right-medium:40px;--awb-margin-bottom-medium:49px;--awb-spacing-left-medium:calc( 0.032 * calc( 100% - 80px ) );--awb-width-small:100%;--awb-spacing-right-small:40px;--awb-margin-bottom-small:30px;--awb-spacing-left-small:40px;\" data-animationType=\"fadeIn\" data-animationDuration=\"0.8\" data-animationOffset=\"top-into-view\"><div class=\"fusion-column-wrapper fusion-flex-justify-content-flex-start fusion-content-layout-column\"><div class=\"fusion-separator fusion-full-width-sep\" style=\"align-self: center;margin-left: auto;margin-right: auto;margin-top:15px;width:100%;\"><\/div><div class=\"fusion-text fusion-text-1 fusion-text-no-margin\" style=\"--awb-text-color:hsla(var(--awb-color8-h),var(--awb-color8-s),var(--awb-color8-l),calc(var(--awb-color8-a) - 20%));--awb-margin-bottom:10px;\"><p>Tens de garantir a integra\u00e7\u00e3o profissional, responder \u00e0s expectativas dos organismos de financiamento (Regi\u00e3o, OPCO, France Travail, empresas), conquistar a fidelidade das empresas parceiras e demonstrar a efic\u00e1cia dos teus cursos ao longo do tempo.<\/p>\n<p>A plataforma alumni.space oferece-te um espa\u00e7o \u00fanico para reunir aprendizes, formandos, antigos alunos, formadores, tutores e empresas. \u00c9 o ponto de encontro para a vida no centro, as carreiras dos antigos alunos, a orienta\u00e7\u00e3o, os eventos e as oportunidades profissionais.<\/p>\n<\/div><\/div><\/div><div class=\"fusion-layout-column fusion_builder_column fusion-builder-column-2 fusion_builder_column_1_1 1_1 fusion-flex-column fusion-animated\" style=\"--awb-bg-position:center center;--awb-bg-size:cover;--awb-width-large:100%;--awb-margin-top-large:0px;--awb-spacing-right-large:40px;--awb-margin-bottom-large:20px;--awb-spacing-left-large:40px;--awb-width-medium:100%;--awb-order-medium:0;--awb-spacing-right-medium:40px;--awb-spacing-left-medium:40px;--awb-width-small:100%;--awb-order-small:0;--awb-spacing-right-small:40px;--awb-margin-bottom-small:60px;--awb-spacing-left-small:40px;\" data-animationType=\"fadeInUp\" data-animationDuration=\"0.8\" data-animationOffset=\"top-into-view\" data-scroll-devices=\"small-visibility,medium-visibility,large-visibility\"><div class=\"fusion-column-wrapper fusion-column-has-shadow fusion-flex-justify-content-flex-start fusion-content-layout-column\"><div class=\"fusion-image-element \" style=\"--awb-caption-title-font-family:var(--h2_typography-font-family);--awb-caption-title-font-weight:var(--h2_typography-font-weight);--awb-caption-title-font-style:var(--h2_typography-font-style);--awb-caption-title-size:var(--h2_typography-font-size);--awb-caption-title-transform:var(--h2_typography-text-transform);--awb-caption-title-line-height:var(--h2_typography-line-height);--awb-caption-title-letter-spacing:var(--h2_typography-letter-spacing);\"><span class=\" fusion-imageframe imageframe-none imageframe-1 hover-type-none\"><img decoding=\"async\" width=\"1200\" height=\"720\" title=\"cfa\" src=\"https:\/\/www.alumni.space\/wp-content\/uploads\/2025\/12\/cfa.jpg\" data-orig-src=\"https:\/\/www.alumni.space\/wp-content\/uploads\/2025\/12\/cfa.jpg\" alt class=\"lazyload img-responsive wp-image-4250\" srcset=\"data:image\/svg+xml,%3Csvg%20xmlns%3D%27http%3A%2F%2Fwww.w3.org%2F2000%2Fsvg%27%20width%3D%271200%27%20height%3D%27720%27%20viewBox%3D%270%200%201200%20720%27%3E%3Crect%20width%3D%271200%27%20height%3D%27720%27%20fill-opacity%3D%220%22%2F%3E%3C%2Fsvg%3E\" data-srcset=\"https:\/\/www.alumni.space\/wp-content\/uploads\/2025\/12\/cfa-200x120.jpg 200w, https:\/\/www.alumni.space\/wp-content\/uploads\/2025\/12\/cfa-400x240.jpg 400w, https:\/\/www.alumni.space\/wp-content\/uploads\/2025\/12\/cfa-600x360.jpg 600w, https:\/\/www.alumni.space\/wp-content\/uploads\/2025\/12\/cfa-800x480.jpg 800w, https:\/\/www.alumni.space\/wp-content\/uploads\/2025\/12\/cfa.jpg 1200w\" data-sizes=\"auto\" data-orig-sizes=\"(max-width: 700px) 100vw, 1200px\" \/><\/span><\/div><\/div><\/div><div class=\"fusion-layout-column fusion_builder_column fusion-builder-column-3 fusion_builder_column_1_1 1_1 fusion-flex-column\" style=\"--awb-bg-size:cover;--awb-width-large:100%;--awb-margin-top-large:0px;--awb-spacing-right-large:40px;--awb-margin-bottom-large:0px;--awb-spacing-left-large:40px;--awb-width-medium:100%;--awb-order-medium:0;--awb-spacing-right-medium:40px;--awb-spacing-left-medium:40px;--awb-width-small:100%;--awb-order-small:0;--awb-spacing-right-small:40px;--awb-spacing-left-small:40px;\"><div class=\"fusion-column-wrapper fusion-column-has-shadow fusion-flex-justify-content-flex-start fusion-content-layout-column\"><div class=\"fusion-text fusion-text-2\"><h2>Um contexto sob press\u00e3o: integra\u00e7\u00e3o, forma\u00e7\u00e3o em altern\u00e2ncia e acompanhamento dos jovens que abandonam o ensino<\/h2>\n<p>A aprendizagem e a forma\u00e7\u00e3o profissional est\u00e3o a crescer rapidamente. No final de 2023, mais de um milh\u00e3o de jovens eram aprendizes, ou seja, 8,6% dos jovens entre os 16 e os 29 anos, e quase 879 000 contratos de aprendizagem tiveram in\u00edcio em 2024.   <a href=\"https:\/\/www.insee.fr\/fr\/statistiques\/8305506?sommaire=8306008&amp;utm_source=chatgpt.com\">Insee+1<\/a><\/p>\n<p>Os estudos InserJeunes e Dares mostram que cerca de dois em cada tr\u00eas aprendizes de n\u00edvel CAP a BTS t\u00eam um emprego remunerado seis meses ap\u00f3s a conclus\u00e3o da sua aprendizagem, com taxas superiores a 70% para algumas especialidades, o que faz da aprendizagem uma importante alavanca de integra\u00e7\u00e3o.<\/p>\n<p>Neste contexto, os centros de forma\u00e7\u00e3o t\u00eam de provar a qualidade dos seus cursos, estruturar o acompanhamento dos diplomados e mostrar que sabem como ativar uma rede de antigos alunos para assegurar percursos profissionais, incluindo a reconvers\u00e3o.<\/p>\n<h2>O que o alumni.space pode fazer por ti em termos de centros de forma\u00e7\u00e3o e CFAs<\/h2>\n<p>Alumni.space \u00e9 uma solu\u00e7\u00e3o chave-na-m\u00e3o de gest\u00e3o de comunidades, alumni e mentoring, concebida para organiza\u00e7\u00f5es de forma\u00e7\u00e3o, CFAs, centros de forma\u00e7\u00e3o cont\u00ednua e estruturas de reciclagem.<\/p>\n<p>Permite-lhe transformar um p\u00fablico disperso (aprendizes, formandos, antigos alunos, formadores, empresas) numa comunidade estruturada. Em termos pr\u00e1ticos, a plataforma ajuda-te a : <\/p>\n<ul>\n<li>anima uma rede de alunos e ex-alunos em torno de eventos, not\u00edcias e projectos empresariais;<\/li>\n<li>Demonstra a efic\u00e1cia dos teus programas atrav\u00e9s dos percursos profissionais dos antigos alunos e da sua integra\u00e7\u00e3o no mercado de trabalho;<\/li>\n<li>fornecer \u00e0s equipas pedag\u00f3gicas, aos conselheiros de trabalho-estudo e aos respons\u00e1veis pelas rela\u00e7\u00f5es com as empresas um instrumento comum de acompanhamento e de gest\u00e3o.<\/li>\n<\/ul>\n<h2>Melhora a integra\u00e7\u00e3o e o sucesso dos teus alunos<\/h2>\n<p>Os n\u00fameros relativos \u00e0 integra\u00e7\u00e3o dos aprendizes e dos estagi\u00e1rios na forma\u00e7\u00e3o profissional tornaram-se indicadores centrais para os organismos p\u00fablicos de financiamento e para as empresas parceiras. Os sistemas InserJeunes e os inqu\u00e9ritos Dares-DEPP acompanham o emprego precisamente 6 e 12 meses ap\u00f3s a conclus\u00e3o da forma\u00e7\u00e3o. <\/p>\n<p>Com o alumni.space, disp\u00f5es de um espa\u00e7o dedicado para apresentar os percursos profissionais dos teus antigos alunos: profiss\u00f5es exercidas, sectores, tipo de contrato, evolu\u00e7\u00e3o da carreira ap\u00f3s o trabalho-estudo ou a forma\u00e7\u00e3o. Podes associar ofertas de emprego, contratos de aprendizagem, contratos de forma\u00e7\u00e3o profissional e testemunhos de antigos alunos, o que te ajudar\u00e1 a cumprir as tuas obriga\u00e7\u00f5es de acompanhamento dos diplomados e de presta\u00e7\u00e3o de contas \u00e0s DREETS e aos organismos de financiamento. <\/p>\n<p>Para as equipas respons\u00e1veis pela integra\u00e7\u00e3o, a plataforma torna-se um suporte operacional para a organiza\u00e7\u00e3o de f\u00f3runs de emprego, reuni\u00f5es de empresa, sess\u00f5es de recrutamento em regime de altern\u00e2ncia ou permanente e campanhas de coopta\u00e7\u00e3o de formandos no final do curso.<\/p>\n<h2>Fazendo da tua carreira um sucesso, forma\u00e7\u00e3o em altern\u00e2ncia e eventos de orienta\u00e7\u00e3o profissional<\/h2>\n<p>A vida de um centro de forma\u00e7\u00e3o \u00e9 estruturada por eventos: reuni\u00f5es de informa\u00e7\u00e3o, jornadas de abertura, sess\u00f5es de orienta\u00e7\u00e3o, job-datings de forma\u00e7\u00e3o em altern\u00e2ncia, reuni\u00f5es com os supervisores de aprendizagem, workshops de reciclagem e cerim\u00f3nias de gradua\u00e7\u00e3o.<\/p>\n<p>O Alumni.space inclui a gest\u00e3o de eventos com registo online e, se necess\u00e1rio, emiss\u00e3o de bilhetes. Podes segmentar os teus convites por disciplina, n\u00edvel de licenciatura, estatuto (aprendiz, estagi\u00e1rio, antigo aluno), \u00e1rea de emprego ou tipo de empresa. <\/p>\n<p>Para o centro, \u00e9 uma forma de centralizar as inscri\u00e7\u00f5es, as listas de participantes e as comunica\u00e7\u00f5es, ao mesmo tempo que d\u00e1 aos antigos alunos e \u00e0s empresas uma vis\u00e3o clara de todos os eventos da comunidade, incluindo os organizados em parceria com as filiais profissionais ou OPCO.<\/p>\n<h2>Impulsionar a comunica\u00e7\u00e3o do centro com alunos, antigos alunos e empresas<\/h2>\n<p>Um centro de forma\u00e7\u00e3o atrativo \u00e9 aquele que \u00e9 f\u00e1cil de compreender. No entanto, muitas organiza\u00e7\u00f5es t\u00eam dificuldade em tornar as suas actividades vis\u00edveis para al\u00e9m do seu s\u00edtio Web e de algumas redes sociais. <\/p>\n<p>Com o alumni.space, beneficia de ferramentas concebidas para manter esta liga\u00e7\u00e3o ao longo do tempo:<\/p>\n<ul>\n<li>uma sec\u00e7\u00e3o de not\u00edcias para o centro e a rede de antigos alunos, para dar a conhecer os teus projectos, parcerias, resultados de integra\u00e7\u00e3o e sucessos;<\/li>\n<li>uma biblioteca de documentos, para centralizar brochuras de forma\u00e7\u00e3o, acordos de trabalho-estudo, guias para empresas, descri\u00e7\u00f5es de fun\u00e7\u00f5es, repeti\u00e7\u00f5es de webinars e recursos did\u00e1cticos;<\/li>\n<li>feeds de informa\u00e7\u00e3o que destacam conte\u00fados empresariais e sectoriais espec\u00edficos \u00fateis para alunos, antigos alunos e empregadores;<\/li>\n<li>uma rede social interna onde os membros podem partilhar coment\u00e1rios, ofertas e conselhos pr\u00e1ticos, e onde podes encontrar mentores e embaixadores para os teus percursos profissionais.<\/li>\n<\/ul>\n<p>Desta forma, podes aumentar a compreens\u00e3o dos teus pontos fortes e dar aos antigos alunos um papel ativo na tua comunica\u00e7\u00e3o, reputa\u00e7\u00e3o e rela\u00e7\u00f5es empresariais.<\/p>\n<h2>Apoiar a empregabilidade, a forma\u00e7\u00e3o em altern\u00e2ncia e a coopta\u00e7\u00e3o num \u00fanico espa\u00e7o<\/h2>\n<p>Atualmente, a forma\u00e7\u00e3o em altern\u00e2ncia \u00e9 apresentada como um sistema &#8220;win-win&#8221;: a grande maioria das empresas considera que facilita a integra\u00e7\u00e3o e quase 7 em cada 10 aprendizes encontram um emprego nos meses seguintes ao fim do seu contrato, muitas vezes na mesma empresa.<\/p>\n<p>O Alumni.space disponibiliza um quadro de empregos e funcionalidades de coopta\u00e7\u00e3o para fazer circular ofertas entre os membros da comunidade: contratos de aprendizagem, contratos a termo, contratos permanentes, miss\u00f5es tempor\u00e1rias, projectos freelance e oportunidades de transi\u00e7\u00e3o de carreira. Para um centro ou CFA, isto significa ajudar os formandos e os antigos alunos a aceder mais rapidamente a oportunidades qualificadas, mobilizar empresas parceiras como recrutadores e documentar o papel concreto da rede na integra\u00e7\u00e3o profissional. <\/p>\n<p>Este mesmo espa\u00e7o pode ser utilizado para trabalhos pontuais, projectos orientados, convites \u00e0 apresenta\u00e7\u00e3o de projectos ou experi\u00eancias em colabora\u00e7\u00e3o com sectores profissionais.<\/p>\n<h2>Apoia iniciativas c\u00edvicas, de QVCT e intergeracionais<\/h2>\n<p>\u00c9 tamb\u00e9m necess\u00e1ria forma\u00e7\u00e3o profissional sobre quest\u00f5es sociais e de qualidade de vida no trabalho: reconvers\u00e3o sustent\u00e1vel, inclus\u00e3o, defici\u00eancia, igualdade profissional e preven\u00e7\u00e3o de riscos. As redes de antigos alunos podem tornar-se poderosos centros de informa\u00e7\u00e3o sobre estas quest\u00f5es. <\/p>\n<p>O Alumni.space inclui v\u00e1rios blocos de constru\u00e7\u00e3o que refor\u00e7am este aspeto:<\/p>\n<ul>\n<li>Um di\u00e1rio de destaques da comunidade (sucessos profissionais, projectos comunit\u00e1rios, mudan\u00e7as de carreira inspiradoras, iniciativas locais) para dar a conhecer os percursos profissionais das pessoas;<\/li>\n<li>Um espa\u00e7o dedicado ao voluntariado, \u00e0 tutoria e \u00e0 orienta\u00e7\u00e3o social, para envolver alunos, ex-alunos e empresas em iniciativas com impacto;<\/li>\n<li>eventos intergeracionais que re\u00fanem jovens em forma\u00e7\u00e3o, antigos trabalhadores, formadores, mestres de aprendizagem e parceiros institucionais.<\/li>\n<\/ul>\n<p>Desta forma, podes tornar os teus compromissos vis\u00edveis, envolver os teus antigos alunos nas tuas iniciativas de RSE e refor\u00e7ar o sentimento de perten\u00e7a para al\u00e9m do final do curso.<\/p>\n<h2>Carater\u00edsticas concebidas para equipas educativas, integra\u00e7\u00e3o e rela\u00e7\u00f5es empresariais<\/h2>\n<p>Al\u00e9m de ser de f\u00e1cil utiliza\u00e7\u00e3o, o alumni.space funciona como uma verdadeira ferramenta de gest\u00e3o para os diretores de centros, gestores pedag\u00f3gicos, servi\u00e7os de acolhimento e respons\u00e1veis pelas rela\u00e7\u00f5es empresariais. Em particular, a plataforma permite-lhe <\/p>\n<ul>\n<li><strong>Perfis melhorados e rede social interna<\/strong><br \/>\nCada membro tem um perfil detalhado (curso, ano de gradua\u00e7\u00e3o, sector, compet\u00eancias, localiza\u00e7\u00e3o, tipo de contrato). Isto facilita a identifica\u00e7\u00e3o de mentores, t\u00e9cnicos de emprego, mestres de aprendizagem e empresas parceiras. <\/li>\n<li><strong>Segmenta\u00e7\u00e3o por sector, promo\u00e7\u00e3o e zona de emprego<\/strong><br \/>\nPodes segmentar as tuas comunica\u00e7\u00f5es e convites por profiss\u00e3o, n\u00edvel (CAP, qualifica\u00e7\u00e3o profissional, bac+2, etc.), promo\u00e7\u00e3o ou zona geogr\u00e1fica, tornando cada mensagem mais relevante para as empresas e os antigos alunos.<\/li>\n<li><strong>Espa\u00e7os tem\u00e1ticos para as tuas comunidades profissionais<\/strong><br \/>\nSectores (constru\u00e7\u00e3o, sa\u00fade, servi\u00e7os, ind\u00fastria), promo\u00e7\u00f5es, grupos de reciclagem, comunidades de pr\u00e1tica: cada coletivo pode ter o seu pr\u00f3prio espa\u00e7o para publicar, trocar e organizar as suas actividades.<\/li>\n<li><strong>Estat\u00edsticas de utiliza\u00e7\u00e3o e de envolvimento<\/strong><br \/>\nOs dados de utiliza\u00e7\u00e3o do s\u00edtio permitem-te monitorizar a atividade das v\u00e1rias comunidades, medir o impacto dos teus eventos e campanhas e alimentar os teus relat\u00f3rios educativos e financeiros ou os teus relat\u00f3rios de atividade para os financiadores.<\/li>\n<li><strong>Indexa\u00e7\u00e3o controlada e coer\u00eancia com o seu ecossistema digital<\/strong><br \/>\nMant\u00e9m o controlo da visibilidade p\u00fablica dos conte\u00fados, pelo que pode ligar a plataforma ao seu site de empresa, aos seus cat\u00e1logos de forma\u00e7\u00e3o, \u00e0s suas ferramentas de aplica\u00e7\u00e3o e \u00e0s suas redes sociais, sem dispersar a informa\u00e7\u00e3o.<\/li>\n<\/ul>\n<h2>9. Uma solu\u00e7\u00e3o simples para integrar no teu sistema de forma\u00e7\u00e3o<\/h2>\n<p>Os centros de forma\u00e7\u00e3o j\u00e1 utilizam uma s\u00e9rie de ferramentas: software de gest\u00e3o da forma\u00e7\u00e3o, portais de formandos, sistemas de gest\u00e3o de aplica\u00e7\u00f5es e plataformas de e-learning. Acrescentar uma camada adicional de complexidade n\u00e3o \u00e9 desej\u00e1vel nem realista. <\/p>\n<p>O Alumni.space oferece um modelo claro: uma plataforma dedicada \u00e0 comunidade, \u00e0 experi\u00eancia de trabalho e \u00e0 tutoria, que pode ser interligada com a tua comunica\u00e7\u00e3o e ferramentas existentes, sem necessidade de lan\u00e7ar um projeto inform\u00e1tico complexo. O feedback das redes de antigos alunos em forma\u00e7\u00e3o mostra que uma rede bem estruturada se torna um argumento forte junto dos financiadores e das empresas, da mesma forma que os indicadores de integra\u00e7\u00e3o. <\/p>\n<p>Para as tuas equipas, \u00e9 uma oportunidade de profissionalizar o funcionamento da comunidade e da rede de antigos alunos, sem pedir aos teus departamentos de TI que construam uma solu\u00e7\u00e3o interna.<\/p>\n<h2>10. O que ganhas no centro de forma\u00e7\u00e3o e na CFA<\/h2>\n<p>Ao estruturares a tua comunidade de alunos, antigos alunos, formadores e empresas atrav\u00e9s do alumni.space, transformas a tua rede num ativo estrat\u00e9gico sustent\u00e1vel. Em termos concretos, podes : <\/p>\n<ul>\n<li>refor\u00e7a a integra\u00e7\u00e3o e o apoio \u00e0 carreira gra\u00e7as a uma rede de antigos alunos mobilizada e vis\u00edvel;<\/li>\n<li>torna as tuas carreiras mais atractivas, mostrando percursos profissionais reais, embaixadores de emprego e comunidades animadas;<\/li>\n<li>apoiar a forma\u00e7\u00e3o em altern\u00e2ncia, os contratos de forma\u00e7\u00e3o profissional, a coopta\u00e7\u00e3o e a reconvers\u00e3o profissional num \u00fanico espa\u00e7o;<\/li>\n<li>D\u00e1 uma nova profundidade \u00e0 tua cidadania empresarial, \u00e0 RSE e \u00e0s iniciativas regionais, envolvendo os teus antigos alunos e parceiros;<\/li>\n<li>dar coer\u00eancia global \u00e0s suas iniciativas de orienta\u00e7\u00e3o, forma\u00e7\u00e3o, integra\u00e7\u00e3o, rela\u00e7\u00f5es empresariais e comunica\u00e7\u00e3o.<\/li>\n<\/ul>\n<h2>11. Pr\u00f3ximo passo: adaptar a plataforma ao teu centro de forma\u00e7\u00e3o<\/h2>\n<p>Cada centro tem as suas especificidades: sectores e profiss\u00f5es abrangidos, peso da forma\u00e7\u00e3o em altern\u00e2ncia, jovens ou adultos, parcerias com sucursais e OPCO, quest\u00f5es regionais. O objetivo n\u00e3o \u00e9 acrescentar mais um instrumento, mas estruturar o que j\u00e1 existe e alinh\u00e1-lo com as tuas prioridades de integra\u00e7\u00e3o, qualidade e financiamento. <\/p>\n<p>Podes construir sobre esta base de tr\u00eas maneiras:<\/p>\n<ol>\n<li>Esclarece a tua estrat\u00e9gia de &#8220;rede de antigos alunos e de empresas&#8221;: que p\u00fablicos (aprendizes, estagi\u00e1rios, antigos alunos, mestres de aprendizagem, tutores internos), que comunidades priorit\u00e1rias e que casos de utiliza\u00e7\u00e3o (integra\u00e7\u00e3o, cursos &#8220;sandu\u00edche&#8221;, reciclagem, tutoria, RSE)?<\/li>\n<li>Formaliza um discurso de venda simples para apresentar a plataforma \u00e0 tua dire\u00e7\u00e3o, aos teus parceiros (OPCO, sucursais, Regi\u00e3o, France Travail) e \u00e0s empresas, mostrando as vantagens para todos.<\/li>\n<li>Elabora um plano de 12 meses (eventos, conte\u00fados, tutoria, projectos empresariais) para garantir que a comunidade se apropria da ferramenta e que cada a\u00e7\u00e3o de forma\u00e7\u00e3o deixa um rasto \u00fatil, mensur\u00e1vel e valioso nos teus balan\u00e7os.<\/li>\n<\/ol>\n<\/div><div ><a class=\"fusion-button button-flat fusion-button-default-size button-custom fusion-button-default button-1 fusion-button-default-span fusion-button-default-type\" style=\"--awb-margin-top:30px;--awb-margin-bottom:30px;--button_accent_color:var(--awb-color1);--button_accent_hover_color:var(--awb-color1);--button_border_hover_color:var(--awb-color1);--button_gradient_top_color:var(--awb-custom_color_2);--button_gradient_bottom_color:var(--awb-custom_color_2);--button_gradient_top_color_hover:var(--awb-custom_color_1);--button_gradient_bottom_color_hover:var(--awb-custom_color_1);--button_text_transform:uppercase;--button_font_size:20px;--button_line_height:var(--awb-typography4-line-height);--button_typography-letter-spacing:var(--awb-typography4-letter-spacing);--button_typography-font-family:&quot;Plus Jakarta Sans&quot;;--button_typography-font-style:normal;--button_typography-font-weight:700;\" target=\"_self\" href=\"https:\/\/www.alumni.space\/pt-pt\/contacto\/\"><span class=\"fusion-button-text awb-button__text awb-button__text--default\">Solicita uma marca\u00e7\u00e3o ou uma demonstra\u00e7\u00e3o<\/span><i class=\"fa-arrow-right fas awb-button__icon awb-button__icon--default button-icon-right\" aria-hidden=\"true\"><\/i><\/a><\/div><\/div><\/div><\/div><\/div>\n","protected":false},"excerpt":{"rendered":"","protected":false},"author":1,"featured_media":0,"parent":3874,"menu_order":0,"comment_status":"closed","ping_status":"closed","template":"100-width.php","meta":{"_ayudawp_aiss_exclude":false,"footnotes":""},"class_list":["post-4247","page","type-page","status-publish","hentry"],"yoast_head":"<!-- This site is optimized with the Yoast SEO plugin v27.4 - https:\/\/yoast.com\/product\/yoast-seo-wordpress\/ -->\n<title>Centro de forma\u00e7\u00e3o ou de aprendizagem - Alumni.space<\/title>\n<meta name=\"robots\" content=\"index, follow, max-snippet:-1, max-image-preview:large, max-video-preview:-1\" \/>\n<link rel=\"canonical\" href=\"https:\/\/www.alumni.space\/pt-pt\/quem-es-tu\/centro-de-formacao-ou-de-aprendizagem\/\" \/>\n<meta property=\"og:locale\" content=\"pt_PT\" \/>\n<meta property=\"og:type\" content=\"article\" \/>\n<meta property=\"og:title\" content=\"Centro de forma\u00e7\u00e3o ou de aprendizagem - Alumni.space\" \/>\n<meta property=\"og:url\" content=\"https:\/\/www.alumni.space\/pt-pt\/quem-es-tu\/centro-de-formacao-ou-de-aprendizagem\/\" \/>\n<meta property=\"og:site_name\" content=\"Alumni.space\" \/>\n<meta property=\"article:modified_time\" content=\"2026-03-26T12:01:09+00:00\" \/>\n<meta name=\"twitter:card\" content=\"summary_large_image\" \/>\n<meta name=\"twitter:label1\" content=\"Tempo estimado de leitura\" \/>\n\t<meta name=\"twitter:data1\" content=\"21 minutos\" \/>\n<script type=\"application\/ld+json\" class=\"yoast-schema-graph\">{\"@context\":\"https:\\\/\\\/schema.org\",\"@graph\":[{\"@type\":\"WebPage\",\"@id\":\"https:\\\/\\\/www.alumni.space\\\/pt-pt\\\/quem-es-tu\\\/centro-de-formacao-ou-de-aprendizagem\\\/\",\"url\":\"https:\\\/\\\/www.alumni.space\\\/pt-pt\\\/quem-es-tu\\\/centro-de-formacao-ou-de-aprendizagem\\\/\",\"name\":\"Centro de forma\u00e7\u00e3o ou de aprendizagem - Alumni.space\",\"isPartOf\":{\"@id\":\"https:\\\/\\\/www.alumni.space\\\/pt-pt\\\/#website\"},\"datePublished\":\"2025-05-16T15:05:22+00:00\",\"dateModified\":\"2026-03-26T12:01:09+00:00\",\"breadcrumb\":{\"@id\":\"https:\\\/\\\/www.alumni.space\\\/pt-pt\\\/quem-es-tu\\\/centro-de-formacao-ou-de-aprendizagem\\\/#breadcrumb\"},\"inLanguage\":\"pt-PT\",\"potentialAction\":[{\"@type\":\"ReadAction\",\"target\":[\"https:\\\/\\\/www.alumni.space\\\/pt-pt\\\/quem-es-tu\\\/centro-de-formacao-ou-de-aprendizagem\\\/\"]}]},{\"@type\":\"BreadcrumbList\",\"@id\":\"https:\\\/\\\/www.alumni.space\\\/pt-pt\\\/quem-es-tu\\\/centro-de-formacao-ou-de-aprendizagem\\\/#breadcrumb\",\"itemListElement\":[{\"@type\":\"ListItem\",\"position\":1,\"name\":\"Home\",\"item\":\"https:\\\/\\\/www.alumni.space\\\/pt-pt\\\/plataforma-de-gestao-de-mentores-e-antigos-alunos\\\/\"},{\"@type\":\"ListItem\",\"position\":2,\"name\":\"Quem \u00e9s tu?\",\"item\":\"https:\\\/\\\/www.alumni.space\\\/pt-pt\\\/quem-es-tu\\\/\"},{\"@type\":\"ListItem\",\"position\":3,\"name\":\"Centro de forma\u00e7\u00e3o ou de aprendizagem\"}]},{\"@type\":\"WebSite\",\"@id\":\"https:\\\/\\\/www.alumni.space\\\/pt-pt\\\/#website\",\"url\":\"https:\\\/\\\/www.alumni.space\\\/pt-pt\\\/\",\"name\":\"Alumni.space\",\"description\":\"My WordPress Blog\",\"potentialAction\":[{\"@type\":\"SearchAction\",\"target\":{\"@type\":\"EntryPoint\",\"urlTemplate\":\"https:\\\/\\\/www.alumni.space\\\/pt-pt\\\/?s={search_term_string}\"},\"query-input\":{\"@type\":\"PropertyValueSpecification\",\"valueRequired\":true,\"valueName\":\"search_term_string\"}}],\"inLanguage\":\"pt-PT\"}]}<\/script>\n<!-- \/ Yoast SEO plugin. -->","yoast_head_json":{"title":"Centro de forma\u00e7\u00e3o ou de aprendizagem - Alumni.space","robots":{"index":"index","follow":"follow","max-snippet":"max-snippet:-1","max-image-preview":"max-image-preview:large","max-video-preview":"max-video-preview:-1"},"canonical":"https:\/\/www.alumni.space\/pt-pt\/quem-es-tu\/centro-de-formacao-ou-de-aprendizagem\/","og_locale":"pt_PT","og_type":"article","og_title":"Centro de forma\u00e7\u00e3o ou de aprendizagem - Alumni.space","og_url":"https:\/\/www.alumni.space\/pt-pt\/quem-es-tu\/centro-de-formacao-ou-de-aprendizagem\/","og_site_name":"Alumni.space","article_modified_time":"2026-03-26T12:01:09+00:00","twitter_card":"summary_large_image","twitter_misc":{"Tempo estimado de leitura":"21 minutos"},"schema":{"@context":"https:\/\/schema.org","@graph":[{"@type":"WebPage","@id":"https:\/\/www.alumni.space\/pt-pt\/quem-es-tu\/centro-de-formacao-ou-de-aprendizagem\/","url":"https:\/\/www.alumni.space\/pt-pt\/quem-es-tu\/centro-de-formacao-ou-de-aprendizagem\/","name":"Centro de forma\u00e7\u00e3o ou de aprendizagem - Alumni.space","isPartOf":{"@id":"https:\/\/www.alumni.space\/pt-pt\/#website"},"datePublished":"2025-05-16T15:05:22+00:00","dateModified":"2026-03-26T12:01:09+00:00","breadcrumb":{"@id":"https:\/\/www.alumni.space\/pt-pt\/quem-es-tu\/centro-de-formacao-ou-de-aprendizagem\/#breadcrumb"},"inLanguage":"pt-PT","potentialAction":[{"@type":"ReadAction","target":["https:\/\/www.alumni.space\/pt-pt\/quem-es-tu\/centro-de-formacao-ou-de-aprendizagem\/"]}]},{"@type":"BreadcrumbList","@id":"https:\/\/www.alumni.space\/pt-pt\/quem-es-tu\/centro-de-formacao-ou-de-aprendizagem\/#breadcrumb","itemListElement":[{"@type":"ListItem","position":1,"name":"Home","item":"https:\/\/www.alumni.space\/pt-pt\/plataforma-de-gestao-de-mentores-e-antigos-alunos\/"},{"@type":"ListItem","position":2,"name":"Quem \u00e9s tu?","item":"https:\/\/www.alumni.space\/pt-pt\/quem-es-tu\/"},{"@type":"ListItem","position":3,"name":"Centro de forma\u00e7\u00e3o ou de aprendizagem"}]},{"@type":"WebSite","@id":"https:\/\/www.alumni.space\/pt-pt\/#website","url":"https:\/\/www.alumni.space\/pt-pt\/","name":"Alumni.space","description":"My WordPress Blog","potentialAction":[{"@type":"SearchAction","target":{"@type":"EntryPoint","urlTemplate":"https:\/\/www.alumni.space\/pt-pt\/?s={search_term_string}"},"query-input":{"@type":"PropertyValueSpecification","valueRequired":true,"valueName":"search_term_string"}}],"inLanguage":"pt-PT"}]}},"_links":{"self":[{"href":"https:\/\/www.alumni.space\/pt-pt\/wp-json\/wp\/v2\/pages\/4247","targetHints":{"allow":["GET"]}}],"collection":[{"href":"https:\/\/www.alumni.space\/pt-pt\/wp-json\/wp\/v2\/pages"}],"about":[{"href":"https:\/\/www.alumni.space\/pt-pt\/wp-json\/wp\/v2\/types\/page"}],"author":[{"embeddable":true,"href":"https:\/\/www.alumni.space\/pt-pt\/wp-json\/wp\/v2\/users\/1"}],"replies":[{"embeddable":true,"href":"https:\/\/www.alumni.space\/pt-pt\/wp-json\/wp\/v2\/comments?post=4247"}],"version-history":[{"count":2,"href":"https:\/\/www.alumni.space\/pt-pt\/wp-json\/wp\/v2\/pages\/4247\/revisions"}],"predecessor-version":[{"id":4289,"href":"https:\/\/www.alumni.space\/pt-pt\/wp-json\/wp\/v2\/pages\/4247\/revisions\/4289"}],"up":[{"embeddable":true,"href":"https:\/\/www.alumni.space\/pt-pt\/wp-json\/wp\/v2\/pages\/3874"}],"wp:attachment":[{"href":"https:\/\/www.alumni.space\/pt-pt\/wp-json\/wp\/v2\/media?parent=4247"}],"curies":[{"name":"wp","href":"https:\/\/api.w.org\/{rel}","templated":true}]}}