{"id":4230,"date":"2025-05-16T15:05:35","date_gmt":"2025-05-16T15:05:35","guid":{"rendered":"https:\/\/www.alumni.space\/quem-es-tu\/associacao\/"},"modified":"2026-03-26T12:01:09","modified_gmt":"2026-03-26T12:01:09","slug":"associacao","status":"publish","type":"page","link":"https:\/\/www.alumni.space\/pt-pt\/quem-es-tu\/associacao\/","title":{"rendered":"Associa\u00e7\u00e3o"},"content":{"rendered":"<div class=\"fusion-fullwidth fullwidth-box fusion-builder-row-1 fusion-flex-container has-pattern-background has-mask-background nonhundred-percent-fullwidth non-hundred-percent-height-scrolling\" style=\"--awb-background-position:left top;--awb-border-sizes-top:0px;--awb-border-sizes-bottom:0px;--awb-border-sizes-left:0px;--awb-border-sizes-right:0px;--awb-border-radius-top-left:0px;--awb-border-radius-top-right:0px;--awb-border-radius-bottom-right:0px;--awb-border-radius-bottom-left:0px;--awb-padding-top:130px;--awb-padding-bottom:130px;--awb-padding-top-medium:90px;--awb-padding-bottom-medium:90px;--awb-margin-bottom-medium:0px;--awb-background-color:var(--awb-color1);--awb-flex-wrap:wrap;\" ><div class=\"fusion-builder-row fusion-row fusion-flex-align-items-flex-start fusion-flex-justify-content-flex-end fusion-flex-content-wrap\" style=\"max-width:calc( 1200px + 80px );margin-left: calc(-80px \/ 2 );margin-right: calc(-80px \/ 2 );\"><div class=\"fusion-layout-column fusion_builder_column fusion-builder-column-0 fusion_builder_column_3_5 3_5 fusion-flex-column fusion-column-no-min-height fusion-animated\" style=\"--awb-padding-right-medium:0px;--awb-padding-left-medium:0px;--awb-bg-blend:overlay;--awb-bg-size:cover;--awb-width-large:60%;--awb-margin-top-large:0px;--awb-spacing-right-large:calc( 0.13333333333333 * calc( 100% - 80px ) );--awb-margin-bottom-large:90px;--awb-spacing-left-large:40px;--awb-width-medium:50%;--awb-spacing-right-medium:calc( 0.16 * calc( 100% - 80px ) );--awb-margin-bottom-medium:49px;--awb-spacing-left-medium:40px;--awb-width-small:100%;--awb-spacing-right-small:40px;--awb-margin-bottom-small:0px;--awb-spacing-left-small:40px;\" data-animationType=\"fadeIn\" data-animationDuration=\"0.8\" data-animationOffset=\"top-into-view\"><div class=\"fusion-column-wrapper fusion-flex-justify-content-flex-start fusion-content-layout-column\"><div class=\"fusion-title title fusion-title-1 fusion-sep-none fusion-title-text fusion-title-size-three\" style=\"--awb-margin-bottom:0px;--awb-margin-top-small:10px;--awb-margin-right-small:0px;--awb-margin-bottom-small:10px;--awb-margin-left-small:0px;\"><h3 class=\"fusion-title-heading title-heading-left\" style=\"margin:0;\">Para uma associa\u00e7\u00e3o, o desafio j\u00e1 n\u00e3o se limita \u00e0 organiza\u00e7\u00e3o das actividades.<\/h3><\/div><\/div><\/div><div class=\"fusion-layout-column fusion_builder_column fusion-builder-column-1 fusion_builder_column_2_5 2_5 fusion-flex-column fusion-column-no-min-height fusion-animated\" style=\"--awb-padding-right-medium:0px;--awb-padding-left-medium:0px;--awb-bg-blend:overlay;--awb-bg-size:cover;--awb-width-large:40%;--awb-margin-top-large:0px;--awb-spacing-right-large:40px;--awb-margin-bottom-large:90px;--awb-spacing-left-large:calc( 0.04 * calc( 100% - 80px ) );--awb-width-medium:50%;--awb-spacing-right-medium:40px;--awb-margin-bottom-medium:49px;--awb-spacing-left-medium:calc( 0.032 * calc( 100% - 80px ) );--awb-width-small:100%;--awb-spacing-right-small:40px;--awb-margin-bottom-small:30px;--awb-spacing-left-small:40px;\" data-animationType=\"fadeIn\" data-animationDuration=\"0.8\" data-animationOffset=\"top-into-view\"><div class=\"fusion-column-wrapper fusion-flex-justify-content-flex-start fusion-content-layout-column\"><div class=\"fusion-separator fusion-full-width-sep\" style=\"align-self: center;margin-left: auto;margin-right: auto;margin-top:15px;width:100%;\"><\/div><div class=\"fusion-text fusion-text-1 fusion-text-no-margin\" style=\"--awb-text-color:hsla(var(--awb-color8-h),var(--awb-color8-s),var(--awb-color8-l),calc(var(--awb-color8-a) - 20%));--awb-margin-bottom:10px;\"><p>Tens de manter os la\u00e7os com os teus membros, fidelizar os teus volunt\u00e1rios, assegurar o teu financiamento, prestar contas aos teus parceiros p\u00fablicos e privados e mostrar o impacto real das tuas ac\u00e7\u00f5es no terreno.<\/p>\n<p>A plataforma alumni.space oferece-te um espa\u00e7o \u00fanico para reunir membros, volunt\u00e1rios, antigos membros, dirigentes, funcion\u00e1rios e parceiros. Torna-se o ponto de encontro para a vida associativa, o envolvimento c\u00edvico, eventos, campanhas e oportunidades de participa\u00e7\u00e3o.<\/p>\n<\/div><\/div><\/div><div class=\"fusion-layout-column fusion_builder_column fusion-builder-column-2 fusion_builder_column_1_1 1_1 fusion-flex-column fusion-animated\" style=\"--awb-bg-position:center center;--awb-bg-size:cover;--awb-width-large:100%;--awb-margin-top-large:0px;--awb-spacing-right-large:40px;--awb-margin-bottom-large:20px;--awb-spacing-left-large:40px;--awb-width-medium:100%;--awb-order-medium:0;--awb-spacing-right-medium:40px;--awb-spacing-left-medium:40px;--awb-width-small:100%;--awb-order-small:0;--awb-spacing-right-small:40px;--awb-margin-bottom-small:60px;--awb-spacing-left-small:40px;\" data-animationType=\"fadeInUp\" data-animationDuration=\"0.8\" data-animationOffset=\"top-into-view\" data-scroll-devices=\"small-visibility,medium-visibility,large-visibility\"><div class=\"fusion-column-wrapper fusion-column-has-shadow fusion-flex-justify-content-flex-start fusion-content-layout-column\"><div class=\"fusion-image-element \" style=\"--awb-caption-title-font-family:var(--h2_typography-font-family);--awb-caption-title-font-weight:var(--h2_typography-font-weight);--awb-caption-title-font-style:var(--h2_typography-font-style);--awb-caption-title-size:var(--h2_typography-font-size);--awb-caption-title-transform:var(--h2_typography-text-transform);--awb-caption-title-line-height:var(--h2_typography-line-height);--awb-caption-title-letter-spacing:var(--h2_typography-letter-spacing);\"><span class=\" fusion-imageframe imageframe-none imageframe-1 hover-type-none\"><img decoding=\"async\" width=\"1200\" height=\"818\" title=\"associa\u00e7\u00e3o\" src=\"https:\/\/www.alumni.space\/wp-content\/uploads\/2025\/12\/assciation.jpg\" data-orig-src=\"https:\/\/www.alumni.space\/wp-content\/uploads\/2025\/12\/assciation.jpg\" alt class=\"lazyload img-responsive wp-image-4232\" srcset=\"data:image\/svg+xml,%3Csvg%20xmlns%3D%27http%3A%2F%2Fwww.w3.org%2F2000%2Fsvg%27%20width%3D%271200%27%20height%3D%27818%27%20viewBox%3D%270%200%201200%20818%27%3E%3Crect%20width%3D%271200%27%20height%3D%27818%27%20fill-opacity%3D%220%22%2F%3E%3C%2Fsvg%3E\" data-srcset=\"https:\/\/www.alumni.space\/wp-content\/uploads\/2025\/12\/assciation-200x136.jpg 200w, https:\/\/www.alumni.space\/wp-content\/uploads\/2025\/12\/assciation-400x273.jpg 400w, https:\/\/www.alumni.space\/wp-content\/uploads\/2025\/12\/assciation-600x409.jpg 600w, https:\/\/www.alumni.space\/wp-content\/uploads\/2025\/12\/assciation-800x545.jpg 800w, https:\/\/www.alumni.space\/wp-content\/uploads\/2025\/12\/assciation.jpg 1200w\" data-sizes=\"auto\" data-orig-sizes=\"(max-width: 700px) 100vw, 1200px\" \/><\/span><\/div><\/div><\/div><div class=\"fusion-layout-column fusion_builder_column fusion-builder-column-3 fusion_builder_column_1_1 1_1 fusion-flex-column\" style=\"--awb-bg-size:cover;--awb-width-large:100%;--awb-margin-top-large:0px;--awb-spacing-right-large:40px;--awb-margin-bottom-large:0px;--awb-spacing-left-large:40px;--awb-width-medium:100%;--awb-order-medium:0;--awb-spacing-right-medium:40px;--awb-spacing-left-medium:40px;--awb-width-small:100%;--awb-order-small:0;--awb-spacing-right-small:40px;--awb-spacing-left-small:40px;\"><div class=\"fusion-column-wrapper fusion-column-has-shadow fusion-flex-justify-content-flex-start fusion-content-layout-column\"><div class=\"fusion-text fusion-text-2\"><h2>Um contexto sob press\u00e3o: voluntariado, financiamento e la\u00e7os sociais<\/h2>\n<p>Existem entre 1,4 e 1,5 milh\u00f5es de associa\u00e7\u00f5es activas em Fran\u00e7a, das quais 154.000 s\u00e3o empregadoras, empregando 1,9 milh\u00f5es de pessoas, ou seja, cerca de 9% dos empregos do sector privado.  <a href=\"https:\/\/www.associations.gouv.fr\/la-france-associative-en-mouvement-2024?utm_source=chatgpt.com\">Associa\u00e7\u00f5es.gouv+1<\/a><\/p>\n<p>Estudos recentes mostram que as organiza\u00e7\u00f5es de voluntariado est\u00e3o no centro da coes\u00e3o social, mas que t\u00eam dificuldade em recrutar volunt\u00e1rios num contexto de necessidades crescentes e de press\u00f5es or\u00e7amentais. Em 2025, 21% dos franceses afirmaram que estariam envolvidos em actividades de voluntariado, mas o recrutamento continua a ser dif\u00edcil e o tempo dispon\u00edvel est\u00e1 a diminuir, especialmente entre os reformados. <\/p>\n<p>Ao mesmo tempo, 74% dos franceses consideram que as organiza\u00e7\u00f5es de voluntariado desempenham um papel ativo na manuten\u00e7\u00e3o da coes\u00e3o social e 78% consideram que estas desempenham fun\u00e7\u00f5es que nem o Estado nem as empresas desempenham.<\/p>\n<p>Consequentemente, as tuas equipas t\u00eam de fazer mais, por vezes com recursos limitados. Da\u00ed a import\u00e2ncia de uma ferramenta que estruture a comunidade, promova o compromisso, facilite a mobiliza\u00e7\u00e3o e demonstre o teu impacto em termos concretos. <\/p>\n<h2>O que o alumni.space te oferece em termos de associa\u00e7\u00f5es<\/h2>\n<p>Alumni.space \u00e9 uma solu\u00e7\u00e3o chave na m\u00e3o de gest\u00e3o comunit\u00e1ria e de tutoria para associa\u00e7\u00f5es de todos os tipos: solidariedade, desporto, cultura, ambiente, educa\u00e7\u00e3o popular, patrim\u00f3nio, ONG, etc.<\/p>\n<p>Permite-te transformar uma rede dispersa numa comunidade organizada. Em termos pr\u00e1ticos, a plataforma ajuda-te a : <\/p>\n<ul>\n<li>gerir uma rede de membros, volunt\u00e1rios, antigos alunos e apoiantes em torno de eventos, not\u00edcias e projectos;<\/li>\n<li>destacar as tuas ac\u00e7\u00f5es e o teu impacto junto dos teus membros, doadores e parceiros p\u00fablicos e privados;<\/li>\n<li>fornecer aos gestores, empregados, diretores e volunt\u00e1rios uma ferramenta comum de monitoriza\u00e7\u00e3o e lideran\u00e7a.<\/li>\n<\/ul>\n<h2>Aumentar o valor das tuas ac\u00e7\u00f5es e o impacto da tua associa\u00e7\u00e3o<\/h2>\n<p>Os estudos sobre a vida das organiza\u00e7\u00f5es de voluntariado sublinham que estas representam um peso econ\u00f3mico significativo e t\u00eam um impacto social importante, mas que o seu trabalho \u00e9 frequentemente pouco documentado e pouco vis\u00edvel fora dos c\u00edrculos militantes.<\/p>\n<p>Com o alumni.space, disp\u00f5es de um espa\u00e7o dedicado para apresentar os teus projectos, as tuas realiza\u00e7\u00f5es e as carreiras das pessoas envolvidas. Podes estruturar as tuas informa\u00e7\u00f5es por temas (solidariedade, cultura, desporto, ambiente, bairro, etc.), associar as tuas ac\u00e7\u00f5es a testemunhos de volunt\u00e1rios, benefici\u00e1rios e parceiros e documentar melhor os teus resultados para os teus relat\u00f3rios de actividades, pedidos de subven\u00e7\u00f5es ou campanhas de patroc\u00ednio. <\/p>\n<p>Para a Comiss\u00e3o Executiva e o Conselho de Administra\u00e7\u00e3o, a plataforma torna-se uma ferramenta operacional para ilustrar os teus benef\u00edcios sociais em termos concretos, para al\u00e9m dos indicadores financeiros.<\/p>\n<h2>Fazer dos teus eventos um sucesso e mobilizar as pessoas para os teus destaques<\/h2>\n<p>Os eventos s\u00e3o o cora\u00e7\u00e3o de muitas associa\u00e7\u00f5es: AGMs, reuni\u00f5es de volunt\u00e1rios, ac\u00e7\u00f5es de base, eventos de caridade, torneios desportivos, festivais, confer\u00eancias, dias abertos, recolhas e campanhas.<\/p>\n<p>O Alumni.space inclui a gest\u00e3o de eventos com registo em linha e, se necess\u00e1rio, emiss\u00e3o de bilhetes. Podes segmentar os teus convites de acordo com o tipo de membro (membros, volunt\u00e1rios, doadores, parceiros), territ\u00f3rio, \u00e1rea de interesse ou n\u00edvel de envolvimento. <\/p>\n<p>Para a associa\u00e7\u00e3o, \u00e9 uma forma de centralizar as inscri\u00e7\u00f5es, as listas de participantes e as comunica\u00e7\u00f5es, ao mesmo tempo que d\u00e1 aos membros e apoiantes uma vis\u00e3o clara dos teus eventos, incluindo os organizados localmente pelas tuas filiais, sec\u00e7\u00f5es ou clubes.<\/p>\n<h2>Refor\u00e7ar a comunica\u00e7\u00e3o da associa\u00e7\u00e3o com os membros, volunt\u00e1rios e parceiros<\/h2>\n<p>Uma associa\u00e7\u00e3o viva \u00e9 uma associa\u00e7\u00e3o vis\u00edvel. No entanto, muitas equipas de activistas lutam para tornar as suas ac\u00e7\u00f5es vis\u00edveis para al\u00e9m de uma p\u00e1gina no Facebook, um boletim informativo ou alguns cartazes. <\/p>\n<p>Com o alumni.space, beneficia de ferramentas concebidas para manter a liga\u00e7\u00e3o ao longo do tempo:<\/p>\n<ul>\n<li>uma \u00e1rea de not\u00edcias para a associa\u00e7\u00e3o e os grupos locais, para transmitir as tuas campanhas, convites a volunt\u00e1rios, hist\u00f3rias de sucesso e comunicados de imprensa;<\/li>\n<li>uma biblioteca de documentos, para centralizar estatutos, relat\u00f3rios de actividades, cartas, guias de volunt\u00e1rios, ferramentas de comunica\u00e7\u00e3o, materiais de forma\u00e7\u00e3o e kits de activistas;<\/li>\n<li>feeds de informa\u00e7\u00e3o que destacam conte\u00fados aprofundados (dossi\u00eas tem\u00e1ticos, defesa de interesses, vigil\u00e2ncia do sector) \u00fateis para os membros e gestores;<\/li>\n<li>uma rede social interna onde as pessoas envolvidas podem partilhar coment\u00e1rios, ideias de projectos, necessidades de apoio e melhores pr\u00e1ticas, e onde podes identificar estafetas locais e futuros administradores.<\/li>\n<\/ul>\n<p>Desta forma, refor\u00e7a a compreens\u00e3o dos seus objectivos, d\u00e1 visibilidade ao trabalho das suas equipas no terreno e facilita a renova\u00e7\u00e3o dos gestores.<\/p>\n<h2>Apoiar a mobiliza\u00e7\u00e3o, o voluntariado e a coopta\u00e7\u00e3o no mesmo espa\u00e7o<\/h2>\n<p>O voluntariado est\u00e1 a evoluir para formas mais ad hoc e flex\u00edveis, com um aumento dos compromissos &#8220;\u00e0 la carte&#8221;. Os bar\u00f3metros do voluntariado revelam simultaneamente um grande potencial e uma dificuldade crescente em recrutar e manter volunt\u00e1rios de longa dura\u00e7\u00e3o. <\/p>\n<p>Alumni.space disp\u00f5e de um quadro de empregos interno e de funcionalidades de coopta\u00e7\u00e3o para publicitar as tuas necessidades de envolvimento: voluntariado regular, tarefas pontuais, ajuda num evento, responsabilidades associativas, lugares no conselho de administra\u00e7\u00e3o, grupos de trabalho, projectos participativos.<\/p>\n<p>Para uma associa\u00e7\u00e3o, isto significa ajudar cada pessoa a encontrar uma forma de compromisso que se adeq\u00fae ao seu tempo dispon\u00edvel, mobilizar antigos volunt\u00e1rios e membros durante campanhas chave e documentar o papel da rede nos teus sucessos.<\/p>\n<p>Este mesmo espa\u00e7o pode ser utilizado para tarefas espec\u00edficas (comunica\u00e7\u00e3o, angaria\u00e7\u00e3o de fundos, apoio aos benefici\u00e1rios, ac\u00e7\u00f5es judiciais, apoio a pessoas isoladas) relacionadas com os teus projectos.<\/p>\n<h2>Apoia as tuas iniciativas c\u00edvicas, de solidariedade e intergeracionais<\/h2>\n<p>As associa\u00e7\u00f5es s\u00e3o reconhecidas como actores importantes da coes\u00e3o social, da participa\u00e7\u00e3o c\u00edvica e da solidariedade local, sobretudo nos bairros populares e nas zonas rurais.<\/p>\n<p>O Alumni.space inclui v\u00e1rios blocos de constru\u00e7\u00e3o que refor\u00e7am este aspeto:<\/p>\n<ul>\n<li>Um di\u00e1rio dos factos mais marcantes da comunidade (ac\u00e7\u00f5es not\u00e1veis, campanhas bem sucedidas, mobiliza\u00e7\u00f5es de cidad\u00e3os, hist\u00f3rias de benefici\u00e1rios, homenagens a personalidades importantes da comunidade) para real\u00e7ar as experi\u00eancias e os compromissos das pessoas;<\/li>\n<li>um espa\u00e7o dedicado \u00e0s iniciativas comunit\u00e1rias e c\u00edvicas, permitindo aos membros, volunt\u00e1rios, residentes e parceiros envolverem-se em iniciativas com impacto (ajuda alimentar, apoio escolar, cultura, ambiente, patrim\u00f3nio, etc.);<\/li>\n<li>eventos intergeracionais que re\u00fanem jovens volunt\u00e1rios, antigos activistas, benefici\u00e1rios, eleitos locais e parceiros institucionais.<\/li>\n<\/ul>\n<p>Desta forma, podes tornar os teus compromissos mais vis\u00edveis, refor\u00e7ar a tua defesa e apoiar as tuas iniciativas de responsabilidade social empresarial e de educa\u00e7\u00e3o popular.<\/p>\n<h2>Carater\u00edsticas concebidas para gestores, empregados e volunt\u00e1rios chave<\/h2>\n<p>Al\u00e9m de ser de f\u00e1cil utiliza\u00e7\u00e3o, o alumni.space funciona como uma verdadeira ferramenta de gest\u00e3o para os gabinetes, os conselhos de administra\u00e7\u00e3o, as equipas assalariadas e os volunt\u00e1rios respons\u00e1veis. Em particular, a plataforma permite <\/p>\n<ul>\n<li><strong>Perfis melhorados e rede social interna<\/strong><br \/>\nCada membro tem um perfil (tipo de compromisso, compet\u00eancias, interesses, localiza\u00e7\u00e3o, antiguidade). Isto facilita a identifica\u00e7\u00e3o de volunt\u00e1rios de recursos, contactos locais, porta-vozes e futuros administradores. <\/li>\n<li><strong>Segmenta\u00e7\u00e3o por sucursais, projectos e territ\u00f3rios<\/strong><br \/>\nPodes segmentar as tuas comunica\u00e7\u00f5es e convites por sucursal local, projeto, tema ou territ\u00f3rio, tornando cada mensagem mais relevante e reduzindo a satura\u00e7\u00e3o da caixa de correio.<\/li>\n<li><strong>Espa\u00e7os tem\u00e1ticos para os teus grupos e campanhas<\/strong><br \/>\nGrupos de trabalho, campanhas nacionais, projectos locais, colectivos parceiros: cada grupo pode ter o seu pr\u00f3prio espa\u00e7o para publicar, partilhar e organizar as suas actividades num quadro comum.<\/li>\n<li><strong>Estat\u00edsticas de utiliza\u00e7\u00e3o e envolvimento<\/strong><br \/>\nOs dados de utiliza\u00e7\u00e3o do s\u00edtio permitem-te acompanhar a din\u00e2mica de diferentes comunidades, medir o impacto dos teus eventos e campanhas e alimentar os teus relat\u00f3rios de actividades, pedidos de subs\u00eddios e documentos estrat\u00e9gicos.<\/li>\n<li><strong>Indexa\u00e7\u00e3o controlada e coer\u00eancia com o seu ecossistema digital<\/strong><br \/>\nMant\u00e9m o controlo sobre a visibilidade p\u00fablica dos conte\u00fados, pelo que pode ligar a plataforma ao seu site de empresa, \u00e0s suas redes sociais e \u00e0s suas ferramentas de gest\u00e3o, sem dispersar a informa\u00e7\u00e3o ou expor dados sens\u00edveis.<\/li>\n<\/ul>\n<h2>Uma solu\u00e7\u00e3o simples para integrar na tua organiza\u00e7\u00e3o<\/h2>\n<p>Muitas associa\u00e7\u00f5es j\u00e1 fazem malabarismos com v\u00e1rias ferramentas: um s\u00edtio Web de exposi\u00e7\u00e3o, redes sociais, listas de correio, folhas de c\u00e1lculo, plataformas de recolha de donativos, CRM ou software de gest\u00e3o de membros. Acrescentar uma camada t\u00e9cnica pesada n\u00e3o \u00e9 desej\u00e1vel nem realista para equipas que, muitas vezes, t\u00eam uma dimens\u00e3o limitada. <\/p>\n<p>O Alumni.space oferece um modelo claro: uma plataforma dedicada \u00e0 comunidade, ao envolvimento e ao mentoring, que pode ser interligada com a sua comunica\u00e7\u00e3o e ferramentas existentes, sem lan\u00e7ar um projeto inform\u00e1tico complexo. As an\u00e1lises da vida associativa mostram que um tecido associativo estruturado e vis\u00edvel \u00e9 um trunfo para obter financiamento, atrair volunt\u00e1rios e refor\u00e7ar a confian\u00e7a dos parceiros. <\/p>\n<p>Para as tuas equipas, \u00e9 uma oportunidade de profissionalizar o funcionamento da comunidade, sem sobrecarregar os volunt\u00e1rios ou os servi\u00e7os de apoio.<\/p>\n<h2>O que ganhas com a associa\u00e7\u00e3o<\/h2>\n<p>Ao estruturar a tua comunidade de membros, volunt\u00e1rios, antigos alunos e parceiros atrav\u00e9s do alumni.space, transformas a tua rede num ativo estrat\u00e9gico sustent\u00e1vel. Em termos concretos, podes : <\/p>\n<ul>\n<li>Refor\u00e7ar o envolvimento e a participa\u00e7\u00e3o dos volunt\u00e1rios atrav\u00e9s de uma comunidade vis\u00edvel, ativa e bem equipada;<\/li>\n<li>aumentar a visibilidade das tuas ac\u00e7\u00f5es e do teu impacto junto dos membros, dos doadores, das autoridades locais e dos parceiros privados;<\/li>\n<li>facilitar a renova\u00e7\u00e3o das equipas, dos \u00f3rg\u00e3os de gest\u00e3o e das responsabilidades, tornando mais claros os percursos profissionais;<\/li>\n<li>D\u00e1 uma nova profundidade \u00e0s tuas iniciativas comunit\u00e1rias, solid\u00e1rias e culturais, envolvendo os teus diferentes p\u00fablicos;<\/li>\n<li>dar coer\u00eancia global \u00e0s suas ac\u00e7\u00f5es no terreno, \u00e0 comunica\u00e7\u00e3o, \u00e0 defesa de causas, ao financiamento e \u00e0 governa\u00e7\u00e3o.<\/li>\n<\/ul>\n<h2>Pr\u00f3xima etapa: adaptar a plataforma \u00e0 tua associa\u00e7\u00e3o<\/h2>\n<p>Cada associa\u00e7\u00e3o tem a sua pr\u00f3pria realidade: dimens\u00e3o, dom\u00ednios de a\u00e7\u00e3o, presen\u00e7a territorial, peso do voluntariado, n\u00famero de empregados, modelo econ\u00f3mico, rela\u00e7\u00f5es com as colectividades locais e patrocinadores. O objetivo n\u00e3o \u00e9 acrescentar mais uma ferramenta, mas estruturar o que j\u00e1 existe e alinh\u00e1-lo com as tuas prioridades. <\/p>\n<p>Podes construir sobre esta base de tr\u00eas maneiras:<\/p>\n<ol>\n<li>Esclarece a tua estrat\u00e9gia comunit\u00e1ria: que p\u00fablicos (membros, volunt\u00e1rios, antigos alunos, doadores, residentes, parceiros), que comunidades priorit\u00e1rias e que casos de utiliza\u00e7\u00e3o (mobiliza\u00e7\u00e3o, defesa de causas, governa\u00e7\u00e3o, angaria\u00e7\u00e3o de fundos, projectos locais)?<\/li>\n<li>Formaliza um discurso de vendas simples para apresentar a plataforma ao teu conselho de administra\u00e7\u00e3o, \u00e0s tuas equipas, aos teus volunt\u00e1rios e aos teus parceiros, mostrando os benef\u00edcios para todos.<\/li>\n<li>Constr\u00f3i um plano de actividades para 12 meses (eventos, conte\u00fados, campanhas, ac\u00e7\u00f5es de voluntariado) para garantir que a comunidade se apropria da ferramenta e que cada a\u00e7\u00e3o da associa\u00e7\u00e3o deixa um rasto \u00fatil, mensur\u00e1vel e valioso nos teus relat\u00f3rios e balan\u00e7os.<\/li>\n<\/ol>\n<\/div><div ><a class=\"fusion-button button-flat fusion-button-default-size button-custom fusion-button-default button-1 fusion-button-default-span fusion-button-default-type\" style=\"--awb-margin-top:30px;--awb-margin-bottom:30px;--button_accent_color:var(--awb-color1);--button_accent_hover_color:var(--awb-color1);--button_border_hover_color:var(--awb-color1);--button_gradient_top_color:var(--awb-custom_color_2);--button_gradient_bottom_color:var(--awb-custom_color_2);--button_gradient_top_color_hover:var(--awb-custom_color_1);--button_gradient_bottom_color_hover:var(--awb-custom_color_1);--button_text_transform:uppercase;--button_font_size:20px;--button_line_height:var(--awb-typography4-line-height);--button_typography-letter-spacing:var(--awb-typography4-letter-spacing);--button_typography-font-family:&quot;Plus Jakarta Sans&quot;;--button_typography-font-style:normal;--button_typography-font-weight:700;\" target=\"_self\" href=\"https:\/\/www.alumni.space\/pt-pt\/contacto\/\"><span class=\"fusion-button-text awb-button__text awb-button__text--default\">Solicita uma marca\u00e7\u00e3o ou uma demonstra\u00e7\u00e3o<\/span><i class=\"fa-arrow-right fas awb-button__icon awb-button__icon--default button-icon-right\" aria-hidden=\"true\"><\/i><\/a><\/div><\/div><\/div><\/div><\/div>\n","protected":false},"excerpt":{"rendered":"","protected":false},"author":1,"featured_media":0,"parent":3874,"menu_order":0,"comment_status":"closed","ping_status":"closed","template":"100-width.php","meta":{"_ayudawp_aiss_exclude":false,"footnotes":""},"class_list":["post-4230","page","type-page","status-publish","hentry"],"yoast_head":"<!-- This site is optimized with the Yoast SEO plugin v27.4 - https:\/\/yoast.com\/product\/yoast-seo-wordpress\/ -->\n<title>Associa\u00e7\u00e3o - Alumni.space<\/title>\n<meta name=\"robots\" content=\"index, follow, max-snippet:-1, max-image-preview:large, max-video-preview:-1\" \/>\n<link rel=\"canonical\" href=\"https:\/\/www.alumni.space\/pt-pt\/quem-es-tu\/associacao\/\" \/>\n<meta property=\"og:locale\" content=\"pt_PT\" \/>\n<meta property=\"og:type\" content=\"article\" \/>\n<meta property=\"og:title\" content=\"Associa\u00e7\u00e3o - Alumni.space\" \/>\n<meta property=\"og:url\" content=\"https:\/\/www.alumni.space\/pt-pt\/quem-es-tu\/associacao\/\" \/>\n<meta property=\"og:site_name\" content=\"Alumni.space\" \/>\n<meta property=\"article:modified_time\" content=\"2026-03-26T12:01:09+00:00\" \/>\n<meta name=\"twitter:card\" content=\"summary_large_image\" \/>\n<meta name=\"twitter:label1\" content=\"Tempo estimado de leitura\" \/>\n\t<meta name=\"twitter:data1\" content=\"21 minutos\" \/>\n<script type=\"application\/ld+json\" class=\"yoast-schema-graph\">{\"@context\":\"https:\\\/\\\/schema.org\",\"@graph\":[{\"@type\":\"WebPage\",\"@id\":\"https:\\\/\\\/www.alumni.space\\\/pt-pt\\\/quem-es-tu\\\/associacao\\\/\",\"url\":\"https:\\\/\\\/www.alumni.space\\\/pt-pt\\\/quem-es-tu\\\/associacao\\\/\",\"name\":\"Associa\u00e7\u00e3o - Alumni.space\",\"isPartOf\":{\"@id\":\"https:\\\/\\\/www.alumni.space\\\/pt-pt\\\/#website\"},\"datePublished\":\"2025-05-16T15:05:35+00:00\",\"dateModified\":\"2026-03-26T12:01:09+00:00\",\"breadcrumb\":{\"@id\":\"https:\\\/\\\/www.alumni.space\\\/pt-pt\\\/quem-es-tu\\\/associacao\\\/#breadcrumb\"},\"inLanguage\":\"pt-PT\",\"potentialAction\":[{\"@type\":\"ReadAction\",\"target\":[\"https:\\\/\\\/www.alumni.space\\\/pt-pt\\\/quem-es-tu\\\/associacao\\\/\"]}]},{\"@type\":\"BreadcrumbList\",\"@id\":\"https:\\\/\\\/www.alumni.space\\\/pt-pt\\\/quem-es-tu\\\/associacao\\\/#breadcrumb\",\"itemListElement\":[{\"@type\":\"ListItem\",\"position\":1,\"name\":\"Home\",\"item\":\"https:\\\/\\\/www.alumni.space\\\/pt-pt\\\/plataforma-de-gestao-de-mentores-e-antigos-alunos\\\/\"},{\"@type\":\"ListItem\",\"position\":2,\"name\":\"Quem \u00e9s tu?\",\"item\":\"https:\\\/\\\/www.alumni.space\\\/pt-pt\\\/quem-es-tu\\\/\"},{\"@type\":\"ListItem\",\"position\":3,\"name\":\"Associa\u00e7\u00e3o\"}]},{\"@type\":\"WebSite\",\"@id\":\"https:\\\/\\\/www.alumni.space\\\/pt-pt\\\/#website\",\"url\":\"https:\\\/\\\/www.alumni.space\\\/pt-pt\\\/\",\"name\":\"Alumni.space\",\"description\":\"My WordPress Blog\",\"potentialAction\":[{\"@type\":\"SearchAction\",\"target\":{\"@type\":\"EntryPoint\",\"urlTemplate\":\"https:\\\/\\\/www.alumni.space\\\/pt-pt\\\/?s={search_term_string}\"},\"query-input\":{\"@type\":\"PropertyValueSpecification\",\"valueRequired\":true,\"valueName\":\"search_term_string\"}}],\"inLanguage\":\"pt-PT\"}]}<\/script>\n<!-- \/ Yoast SEO plugin. -->","yoast_head_json":{"title":"Associa\u00e7\u00e3o - Alumni.space","robots":{"index":"index","follow":"follow","max-snippet":"max-snippet:-1","max-image-preview":"max-image-preview:large","max-video-preview":"max-video-preview:-1"},"canonical":"https:\/\/www.alumni.space\/pt-pt\/quem-es-tu\/associacao\/","og_locale":"pt_PT","og_type":"article","og_title":"Associa\u00e7\u00e3o - Alumni.space","og_url":"https:\/\/www.alumni.space\/pt-pt\/quem-es-tu\/associacao\/","og_site_name":"Alumni.space","article_modified_time":"2026-03-26T12:01:09+00:00","twitter_card":"summary_large_image","twitter_misc":{"Tempo estimado de leitura":"21 minutos"},"schema":{"@context":"https:\/\/schema.org","@graph":[{"@type":"WebPage","@id":"https:\/\/www.alumni.space\/pt-pt\/quem-es-tu\/associacao\/","url":"https:\/\/www.alumni.space\/pt-pt\/quem-es-tu\/associacao\/","name":"Associa\u00e7\u00e3o - Alumni.space","isPartOf":{"@id":"https:\/\/www.alumni.space\/pt-pt\/#website"},"datePublished":"2025-05-16T15:05:35+00:00","dateModified":"2026-03-26T12:01:09+00:00","breadcrumb":{"@id":"https:\/\/www.alumni.space\/pt-pt\/quem-es-tu\/associacao\/#breadcrumb"},"inLanguage":"pt-PT","potentialAction":[{"@type":"ReadAction","target":["https:\/\/www.alumni.space\/pt-pt\/quem-es-tu\/associacao\/"]}]},{"@type":"BreadcrumbList","@id":"https:\/\/www.alumni.space\/pt-pt\/quem-es-tu\/associacao\/#breadcrumb","itemListElement":[{"@type":"ListItem","position":1,"name":"Home","item":"https:\/\/www.alumni.space\/pt-pt\/plataforma-de-gestao-de-mentores-e-antigos-alunos\/"},{"@type":"ListItem","position":2,"name":"Quem \u00e9s tu?","item":"https:\/\/www.alumni.space\/pt-pt\/quem-es-tu\/"},{"@type":"ListItem","position":3,"name":"Associa\u00e7\u00e3o"}]},{"@type":"WebSite","@id":"https:\/\/www.alumni.space\/pt-pt\/#website","url":"https:\/\/www.alumni.space\/pt-pt\/","name":"Alumni.space","description":"My WordPress Blog","potentialAction":[{"@type":"SearchAction","target":{"@type":"EntryPoint","urlTemplate":"https:\/\/www.alumni.space\/pt-pt\/?s={search_term_string}"},"query-input":{"@type":"PropertyValueSpecification","valueRequired":true,"valueName":"search_term_string"}}],"inLanguage":"pt-PT"}]}},"_links":{"self":[{"href":"https:\/\/www.alumni.space\/pt-pt\/wp-json\/wp\/v2\/pages\/4230","targetHints":{"allow":["GET"]}}],"collection":[{"href":"https:\/\/www.alumni.space\/pt-pt\/wp-json\/wp\/v2\/pages"}],"about":[{"href":"https:\/\/www.alumni.space\/pt-pt\/wp-json\/wp\/v2\/types\/page"}],"author":[{"embeddable":true,"href":"https:\/\/www.alumni.space\/pt-pt\/wp-json\/wp\/v2\/users\/1"}],"replies":[{"embeddable":true,"href":"https:\/\/www.alumni.space\/pt-pt\/wp-json\/wp\/v2\/comments?post=4230"}],"version-history":[{"count":11,"href":"https:\/\/www.alumni.space\/pt-pt\/wp-json\/wp\/v2\/pages\/4230\/revisions"}],"predecessor-version":[{"id":4284,"href":"https:\/\/www.alumni.space\/pt-pt\/wp-json\/wp\/v2\/pages\/4230\/revisions\/4284"}],"up":[{"embeddable":true,"href":"https:\/\/www.alumni.space\/pt-pt\/wp-json\/wp\/v2\/pages\/3874"}],"wp:attachment":[{"href":"https:\/\/www.alumni.space\/pt-pt\/wp-json\/wp\/v2\/media?parent=4230"}],"curies":[{"name":"wp","href":"https:\/\/api.w.org\/{rel}","templated":true}]}}