{"id":4153,"date":"2022-08-15T15:51:43","date_gmt":"2022-08-15T15:51:43","guid":{"rendered":"https:\/\/www.alumni.space\/noticias-e-recursos\/"},"modified":"2026-03-26T12:00:43","modified_gmt":"2026-03-26T12:00:43","slug":"noticias-e-recursos","status":"publish","type":"page","link":"https:\/\/www.alumni.space\/pt-pt\/noticias-e-recursos\/","title":{"rendered":"Not\u00edcias e recursos"},"content":{"rendered":"<div id=\"equipa\" class=\"fusion-container-anchor\"><div class=\"fusion-fullwidth fullwidth-box fusion-builder-row-1 fusion-flex-container has-pattern-background has-mask-background nonhundred-percent-fullwidth non-hundred-percent-height-scrolling\" style=\"--link_hover_color: var(--awb-color4);--link_color: var(--awb-color5);--awb-background-position:left top;--awb-border-sizes-top:0px;--awb-border-sizes-bottom:0px;--awb-border-sizes-left:0px;--awb-border-sizes-right:0px;--awb-border-radius-top-left:0px;--awb-border-radius-top-right:0px;--awb-border-radius-bottom-right:0px;--awb-border-radius-bottom-left:0px;--awb-padding-top:110px;--awb-padding-bottom:130px;--awb-padding-top-medium:90px;--awb-padding-bottom-medium:90px;--awb-margin-bottom-medium:0px;--awb-background-color:var(--awb-color1);--awb-flex-wrap:wrap;\" ><div class=\"fusion-builder-row fusion-row fusion-flex-align-items-flex-start fusion-flex-justify-content-center fusion-flex-content-wrap\" style=\"max-width:calc( 1200px + 80px );margin-left: calc(-80px \/ 2 );margin-right: calc(-80px \/ 2 );\"><div class=\"fusion-layout-column fusion_builder_column fusion-builder-column-0 fusion_builder_column_1_1 1_1 fusion-flex-column\" style=\"--awb-bg-size:cover;--awb-width-large:100%;--awb-margin-top-large:0px;--awb-spacing-right-large:40px;--awb-margin-bottom-large:60px;--awb-spacing-left-large:40px;--awb-width-medium:100%;--awb-order-medium:0;--awb-spacing-right-medium:40px;--awb-spacing-left-medium:40px;--awb-width-small:100%;--awb-order-small:0;--awb-spacing-right-small:40px;--awb-margin-bottom-small:40px;--awb-spacing-left-small:40px;\"><div class=\"fusion-column-wrapper fusion-column-has-shadow fusion-flex-justify-content-flex-start fusion-content-layout-column\"><div class=\"fusion-post-cards fusion-post-cards-1 fusion-delayed-animation fusion-grid-archive fusion-grid-columns-1 fusion-grid-flex-grow\" style=\"--awb-column-spacing:0px;--awb-dots-align:center;--awb-columns:1;--awb-active-filter-border-size:3px;--awb-filters-height:36px;--awb-row-spacing:90px;\" data-post-type-label=\"artigos\" data-animationType=\"fadeInUp\" data-animationDuration=\"0.8\" data-animationOffset=\"top-into-view\" data-animation-delay=\"0.3\"><ul class=\"fusion-grid fusion-grid-1 fusion-flex-align-items-flex-start fusion-grid-posts-cards\"><li class=\"fusion-layout-column fusion_builder_column fusion-builder-column-1 fusion-flex-column fusion-column-inner-bg-wrapper post-card fusion-grid-column fusion-post-cards-grid-column fusion-animated\" style=\"--awb-inner-bg-blend:overlay;--awb-inner-bg-size:cover;--awb-transform:scaleX(1) scaleY(1);--awb-transform-hover:scaleX(1.02) scaleY(1.02);--awb-flex-grow:0;--awb-flex-shrink:0;--awb-flex-grow-medium:0;--awb-flex-shrink-medium:0;--awb-flex-grow-small:0;--awb-flex-shrink-small:0;\"><span class=\"fusion-column-inner-bg hover-type-none\"><a class=\"fusion-column-anchor\" href=\"https:\/\/www.alumni.space\/pt-pt\/construir-uma-rede-global-de-antigos-alunos-as-chaves-para-o-sucesso\/\"><span class=\"fusion-column-inner-bg-image\"><\/span><\/a><\/span><div class=\"fusion-column-wrapper fusion-flex-justify-content-flex-start fusion-content-layout-column\"><div class=\"fusion-builder-row fusion-builder-row-inner fusion-row fusion-flex-align-items-flex-start fusion-flex-justify-content-center fusion-flex-content-wrap\" style=\"--awb-flex-grow:0;--awb-flex-grow-medium:0;--awb-flex-grow-small:0;--awb-flex-shrink:0;--awb-flex-shrink-medium:0;--awb-flex-shrink-small:0;width:calc( 100% + 80px ) !important;max-width:calc( 100% + 80px ) !important;margin-left: calc(-80px \/ 2 );margin-right: calc(-80px \/ 2 );\"><div class=\"fusion-layout-column fusion_builder_column_inner fusion-builder-nested-column-0 fusion_builder_column_inner_1_2 1_2 fusion-flex-column fusion-flex-align-self-stretch\" style=\"--awb-padding-top:80px;--awb-padding-right:80px;--awb-padding-bottom:80px;--awb-padding-left:80px;--awb-padding-top-medium:65px;--awb-padding-right-medium:65px;--awb-padding-bottom-medium:65px;--awb-padding-left-medium:65px;--awb-bg-color:var(--awb-color2);--awb-bg-color-hover:var(--awb-color2);--awb-bg-image:linear-gradient(146deg, var(--awb-color2) 0%,hsla(var(--awb-color4-h),calc(var(--awb-color4-s) + 30%),calc(var(--awb-color4-l) + 11%),var(--awb-color4-a)) 100%);--awb-bg-size:cover;--awb-width-large:50%;--awb-margin-top-large:0px;--awb-spacing-right-large:0px;--awb-margin-bottom-large:0px;--awb-spacing-left-large:40px;--awb-width-medium:50%;--awb-order-medium:0;--awb-spacing-right-medium:0px;--awb-spacing-left-medium:40px;--awb-width-small:100%;--awb-order-small:1;--awb-spacing-right-small:40px;--awb-margin-bottom-small:0;--awb-spacing-left-small:40px;\"><div class=\"fusion-column-wrapper fusion-column-has-shadow fusion-flex-justify-content-space-between fusion-content-layout-column\"><div ><a class=\"fusion-button button-flat fusion-button-default-size button-custom fusion-button-default button-1 fusion-button-default-span \" style=\"--awb-padding-top:8px;--awb-padding-right:12px;--awb-padding-bottom:8px;--awb-padding-left:12px;--button_accent_color:var(--awb-color8);--button_border_color:var(--awb-color8);--button_accent_hover_color:var(--awb-color1);--button_border_hover_color:var(--awb-color1);--button_border_width-top:0px;--button_border_width-right:0px;--button_border_width-bottom:0px;--button_border_width-left:0px;--button-border-radius-top-left:0px;--button-border-radius-top-right:0px;--button-border-radius-bottom-right:0px;--button-border-radius-bottom-left:0px;--button_gradient_top_color:var(--awb-color1);--button_gradient_bottom_color:var(--awb-color1);--button_gradient_top_color_hover:var(--awb-color5);--button_gradient_bottom_color_hover:var(--awb-color5);--button_text_transform:var(--awb-typography3-text-transform);--button_font_size:var(--awb-typography3-font-size);--button_line_height:var(--awb-typography3-line-height);--button_typography-letter-spacing:var(--awb-typography3-letter-spacing);--button_typography-font-family:var(--awb-typography3-font-family);--button_typography-font-weight:var(--awb-typography3-font-weight);--button_typography-font-style:var(--awb-typography3-font-style);\" target=\"_self\" href=\"https:\/\/www.alumni.space\/pt-pt\/construir-uma-rede-global-de-antigos-alunos-as-chaves-para-o-sucesso\/\"><span class=\"fusion-button-text awb-button__text awb-button__text--default\">Antigos alunos<\/span><\/a><\/div><div class=\"fusion-title title fusion-title-1 fusion-no-small-visibility fusion-no-medium-visibility fusion-sep-none fusion-title-text fusion-title-size-two\" style=\"--awb-text-color:#ffffff;--awb-margin-top:32px;--awb-margin-bottom:32px;--awb-margin-top-small:10px;--awb-margin-right-small:0px;--awb-margin-bottom-small:50px;--awb-margin-left-small:0px;--awb-link-color:var(--awb-color8);\"><h2 class=\"fusion-title-heading title-heading-left fusion-responsive-typography-calculated\" style=\"margin:0;--fontSize:42;line-height:var(--awb-typography1-line-height);\"><a href=\"https:\/\/www.alumni.space\/pt-pt\/construir-uma-rede-global-de-antigos-alunos-as-chaves-para-o-sucesso\/\" class=\"awb-custom-text-color awb-custom-text-hover-color\" target=\"_self\">Construir uma rede global de antigos alunos: as chaves para o sucesso<\/a><\/h2><\/div><div class=\"fusion-title title fusion-title-2 fusion-no-large-visibility fusion-sep-none fusion-title-text fusion-title-size-two\" style=\"--awb-text-color:#ffffff;--awb-margin-top:32px;--awb-margin-bottom:32px;--awb-margin-top-small:20px;--awb-margin-right-small:0px;--awb-margin-bottom-small:50px;--awb-margin-left-small:0px;--awb-link-color:var(--awb-color8);--awb-font-size:35px;\"><h2 class=\"fusion-title-heading title-heading-left fusion-responsive-typography-calculated\" style=\"margin:0;font-size:1em;--fontSize:35;line-height:var(--awb-typography1-line-height);\"><a href=\"https:\/\/www.alumni.space\/pt-pt\/construir-uma-rede-global-de-antigos-alunos-as-chaves-para-o-sucesso\/\" class=\"awb-custom-text-color awb-custom-text-hover-color\" target=\"_self\">Construir uma rede global de antigos alunos: as chaves para o sucesso<\/a><\/h2><\/div><div ><a class=\"fusion-button button-flat fusion-button-default-size button-custom fusion-button-default button-2 fusion-button-default-span \" style=\"--awb-padding-top:6px;--awb-padding-right:2px;--awb-padding-bottom:6px;--awb-padding-left:2px;--button_accent_color:var(--awb-color8);--button_border_color:var(--awb-color8);--button_accent_hover_color:var(--awb-color8);--button_border_hover_color:var(--awb-color5);--button_border_width-top:2px;--button_border_width-right:0px;--button_border_width-bottom:2px;--button_border_width-left:0px;--button-border-radius-top-left:0px;--button-border-radius-top-right:0px;--button-border-radius-bottom-right:0px;--button-border-radius-bottom-left:0px;--button_gradient_top_color:rgba(255,255,255,0);--button_gradient_bottom_color:rgba(255,255,255,0);--button_gradient_top_color_hover:rgba(255,255,255,0);--button_gradient_bottom_color_hover:rgba(255,255,255,0);--button_text_transform:var(--awb-typography3-text-transform);--button_font_size:var(--awb-typography3-font-size);--button_line_height:var(--awb-typography3-line-height);--button_typography-letter-spacing:var(--awb-typography3-letter-spacing);--button_typography-font-family:var(--awb-typography3-font-family);--button_typography-font-weight:var(--awb-typography3-font-weight);--button_typography-font-style:var(--awb-typography3-font-style);\" target=\"_self\"><span class=\"fusion-button-text awb-button__text awb-button__text--default\"> 15 Abril 2026<\/span><\/a><\/div><\/div><\/div><div class=\"fusion-layout-column fusion_builder_column_inner fusion-builder-nested-column-1 fusion_builder_column_inner_1_2 1_2 fusion-flex-column fusion-flex-align-self-stretch\" style=\"--awb-padding-top-small:100px;--awb-padding-bottom-small:100px;--awb-bg-position:center center;--awb-bg-size:cover;--awb-width-large:50%;--awb-margin-top-large:0px;--awb-spacing-right-large:40px;--awb-margin-bottom-large:0px;--awb-spacing-left-large:0px;--awb-width-medium:50%;--awb-order-medium:0;--awb-spacing-right-medium:40px;--awb-spacing-left-medium:0px;--awb-width-small:100%;--awb-order-small:0;--awb-spacing-right-small:40px;--awb-spacing-left-small:40px;\"><div class=\"fusion-column-wrapper lazyload fusion-column-has-shadow fusion-flex-justify-content-flex-start fusion-content-layout-column fusion-column-has-bg-image\" data-bg-url=\"https:\/\/www.alumni.space\/wp-content\/uploads\/2026\/04\/Batir-un-reseau-alumni-mondial-les-cles-du-succes.jpg\" data-bg=\"https:\/\/www.alumni.space\/wp-content\/uploads\/2026\/04\/Batir-un-reseau-alumni-mondial-les-cles-du-succes.jpg\"><div class=\"fusion-separator fusion-full-width-sep\" style=\"align-self: center;margin-left: auto;margin-right: auto;margin-top:30vw;width:100%;\"><\/div><\/div><\/div><\/div><\/div><\/li>\n<\/ul><\/div><\/div><\/div><div class=\"fusion-layout-column fusion_builder_column fusion-builder-column-2 fusion_builder_column_2_3 2_3 fusion-flex-column\" style=\"--awb-bg-size:cover;--awb-width-large:66.666666666667%;--awb-flex-grow:0;--awb-flex-shrink:0;--awb-margin-top-large:0px;--awb-spacing-right-large:40px;--awb-margin-bottom-large:0px;--awb-spacing-left-large:40px;--awb-width-medium:60%;--awb-order-medium:0;--awb-flex-grow-medium:0;--awb-flex-shrink-medium:0;--awb-spacing-right-medium:40px;--awb-spacing-left-medium:40px;--awb-width-small:100%;--awb-order-small:0;--awb-flex-grow-small:0;--awb-flex-shrink-small:0;--awb-spacing-right-small:40px;--awb-margin-bottom-small:50px;--awb-spacing-left-small:40px;\"><div class=\"fusion-column-wrapper fusion-column-has-shadow fusion-flex-justify-content-flex-start fusion-content-layout-column\"><div class=\"fusion-post-cards fusion-post-cards-2 fusion-delayed-animation fusion-grid-archive fusion-grid-columns-2\" style=\"--awb-column-spacing:90px;--awb-dots-align:center;--awb-columns:2;--awb-active-filter-border-size:3px;--awb-filters-height:36px;--awb-row-spacing:90px;\" data-post-type-label=\"artigos\" data-animationType=\"fadeInUp\" data-animationDuration=\"0.8\" data-animationOffset=\"top-into-view\" data-animation-delay=\"0.3\"><ul class=\"fusion-grid fusion-grid-2 fusion-flex-align-items-flex-start fusion-grid-posts-cards fusion-grid-container-infinite\" data-pages=\"7\"><li class=\"fusion-layout-column fusion_builder_column fusion-builder-column-3 fusion-flex-column fusion-column-inner-bg-wrapper post-card fusion-grid-column fusion-post-cards-grid-column fusion-animated\" style=\"--awb-inner-bg-size:cover;--awb-border-color:var(--awb-color7);--awb-border-style:solid;--awb-transform:translateY(0px);--awb-transform-hover:translateY(-6px);--awb-flex-grow:0;--awb-flex-shrink:0;--awb-flex-grow-medium:0;--awb-flex-shrink-medium:0;--awb-flex-grow-small:0;--awb-flex-shrink-small:0;\"><span class=\"fusion-column-inner-bg hover-type-none\"><a class=\"fusion-column-anchor\" href=\"https:\/\/www.alumni.space\/pt-pt\/como-criar-uma-rede-de-mentores-para-os-jovens\/\"><span class=\"fusion-column-inner-bg-image\"><\/span><\/a><\/span><div class=\"fusion-column-wrapper fusion-column-has-shadow fusion-flex-justify-content-flex-start fusion-content-layout-column\"><div class=\"fusion-classic-product-image-wrapper fusion-woo-product-image fusion-post-card-image fusion-post-card-image-1 product-images has-aspect-ratio\" data-layout=\"crossfade\" style=\"--awb-margin-bottom:40px;--awb-aspect-ratio:1.1764705882353;\"><a href=\"https:\/\/www.alumni.space\/pt-pt\/como-criar-uma-rede-de-mentores-para-os-jovens\/\" title=\"Como criar uma rede de mentores para os jovens\"><div class=\"featured-image\">\n\t\t<img decoding=\"async\" width=\"1280\" height=\"768\" src=\"https:\/\/www.alumni.space\/wp-content\/uploads\/2026\/04\/Comment-creer-un-reseau-de-mentors-pour-les-jeunes.jpg\" class=\"attachment-full size-full lazyload wp-post-image\" alt=\"d\u00e9couvrez comment cr\u00e9er un r\u00e9seau de mentors efficace pour accompagner et inspirer les jeunes dans leur d\u00e9veloppement personnel et professionnel.\" srcset=\"data:image\/svg+xml,%3Csvg%20xmlns%3D%27http%3A%2F%2Fwww.w3.org%2F2000%2Fsvg%27%20width%3D%271280%27%20height%3D%27768%27%20viewBox%3D%270%200%201280%20768%27%3E%3Crect%20width%3D%271280%27%20height%3D%27768%27%20fill-opacity%3D%220%22%2F%3E%3C%2Fsvg%3E\" data-orig-src=\"https:\/\/www.alumni.space\/wp-content\/uploads\/2026\/04\/Comment-creer-un-reseau-de-mentors-pour-les-jeunes.jpg\" data-srcset=\"https:\/\/www.alumni.space\/wp-content\/uploads\/2026\/04\/Comment-creer-un-reseau-de-mentors-pour-les-jeunes-200x120.jpg 200w, https:\/\/www.alumni.space\/wp-content\/uploads\/2026\/04\/Comment-creer-un-reseau-de-mentors-pour-les-jeunes-400x240.jpg 400w, https:\/\/www.alumni.space\/wp-content\/uploads\/2026\/04\/Comment-creer-un-reseau-de-mentors-pour-les-jeunes-600x360.jpg 600w, https:\/\/www.alumni.space\/wp-content\/uploads\/2026\/04\/Comment-creer-un-reseau-de-mentors-pour-les-jeunes-800x480.jpg 800w, https:\/\/www.alumni.space\/wp-content\/uploads\/2026\/04\/Comment-creer-un-reseau-de-mentors-pour-les-jeunes-1200x720.jpg 1200w, https:\/\/www.alumni.space\/wp-content\/uploads\/2026\/04\/Comment-creer-un-reseau-de-mentors-pour-les-jeunes.jpg 1280w\" data-sizes=\"auto\" \/>\n\t<\/div>\n<\/a><\/div><div class=\"fusion-text fusion-text-1 fusion-text-no-margin\" style=\"--awb-font-size:var(--awb-typography5-font-size);--awb-line-height:var(--awb-typography5-line-height);--awb-letter-spacing:var(--awb-typography5-letter-spacing);--awb-text-transform:var(--awb-typography5-text-transform);--awb-text-color:var(--awb-color8);--awb-margin-bottom:12px;--awb-text-font-family:var(--awb-typography5-font-family);--awb-text-font-weight:var(--awb-typography5-font-weight);--awb-text-font-style:var(--awb-typography5-font-style);\"><p><a href=\"https:\/\/www.alumni.space\/pt-pt\/category\/mentoria\/\" title=\"Mentoria\">Mentoria<\/a><\/p>\n<\/div><div class=\"fusion-title title fusion-title-3 fusion-sep-none fusion-title-text fusion-title-size-four\" style=\"--awb-margin-top:0px;--awb-margin-bottom:16px;--awb-margin-top-small:0px;--awb-margin-right-small:0px;--awb-margin-bottom-small:16px;--awb-margin-left-small:0px;--awb-link-color:var(--awb-color8);--awb-font-size:25px;\"><h4 class=\"fusion-title-heading title-heading-left\" style=\"margin:0;font-size:1em;line-height:1.4;\"><a href=\"https:\/\/www.alumni.space\/pt-pt\/como-criar-uma-rede-de-mentores-para-os-jovens\/\" class=\"awb-custom-text-color awb-custom-text-hover-color\" target=\"_self\">Como criar uma rede de mentores para os jovens<\/a><\/h4><\/div><div class=\"fusion-text fusion-text-2\"><p>A transmiss\u00e3o de conhecimentos \u00e9 a base das organiza\u00e7\u00f5es de  [...]<\/p>\n<\/div><\/div><\/li><li class=\"fusion-layout-column fusion_builder_column fusion-builder-column-4 fusion-flex-column fusion-column-inner-bg-wrapper post-card fusion-grid-column fusion-post-cards-grid-column fusion-animated\" style=\"--awb-inner-bg-size:cover;--awb-border-color:var(--awb-color7);--awb-border-style:solid;--awb-transform:translateY(0px);--awb-transform-hover:translateY(-6px);--awb-flex-grow:0;--awb-flex-shrink:0;--awb-flex-grow-medium:0;--awb-flex-shrink-medium:0;--awb-flex-grow-small:0;--awb-flex-shrink-small:0;\"><span class=\"fusion-column-inner-bg hover-type-none\"><a class=\"fusion-column-anchor\" href=\"https:\/\/www.alumni.space\/pt-pt\/peritos-que-abandonam-o-sector-quais-sao-as-solucoes\/\"><span class=\"fusion-column-inner-bg-image\"><\/span><\/a><\/span><div class=\"fusion-column-wrapper fusion-column-has-shadow fusion-flex-justify-content-flex-start fusion-content-layout-column\"><div class=\"fusion-classic-product-image-wrapper fusion-woo-product-image fusion-post-card-image fusion-post-card-image-1 product-images has-aspect-ratio\" data-layout=\"crossfade\" style=\"--awb-margin-bottom:40px;--awb-aspect-ratio:1.1764705882353;\"><a href=\"https:\/\/www.alumni.space\/pt-pt\/peritos-que-abandonam-o-sector-quais-sao-as-solucoes\/\" title=\"Peritos que abandonam o sector: quais s\u00e3o as solu\u00e7\u00f5es?\"><div class=\"featured-image\">\n\t\t<img decoding=\"async\" width=\"1280\" height=\"768\" src=\"https:\/\/www.alumni.space\/wp-content\/uploads\/2026\/04\/Departs-des-experts-dans-lindustrie-quelles-solutions-.jpg\" class=\"attachment-full size-full lazyload wp-post-image\" alt=\"d\u00e9couvrez les enjeux li\u00e9s aux d\u00e9parts des experts dans l&#039;industrie et explorez des solutions efficaces pour retenir les talents et assurer la continuit\u00e9 des comp\u00e9tences.\" srcset=\"data:image\/svg+xml,%3Csvg%20xmlns%3D%27http%3A%2F%2Fwww.w3.org%2F2000%2Fsvg%27%20width%3D%271280%27%20height%3D%27768%27%20viewBox%3D%270%200%201280%20768%27%3E%3Crect%20width%3D%271280%27%20height%3D%27768%27%20fill-opacity%3D%220%22%2F%3E%3C%2Fsvg%3E\" data-orig-src=\"https:\/\/www.alumni.space\/wp-content\/uploads\/2026\/04\/Departs-des-experts-dans-lindustrie-quelles-solutions-.jpg\" data-srcset=\"https:\/\/www.alumni.space\/wp-content\/uploads\/2026\/04\/Departs-des-experts-dans-lindustrie-quelles-solutions--200x120.jpg 200w, https:\/\/www.alumni.space\/wp-content\/uploads\/2026\/04\/Departs-des-experts-dans-lindustrie-quelles-solutions--400x240.jpg 400w, https:\/\/www.alumni.space\/wp-content\/uploads\/2026\/04\/Departs-des-experts-dans-lindustrie-quelles-solutions--600x360.jpg 600w, https:\/\/www.alumni.space\/wp-content\/uploads\/2026\/04\/Departs-des-experts-dans-lindustrie-quelles-solutions--800x480.jpg 800w, https:\/\/www.alumni.space\/wp-content\/uploads\/2026\/04\/Departs-des-experts-dans-lindustrie-quelles-solutions--1200x720.jpg 1200w, https:\/\/www.alumni.space\/wp-content\/uploads\/2026\/04\/Departs-des-experts-dans-lindustrie-quelles-solutions-.jpg 1280w\" data-sizes=\"auto\" \/>\n\t<\/div>\n<\/a><\/div><div class=\"fusion-text fusion-text-3 fusion-text-no-margin\" style=\"--awb-font-size:var(--awb-typography5-font-size);--awb-line-height:var(--awb-typography5-line-height);--awb-letter-spacing:var(--awb-typography5-letter-spacing);--awb-text-transform:var(--awb-typography5-text-transform);--awb-text-color:var(--awb-color8);--awb-margin-bottom:12px;--awb-text-font-family:var(--awb-typography5-font-family);--awb-text-font-weight:var(--awb-typography5-font-weight);--awb-text-font-style:var(--awb-typography5-font-style);\"><p><a href=\"https:\/\/www.alumni.space\/pt-pt\/category\/recursos-humanos\/\" title=\"Recursos Humanos\">Recursos Humanos<\/a><\/p>\n<\/div><div class=\"fusion-title title fusion-title-4 fusion-sep-none fusion-title-text fusion-title-size-four\" style=\"--awb-margin-top:0px;--awb-margin-bottom:16px;--awb-margin-top-small:0px;--awb-margin-right-small:0px;--awb-margin-bottom-small:16px;--awb-margin-left-small:0px;--awb-link-color:var(--awb-color8);--awb-font-size:25px;\"><h4 class=\"fusion-title-heading title-heading-left\" style=\"margin:0;font-size:1em;line-height:1.4;\"><a href=\"https:\/\/www.alumni.space\/pt-pt\/peritos-que-abandonam-o-sector-quais-sao-as-solucoes\/\" class=\"awb-custom-text-color awb-custom-text-hover-color\" target=\"_self\">Peritos que abandonam o sector: quais s\u00e3o as solu\u00e7\u00f5es?<\/a><\/h4><\/div><div class=\"fusion-text fusion-text-4\"><p>Peritos que abandonam o sector: problemas e riscos ligados \u00e0  [...]<\/p>\n<\/div><\/div><\/li>\n<li class=\"fusion-layout-column fusion_builder_column fusion-builder-column-5 fusion-flex-column fusion-column-inner-bg-wrapper post-card fusion-grid-column fusion-post-cards-grid-column fusion-animated\" style=\"--awb-inner-bg-size:cover;--awb-border-color:var(--awb-color7);--awb-border-style:solid;--awb-transform:translateY(0px);--awb-transform-hover:translateY(-6px);--awb-flex-grow:0;--awb-flex-shrink:0;--awb-flex-grow-medium:0;--awb-flex-shrink-medium:0;--awb-flex-grow-small:0;--awb-flex-shrink-small:0;\"><span class=\"fusion-column-inner-bg hover-type-none\"><a class=\"fusion-column-anchor\" href=\"https:\/\/www.alumni.space\/pt-pt\/como-criar-uma-lista-interactiva-dos-teus-antigos-empregados\/\"><span class=\"fusion-column-inner-bg-image\"><\/span><\/a><\/span><div class=\"fusion-column-wrapper fusion-column-has-shadow fusion-flex-justify-content-flex-start fusion-content-layout-column\"><div class=\"fusion-classic-product-image-wrapper fusion-woo-product-image fusion-post-card-image fusion-post-card-image-1 product-images has-aspect-ratio\" data-layout=\"crossfade\" style=\"--awb-margin-bottom:40px;--awb-aspect-ratio:1.1764705882353;\"><a href=\"https:\/\/www.alumni.space\/pt-pt\/como-criar-uma-lista-interactiva-dos-teus-antigos-empregados\/\" title=\"Como criar uma lista interactiva dos teus antigos empregados\"><div class=\"featured-image\">\n\t\t<img decoding=\"async\" width=\"1344\" height=\"768\" src=\"https:\/\/www.alumni.space\/wp-content\/uploads\/2026\/04\/Comment-creer-un-annuaire-interactif-de-vos-anciens-collaborateurs.jpg\" class=\"attachment-full size-full lazyload wp-post-image\" alt=\"d\u00e9couvrez comment cr\u00e9er facilement un annuaire interactif pour retrouver et valoriser vos anciens collaborateurs, en quelques \u00e9tapes simples et efficaces.\" srcset=\"data:image\/svg+xml,%3Csvg%20xmlns%3D%27http%3A%2F%2Fwww.w3.org%2F2000%2Fsvg%27%20width%3D%271344%27%20height%3D%27768%27%20viewBox%3D%270%200%201344%20768%27%3E%3Crect%20width%3D%271344%27%20height%3D%27768%27%20fill-opacity%3D%220%22%2F%3E%3C%2Fsvg%3E\" data-orig-src=\"https:\/\/www.alumni.space\/wp-content\/uploads\/2026\/04\/Comment-creer-un-annuaire-interactif-de-vos-anciens-collaborateurs.jpg\" data-srcset=\"https:\/\/www.alumni.space\/wp-content\/uploads\/2026\/04\/Comment-creer-un-annuaire-interactif-de-vos-anciens-collaborateurs-200x114.jpg 200w, https:\/\/www.alumni.space\/wp-content\/uploads\/2026\/04\/Comment-creer-un-annuaire-interactif-de-vos-anciens-collaborateurs-400x229.jpg 400w, https:\/\/www.alumni.space\/wp-content\/uploads\/2026\/04\/Comment-creer-un-annuaire-interactif-de-vos-anciens-collaborateurs-600x343.jpg 600w, https:\/\/www.alumni.space\/wp-content\/uploads\/2026\/04\/Comment-creer-un-annuaire-interactif-de-vos-anciens-collaborateurs-800x457.jpg 800w, https:\/\/www.alumni.space\/wp-content\/uploads\/2026\/04\/Comment-creer-un-annuaire-interactif-de-vos-anciens-collaborateurs-1200x686.jpg 1200w, https:\/\/www.alumni.space\/wp-content\/uploads\/2026\/04\/Comment-creer-un-annuaire-interactif-de-vos-anciens-collaborateurs.jpg 1344w\" data-sizes=\"auto\" \/>\n\t<\/div>\n<\/a><\/div><div class=\"fusion-text fusion-text-5 fusion-text-no-margin\" style=\"--awb-font-size:var(--awb-typography5-font-size);--awb-line-height:var(--awb-typography5-line-height);--awb-letter-spacing:var(--awb-typography5-letter-spacing);--awb-text-transform:var(--awb-typography5-text-transform);--awb-text-color:var(--awb-color8);--awb-margin-bottom:12px;--awb-text-font-family:var(--awb-typography5-font-family);--awb-text-font-weight:var(--awb-typography5-font-weight);--awb-text-font-style:var(--awb-typography5-font-style);\"><p><a href=\"https:\/\/www.alumni.space\/pt-pt\/category\/antigos-alunos\/\" title=\"Antigos alunos\">Antigos alunos<\/a><\/p>\n<\/div><div class=\"fusion-title title fusion-title-5 fusion-sep-none fusion-title-text fusion-title-size-four\" style=\"--awb-margin-top:0px;--awb-margin-bottom:16px;--awb-margin-top-small:0px;--awb-margin-right-small:0px;--awb-margin-bottom-small:16px;--awb-margin-left-small:0px;--awb-link-color:var(--awb-color8);--awb-font-size:25px;\"><h4 class=\"fusion-title-heading title-heading-left\" style=\"margin:0;font-size:1em;line-height:1.4;\"><a href=\"https:\/\/www.alumni.space\/pt-pt\/como-criar-uma-lista-interactiva-dos-teus-antigos-empregados\/\" class=\"awb-custom-text-color awb-custom-text-hover-color\" target=\"_self\">Como criar uma lista interactiva dos teus antigos empregados<\/a><\/h4><\/div><div class=\"fusion-text fusion-text-6\"><p>Resumo: Um guia pr\u00e1tico para lan\u00e7ar um diret\u00f3rio interativo para  [...]<\/p>\n<\/div><\/div><\/li>\n<li class=\"fusion-layout-column fusion_builder_column fusion-builder-column-6 fusion-flex-column fusion-column-inner-bg-wrapper post-card fusion-grid-column fusion-post-cards-grid-column fusion-animated\" style=\"--awb-inner-bg-size:cover;--awb-border-color:var(--awb-color7);--awb-border-style:solid;--awb-transform:translateY(0px);--awb-transform-hover:translateY(-6px);--awb-flex-grow:0;--awb-flex-shrink:0;--awb-flex-grow-medium:0;--awb-flex-shrink-medium:0;--awb-flex-grow-small:0;--awb-flex-shrink-small:0;\"><span class=\"fusion-column-inner-bg hover-type-none\"><a class=\"fusion-column-anchor\" href=\"https:\/\/www.alumni.space\/pt-pt\/mentoring-uma-resposta-concreta-aos-desafios-do-teletrabalho\/\"><span class=\"fusion-column-inner-bg-image\"><\/span><\/a><\/span><div class=\"fusion-column-wrapper fusion-column-has-shadow fusion-flex-justify-content-flex-start fusion-content-layout-column\"><div class=\"fusion-classic-product-image-wrapper fusion-woo-product-image fusion-post-card-image fusion-post-card-image-1 product-images has-aspect-ratio\" data-layout=\"crossfade\" style=\"--awb-margin-bottom:40px;--awb-aspect-ratio:1.1764705882353;\"><a href=\"https:\/\/www.alumni.space\/pt-pt\/mentoring-uma-resposta-concreta-aos-desafios-do-teletrabalho\/\" title=\"Mentoring, uma resposta concreta aos desafios do teletrabalho\"><div class=\"featured-image\">\n\t\t<img decoding=\"async\" width=\"1280\" height=\"768\" src=\"https:\/\/www.alumni.space\/wp-content\/uploads\/2026\/04\/Le-mentorat-reponse-concrete-aux-defis-du-teletravail.jpg\" class=\"attachment-full size-full lazyload wp-post-image\" alt=\"d\u00e9couvrez comment le mentorat offre une solution efficace pour relever les d\u00e9fis du t\u00e9l\u00e9travail en am\u00e9liorant le soutien, la communication et la productivit\u00e9 des \u00e9quipes \u00e0 distance.\" srcset=\"data:image\/svg+xml,%3Csvg%20xmlns%3D%27http%3A%2F%2Fwww.w3.org%2F2000%2Fsvg%27%20width%3D%271280%27%20height%3D%27768%27%20viewBox%3D%270%200%201280%20768%27%3E%3Crect%20width%3D%271280%27%20height%3D%27768%27%20fill-opacity%3D%220%22%2F%3E%3C%2Fsvg%3E\" data-orig-src=\"https:\/\/www.alumni.space\/wp-content\/uploads\/2026\/04\/Le-mentorat-reponse-concrete-aux-defis-du-teletravail.jpg\" data-srcset=\"https:\/\/www.alumni.space\/wp-content\/uploads\/2026\/04\/Le-mentorat-reponse-concrete-aux-defis-du-teletravail-200x120.jpg 200w, https:\/\/www.alumni.space\/wp-content\/uploads\/2026\/04\/Le-mentorat-reponse-concrete-aux-defis-du-teletravail-400x240.jpg 400w, https:\/\/www.alumni.space\/wp-content\/uploads\/2026\/04\/Le-mentorat-reponse-concrete-aux-defis-du-teletravail-600x360.jpg 600w, https:\/\/www.alumni.space\/wp-content\/uploads\/2026\/04\/Le-mentorat-reponse-concrete-aux-defis-du-teletravail-800x480.jpg 800w, https:\/\/www.alumni.space\/wp-content\/uploads\/2026\/04\/Le-mentorat-reponse-concrete-aux-defis-du-teletravail-1200x720.jpg 1200w, https:\/\/www.alumni.space\/wp-content\/uploads\/2026\/04\/Le-mentorat-reponse-concrete-aux-defis-du-teletravail.jpg 1280w\" data-sizes=\"auto\" \/>\n\t<\/div>\n<\/a><\/div><div class=\"fusion-text fusion-text-7 fusion-text-no-margin\" style=\"--awb-font-size:var(--awb-typography5-font-size);--awb-line-height:var(--awb-typography5-line-height);--awb-letter-spacing:var(--awb-typography5-letter-spacing);--awb-text-transform:var(--awb-typography5-text-transform);--awb-text-color:var(--awb-color8);--awb-margin-bottom:12px;--awb-text-font-family:var(--awb-typography5-font-family);--awb-text-font-weight:var(--awb-typography5-font-weight);--awb-text-font-style:var(--awb-typography5-font-style);\"><p><a href=\"https:\/\/www.alumni.space\/pt-pt\/category\/mentoria\/\" title=\"Mentoria\">Mentoria<\/a><\/p>\n<\/div><div class=\"fusion-title title fusion-title-6 fusion-sep-none fusion-title-text fusion-title-size-four\" style=\"--awb-margin-top:0px;--awb-margin-bottom:16px;--awb-margin-top-small:0px;--awb-margin-right-small:0px;--awb-margin-bottom-small:16px;--awb-margin-left-small:0px;--awb-link-color:var(--awb-color8);--awb-font-size:25px;\"><h4 class=\"fusion-title-heading title-heading-left\" style=\"margin:0;font-size:1em;line-height:1.4;\"><a href=\"https:\/\/www.alumni.space\/pt-pt\/mentoring-uma-resposta-concreta-aos-desafios-do-teletrabalho\/\" class=\"awb-custom-text-color awb-custom-text-hover-color\" target=\"_self\">Mentoring, uma resposta concreta aos desafios do teletrabalho<\/a><\/h4><\/div><div class=\"fusion-text fusion-text-8\"><p>O teletrabalho est\u00e1 a transformar os escrit\u00f3rios em salas de  [...]<\/p>\n<\/div><\/div><\/li>\n<li class=\"fusion-layout-column fusion_builder_column fusion-builder-column-7 fusion-flex-column fusion-column-inner-bg-wrapper post-card fusion-grid-column fusion-post-cards-grid-column fusion-animated\" style=\"--awb-inner-bg-size:cover;--awb-border-color:var(--awb-color7);--awb-border-style:solid;--awb-transform:translateY(0px);--awb-transform-hover:translateY(-6px);--awb-flex-grow:0;--awb-flex-shrink:0;--awb-flex-grow-medium:0;--awb-flex-shrink-medium:0;--awb-flex-grow-small:0;--awb-flex-shrink-small:0;\"><span class=\"fusion-column-inner-bg hover-type-none\"><a class=\"fusion-column-anchor\" href=\"https:\/\/www.alumni.space\/pt-pt\/como-podem-os-tecnicos-oficiais-de-contas-antecipar-a-perda-de-competencias\/\"><span class=\"fusion-column-inner-bg-image\"><\/span><\/a><\/span><div class=\"fusion-column-wrapper fusion-column-has-shadow fusion-flex-justify-content-flex-start fusion-content-layout-column\"><div class=\"fusion-classic-product-image-wrapper fusion-woo-product-image fusion-post-card-image fusion-post-card-image-1 product-images has-aspect-ratio\" data-layout=\"crossfade\" style=\"--awb-margin-bottom:40px;--awb-aspect-ratio:1.1764705882353;\"><a href=\"https:\/\/www.alumni.space\/pt-pt\/como-podem-os-tecnicos-oficiais-de-contas-antecipar-a-perda-de-competencias\/\" title=\"Como podem os t\u00e9cnicos oficiais de contas antecipar a perda de compet\u00eancias?\"><div class=\"featured-image\">\n\t\t<img decoding=\"async\" width=\"1280\" height=\"768\" src=\"https:\/\/www.alumni.space\/wp-content\/uploads\/2026\/04\/Comment-les-experts-comptables-peuvent-ils-anticiper-la-perte-de-competences-.jpg\" class=\"attachment-full size-full lazyload wp-post-image\" alt=\"d\u00e9couvrez comment les experts-comptables peuvent anticiper la perte de comp\u00e9tences gr\u00e2ce \u00e0 des strat\u00e9gies efficaces de gestion des talents et de formation continue.\" srcset=\"data:image\/svg+xml,%3Csvg%20xmlns%3D%27http%3A%2F%2Fwww.w3.org%2F2000%2Fsvg%27%20width%3D%271280%27%20height%3D%27768%27%20viewBox%3D%270%200%201280%20768%27%3E%3Crect%20width%3D%271280%27%20height%3D%27768%27%20fill-opacity%3D%220%22%2F%3E%3C%2Fsvg%3E\" data-orig-src=\"https:\/\/www.alumni.space\/wp-content\/uploads\/2026\/04\/Comment-les-experts-comptables-peuvent-ils-anticiper-la-perte-de-competences-.jpg\" data-srcset=\"https:\/\/www.alumni.space\/wp-content\/uploads\/2026\/04\/Comment-les-experts-comptables-peuvent-ils-anticiper-la-perte-de-competences--200x120.jpg 200w, https:\/\/www.alumni.space\/wp-content\/uploads\/2026\/04\/Comment-les-experts-comptables-peuvent-ils-anticiper-la-perte-de-competences--400x240.jpg 400w, https:\/\/www.alumni.space\/wp-content\/uploads\/2026\/04\/Comment-les-experts-comptables-peuvent-ils-anticiper-la-perte-de-competences--600x360.jpg 600w, https:\/\/www.alumni.space\/wp-content\/uploads\/2026\/04\/Comment-les-experts-comptables-peuvent-ils-anticiper-la-perte-de-competences--800x480.jpg 800w, https:\/\/www.alumni.space\/wp-content\/uploads\/2026\/04\/Comment-les-experts-comptables-peuvent-ils-anticiper-la-perte-de-competences--1200x720.jpg 1200w, https:\/\/www.alumni.space\/wp-content\/uploads\/2026\/04\/Comment-les-experts-comptables-peuvent-ils-anticiper-la-perte-de-competences-.jpg 1280w\" data-sizes=\"auto\" \/>\n\t<\/div>\n<\/a><\/div><div class=\"fusion-text fusion-text-9 fusion-text-no-margin\" style=\"--awb-font-size:var(--awb-typography5-font-size);--awb-line-height:var(--awb-typography5-line-height);--awb-letter-spacing:var(--awb-typography5-letter-spacing);--awb-text-transform:var(--awb-typography5-text-transform);--awb-text-color:var(--awb-color8);--awb-margin-bottom:12px;--awb-text-font-family:var(--awb-typography5-font-family);--awb-text-font-weight:var(--awb-typography5-font-weight);--awb-text-font-style:var(--awb-typography5-font-style);\"><p><a href=\"https:\/\/www.alumni.space\/pt-pt\/category\/recursos-humanos\/\" title=\"Recursos Humanos\">Recursos Humanos<\/a><\/p>\n<\/div><div class=\"fusion-title title fusion-title-7 fusion-sep-none fusion-title-text fusion-title-size-four\" style=\"--awb-margin-top:0px;--awb-margin-bottom:16px;--awb-margin-top-small:0px;--awb-margin-right-small:0px;--awb-margin-bottom-small:16px;--awb-margin-left-small:0px;--awb-link-color:var(--awb-color8);--awb-font-size:25px;\"><h4 class=\"fusion-title-heading title-heading-left\" style=\"margin:0;font-size:1em;line-height:1.4;\"><a href=\"https:\/\/www.alumni.space\/pt-pt\/como-podem-os-tecnicos-oficiais-de-contas-antecipar-a-perda-de-competencias\/\" class=\"awb-custom-text-color awb-custom-text-hover-color\" target=\"_self\">Como podem os t\u00e9cnicos oficiais de contas antecipar a perda de compet\u00eancias?<\/a><\/h4><\/div><div class=\"fusion-text fusion-text-10\"><p>Como os t\u00e9cnicos oficiais de contas est\u00e3o a antecipar a  [...]<\/p>\n<\/div><\/div><\/li>\n<li class=\"fusion-layout-column fusion_builder_column fusion-builder-column-8 fusion-flex-column fusion-column-inner-bg-wrapper post-card fusion-grid-column fusion-post-cards-grid-column fusion-animated\" style=\"--awb-inner-bg-size:cover;--awb-border-color:var(--awb-color7);--awb-border-style:solid;--awb-transform:translateY(0px);--awb-transform-hover:translateY(-6px);--awb-flex-grow:0;--awb-flex-shrink:0;--awb-flex-grow-medium:0;--awb-flex-shrink-medium:0;--awb-flex-grow-small:0;--awb-flex-shrink-small:0;\"><span class=\"fusion-column-inner-bg hover-type-none\"><a class=\"fusion-column-anchor\" href=\"https:\/\/www.alumni.space\/pt-pt\/reter-os-antigos-trabalhadores-uma-estrategia-de-rse-de-pleno-direito\/\"><span class=\"fusion-column-inner-bg-image\"><\/span><\/a><\/span><div class=\"fusion-column-wrapper fusion-column-has-shadow fusion-flex-justify-content-flex-start fusion-content-layout-column\"><div class=\"fusion-classic-product-image-wrapper fusion-woo-product-image fusion-post-card-image fusion-post-card-image-1 product-images has-aspect-ratio\" data-layout=\"crossfade\" style=\"--awb-margin-bottom:40px;--awb-aspect-ratio:1.1764705882353;\"><a href=\"https:\/\/www.alumni.space\/pt-pt\/reter-os-antigos-trabalhadores-uma-estrategia-de-rse-de-pleno-direito\/\" title=\"Reter os antigos trabalhadores: uma estrat\u00e9gia de RSE de pleno direito\"><div class=\"featured-image\">\n\t\t<img decoding=\"async\" width=\"1344\" height=\"768\" src=\"https:\/\/www.alumni.space\/wp-content\/uploads\/2026\/04\/Fideliser-ses-anciens-employes-une-strategie-RSE-a-part-entiere.jpg\" class=\"attachment-full size-full lazyload wp-post-image\" alt=\"d\u00e9couvrez comment fid\u00e9liser vos anciens employ\u00e9s constitue une strat\u00e9gie rse efficace, favorisant engagement, responsabilit\u00e9 sociale et succ\u00e8s durable de votre entreprise.\" srcset=\"data:image\/svg+xml,%3Csvg%20xmlns%3D%27http%3A%2F%2Fwww.w3.org%2F2000%2Fsvg%27%20width%3D%271344%27%20height%3D%27768%27%20viewBox%3D%270%200%201344%20768%27%3E%3Crect%20width%3D%271344%27%20height%3D%27768%27%20fill-opacity%3D%220%22%2F%3E%3C%2Fsvg%3E\" data-orig-src=\"https:\/\/www.alumni.space\/wp-content\/uploads\/2026\/04\/Fideliser-ses-anciens-employes-une-strategie-RSE-a-part-entiere.jpg\" data-srcset=\"https:\/\/www.alumni.space\/wp-content\/uploads\/2026\/04\/Fideliser-ses-anciens-employes-une-strategie-RSE-a-part-entiere-200x114.jpg 200w, https:\/\/www.alumni.space\/wp-content\/uploads\/2026\/04\/Fideliser-ses-anciens-employes-une-strategie-RSE-a-part-entiere-400x229.jpg 400w, https:\/\/www.alumni.space\/wp-content\/uploads\/2026\/04\/Fideliser-ses-anciens-employes-une-strategie-RSE-a-part-entiere-600x343.jpg 600w, https:\/\/www.alumni.space\/wp-content\/uploads\/2026\/04\/Fideliser-ses-anciens-employes-une-strategie-RSE-a-part-entiere-800x457.jpg 800w, https:\/\/www.alumni.space\/wp-content\/uploads\/2026\/04\/Fideliser-ses-anciens-employes-une-strategie-RSE-a-part-entiere-1200x686.jpg 1200w, https:\/\/www.alumni.space\/wp-content\/uploads\/2026\/04\/Fideliser-ses-anciens-employes-une-strategie-RSE-a-part-entiere.jpg 1344w\" data-sizes=\"auto\" \/>\n\t<\/div>\n<\/a><\/div><div class=\"fusion-text fusion-text-11 fusion-text-no-margin\" style=\"--awb-font-size:var(--awb-typography5-font-size);--awb-line-height:var(--awb-typography5-line-height);--awb-letter-spacing:var(--awb-typography5-letter-spacing);--awb-text-transform:var(--awb-typography5-text-transform);--awb-text-color:var(--awb-color8);--awb-margin-bottom:12px;--awb-text-font-family:var(--awb-typography5-font-family);--awb-text-font-weight:var(--awb-typography5-font-weight);--awb-text-font-style:var(--awb-typography5-font-style);\"><p><a href=\"https:\/\/www.alumni.space\/pt-pt\/category\/recursos-humanos\/\" title=\"Recursos Humanos\">Recursos Humanos<\/a><\/p>\n<\/div><div class=\"fusion-title title fusion-title-8 fusion-sep-none fusion-title-text fusion-title-size-four\" style=\"--awb-margin-top:0px;--awb-margin-bottom:16px;--awb-margin-top-small:0px;--awb-margin-right-small:0px;--awb-margin-bottom-small:16px;--awb-margin-left-small:0px;--awb-link-color:var(--awb-color8);--awb-font-size:25px;\"><h4 class=\"fusion-title-heading title-heading-left\" style=\"margin:0;font-size:1em;line-height:1.4;\"><a href=\"https:\/\/www.alumni.space\/pt-pt\/reter-os-antigos-trabalhadores-uma-estrategia-de-rse-de-pleno-direito\/\" class=\"awb-custom-text-color awb-custom-text-hover-color\" target=\"_self\">Reter os antigos trabalhadores: uma estrat\u00e9gia de RSE de pleno direito<\/a><\/h4><\/div><div class=\"fusion-text fusion-text-12\"><p>A reten\u00e7\u00e3o dos trabalhadores que partem \u00e9 uma poderosa alavanca  [...]<\/p>\n<\/div><\/div><\/li>\n<li class=\"fusion-layout-column fusion_builder_column fusion-builder-column-9 fusion-flex-column fusion-column-inner-bg-wrapper post-card fusion-grid-column fusion-post-cards-grid-column fusion-animated\" style=\"--awb-inner-bg-size:cover;--awb-border-color:var(--awb-color7);--awb-border-style:solid;--awb-transform:translateY(0px);--awb-transform-hover:translateY(-6px);--awb-flex-grow:0;--awb-flex-shrink:0;--awb-flex-grow-medium:0;--awb-flex-shrink-medium:0;--awb-flex-grow-small:0;--awb-flex-shrink-small:0;\"><span class=\"fusion-column-inner-bg hover-type-none\"><a class=\"fusion-column-anchor\" href=\"https:\/\/www.alumni.space\/pt-pt\/mentoring-uma-ferramenta-poderosa-para-atrair-e-reter-talentos\/\"><span class=\"fusion-column-inner-bg-image\"><\/span><\/a><\/span><div class=\"fusion-column-wrapper fusion-column-has-shadow fusion-flex-justify-content-flex-start fusion-content-layout-column\"><div class=\"fusion-classic-product-image-wrapper fusion-woo-product-image fusion-post-card-image fusion-post-card-image-1 product-images has-aspect-ratio\" data-layout=\"crossfade\" style=\"--awb-margin-bottom:40px;--awb-aspect-ratio:1.1764705882353;\"><a href=\"https:\/\/www.alumni.space\/pt-pt\/mentoring-uma-ferramenta-poderosa-para-atrair-e-reter-talentos\/\" title=\"Mentoring: uma ferramenta poderosa para atrair e reter talentos\"><div class=\"featured-image\">\n\t\t<img decoding=\"async\" width=\"1280\" height=\"768\" src=\"https:\/\/www.alumni.space\/wp-content\/uploads\/2026\/03\/Mentorat-un-outil-puissant-pour-attirer-et-retenir-les-talents.jpg\" class=\"attachment-full size-full lazyload wp-post-image\" alt=\"d\u00e9couvrez comment le mentorat peut devenir un levier efficace pour attirer et fid\u00e9liser les meilleurs talents au sein de votre entreprise.\" srcset=\"data:image\/svg+xml,%3Csvg%20xmlns%3D%27http%3A%2F%2Fwww.w3.org%2F2000%2Fsvg%27%20width%3D%271280%27%20height%3D%27768%27%20viewBox%3D%270%200%201280%20768%27%3E%3Crect%20width%3D%271280%27%20height%3D%27768%27%20fill-opacity%3D%220%22%2F%3E%3C%2Fsvg%3E\" data-orig-src=\"https:\/\/www.alumni.space\/wp-content\/uploads\/2026\/03\/Mentorat-un-outil-puissant-pour-attirer-et-retenir-les-talents.jpg\" data-srcset=\"https:\/\/www.alumni.space\/wp-content\/uploads\/2026\/03\/Mentorat-un-outil-puissant-pour-attirer-et-retenir-les-talents-200x120.jpg 200w, https:\/\/www.alumni.space\/wp-content\/uploads\/2026\/03\/Mentorat-un-outil-puissant-pour-attirer-et-retenir-les-talents-400x240.jpg 400w, https:\/\/www.alumni.space\/wp-content\/uploads\/2026\/03\/Mentorat-un-outil-puissant-pour-attirer-et-retenir-les-talents-600x360.jpg 600w, https:\/\/www.alumni.space\/wp-content\/uploads\/2026\/03\/Mentorat-un-outil-puissant-pour-attirer-et-retenir-les-talents-800x480.jpg 800w, https:\/\/www.alumni.space\/wp-content\/uploads\/2026\/03\/Mentorat-un-outil-puissant-pour-attirer-et-retenir-les-talents-1200x720.jpg 1200w, https:\/\/www.alumni.space\/wp-content\/uploads\/2026\/03\/Mentorat-un-outil-puissant-pour-attirer-et-retenir-les-talents.jpg 1280w\" data-sizes=\"auto\" \/>\n\t<\/div>\n<\/a><\/div><div class=\"fusion-text fusion-text-13 fusion-text-no-margin\" style=\"--awb-font-size:var(--awb-typography5-font-size);--awb-line-height:var(--awb-typography5-line-height);--awb-letter-spacing:var(--awb-typography5-letter-spacing);--awb-text-transform:var(--awb-typography5-text-transform);--awb-text-color:var(--awb-color8);--awb-margin-bottom:12px;--awb-text-font-family:var(--awb-typography5-font-family);--awb-text-font-weight:var(--awb-typography5-font-weight);--awb-text-font-style:var(--awb-typography5-font-style);\"><p><a href=\"https:\/\/www.alumni.space\/pt-pt\/category\/mentoria\/\" title=\"Mentoria\">Mentoria<\/a><\/p>\n<\/div><div class=\"fusion-title title fusion-title-9 fusion-sep-none fusion-title-text fusion-title-size-four\" style=\"--awb-margin-top:0px;--awb-margin-bottom:16px;--awb-margin-top-small:0px;--awb-margin-right-small:0px;--awb-margin-bottom-small:16px;--awb-margin-left-small:0px;--awb-link-color:var(--awb-color8);--awb-font-size:25px;\"><h4 class=\"fusion-title-heading title-heading-left\" style=\"margin:0;font-size:1em;line-height:1.4;\"><a href=\"https:\/\/www.alumni.space\/pt-pt\/mentoring-uma-ferramenta-poderosa-para-atrair-e-reter-talentos\/\" class=\"awb-custom-text-color awb-custom-text-hover-color\" target=\"_self\">Mentoring: uma ferramenta poderosa para atrair e reter talentos<\/a><\/h4><\/div><div class=\"fusion-text fusion-text-14\"><p>O recrutamento em 2026 exige muito mais do que a  [...]<\/p>\n<\/div><\/div><\/li>\n<li class=\"fusion-layout-column fusion_builder_column fusion-builder-column-10 fusion-flex-column fusion-column-inner-bg-wrapper post-card fusion-grid-column fusion-post-cards-grid-column fusion-animated\" style=\"--awb-inner-bg-size:cover;--awb-border-color:var(--awb-color7);--awb-border-style:solid;--awb-transform:translateY(0px);--awb-transform-hover:translateY(-6px);--awb-flex-grow:0;--awb-flex-shrink:0;--awb-flex-grow-medium:0;--awb-flex-shrink-medium:0;--awb-flex-grow-small:0;--awb-flex-shrink-small:0;\"><span class=\"fusion-column-inner-bg hover-type-none\"><a class=\"fusion-column-anchor\" href=\"https:\/\/www.alumni.space\/pt-pt\/volta-a-envolver-os-teus-antigos-empregados-atraves-de-missoes-pontuais\/\"><span class=\"fusion-column-inner-bg-image\"><\/span><\/a><\/span><div class=\"fusion-column-wrapper fusion-column-has-shadow fusion-flex-justify-content-flex-start fusion-content-layout-column\"><div class=\"fusion-classic-product-image-wrapper fusion-woo-product-image fusion-post-card-image fusion-post-card-image-1 product-images has-aspect-ratio\" data-layout=\"crossfade\" style=\"--awb-margin-bottom:40px;--awb-aspect-ratio:1.1764705882353;\"><a href=\"https:\/\/www.alumni.space\/pt-pt\/volta-a-envolver-os-teus-antigos-empregados-atraves-de-missoes-pontuais\/\" title=\"Volta a envolver os teus antigos empregados atrav\u00e9s de miss\u00f5es pontuais\"><div class=\"featured-image\">\n\t\t<img decoding=\"async\" width=\"1344\" height=\"768\" src=\"https:\/\/www.alumni.space\/wp-content\/uploads\/2026\/03\/Reengager-vos-anciens-collaborateurs-via-des-missions-ponctuelles.jpg\" class=\"attachment-full size-full lazyload wp-post-image\" alt=\"Descobre como podes reintegrar os teus antigos empregados atrav\u00e9s de miss\u00f5es pontuais feitas \u00e0 medida, para refor\u00e7ar a tua equipa e otimizar os teus projectos com talento familiar.\" srcset=\"data:image\/svg+xml,%3Csvg%20xmlns%3D%27http%3A%2F%2Fwww.w3.org%2F2000%2Fsvg%27%20width%3D%271344%27%20height%3D%27768%27%20viewBox%3D%270%200%201344%20768%27%3E%3Crect%20width%3D%271344%27%20height%3D%27768%27%20fill-opacity%3D%220%22%2F%3E%3C%2Fsvg%3E\" data-orig-src=\"https:\/\/www.alumni.space\/wp-content\/uploads\/2026\/03\/Reengager-vos-anciens-collaborateurs-via-des-missions-ponctuelles.jpg\" data-srcset=\"https:\/\/www.alumni.space\/wp-content\/uploads\/2026\/03\/Reengager-vos-anciens-collaborateurs-via-des-missions-ponctuelles-200x114.jpg 200w, https:\/\/www.alumni.space\/wp-content\/uploads\/2026\/03\/Reengager-vos-anciens-collaborateurs-via-des-missions-ponctuelles-400x229.jpg 400w, https:\/\/www.alumni.space\/wp-content\/uploads\/2026\/03\/Reengager-vos-anciens-collaborateurs-via-des-missions-ponctuelles-600x343.jpg 600w, https:\/\/www.alumni.space\/wp-content\/uploads\/2026\/03\/Reengager-vos-anciens-collaborateurs-via-des-missions-ponctuelles-800x457.jpg 800w, https:\/\/www.alumni.space\/wp-content\/uploads\/2026\/03\/Reengager-vos-anciens-collaborateurs-via-des-missions-ponctuelles-1200x686.jpg 1200w, https:\/\/www.alumni.space\/wp-content\/uploads\/2026\/03\/Reengager-vos-anciens-collaborateurs-via-des-missions-ponctuelles.jpg 1344w\" data-sizes=\"auto\" \/>\n\t<\/div>\n<\/a><\/div><div class=\"fusion-text fusion-text-15 fusion-text-no-margin\" style=\"--awb-font-size:var(--awb-typography5-font-size);--awb-line-height:var(--awb-typography5-line-height);--awb-letter-spacing:var(--awb-typography5-letter-spacing);--awb-text-transform:var(--awb-typography5-text-transform);--awb-text-color:var(--awb-color8);--awb-margin-bottom:12px;--awb-text-font-family:var(--awb-typography5-font-family);--awb-text-font-weight:var(--awb-typography5-font-weight);--awb-text-font-style:var(--awb-typography5-font-style);\"><p><a href=\"https:\/\/www.alumni.space\/pt-pt\/category\/antigos-alunos\/\" title=\"Antigos alunos\">Antigos alunos<\/a><\/p>\n<\/div><div class=\"fusion-title title fusion-title-10 fusion-sep-none fusion-title-text fusion-title-size-four\" style=\"--awb-margin-top:0px;--awb-margin-bottom:16px;--awb-margin-top-small:0px;--awb-margin-right-small:0px;--awb-margin-bottom-small:16px;--awb-margin-left-small:0px;--awb-link-color:var(--awb-color8);--awb-font-size:25px;\"><h4 class=\"fusion-title-heading title-heading-left\" style=\"margin:0;font-size:1em;line-height:1.4;\"><a href=\"https:\/\/www.alumni.space\/pt-pt\/volta-a-envolver-os-teus-antigos-empregados-atraves-de-missoes-pontuais\/\" class=\"awb-custom-text-color awb-custom-text-hover-color\" target=\"_self\">Volta a envolver os teus antigos empregados atrav\u00e9s de miss\u00f5es pontuais<\/a><\/h4><\/div><div class=\"fusion-text fusion-text-16\"><p>Breve resumo pr\u00e1tico sobre a forma de reintegrar antigos trabalhadores  [...]<\/p>\n<\/div><\/div><\/li>\n<li class=\"fusion-layout-column fusion_builder_column fusion-builder-column-11 fusion-flex-column fusion-column-inner-bg-wrapper post-card fusion-grid-column fusion-post-cards-grid-column fusion-animated\" style=\"--awb-inner-bg-size:cover;--awb-border-color:var(--awb-color7);--awb-border-style:solid;--awb-transform:translateY(0px);--awb-transform-hover:translateY(-6px);--awb-flex-grow:0;--awb-flex-shrink:0;--awb-flex-grow-medium:0;--awb-flex-shrink-medium:0;--awb-flex-grow-small:0;--awb-flex-shrink-small:0;\"><span class=\"fusion-column-inner-bg hover-type-none\"><a class=\"fusion-column-anchor\" href=\"https:\/\/www.alumni.space\/pt-pt\/como-integrar-os-teus-antigos-empregados-nos-teus-programas-de-mentoria\/\"><span class=\"fusion-column-inner-bg-image\"><\/span><\/a><\/span><div class=\"fusion-column-wrapper fusion-column-has-shadow fusion-flex-justify-content-flex-start fusion-content-layout-column\"><div class=\"fusion-classic-product-image-wrapper fusion-woo-product-image fusion-post-card-image fusion-post-card-image-1 product-images has-aspect-ratio\" data-layout=\"crossfade\" style=\"--awb-margin-bottom:40px;--awb-aspect-ratio:1.1764705882353;\"><a href=\"https:\/\/www.alumni.space\/pt-pt\/como-integrar-os-teus-antigos-empregados-nos-teus-programas-de-mentoria\/\" title=\"Como integrar os teus antigos empregados nos teus programas de mentoria\"><div class=\"featured-image\">\n\t\t<img decoding=\"async\" width=\"1280\" height=\"768\" src=\"https:\/\/www.alumni.space\/wp-content\/uploads\/2026\/03\/Comment-integrer-vos-anciens-salaries-dans-vos-programmes-de-mentorat.jpg\" class=\"attachment-full size-full lazyload wp-post-image\" alt=\"Descobre como integrar eficazmente os teus antigos empregados nos teus programas de mentoria para refor\u00e7ar as compet\u00eancias e promover a transfer\u00eancia de conhecimentos na tua empresa.\" srcset=\"data:image\/svg+xml,%3Csvg%20xmlns%3D%27http%3A%2F%2Fwww.w3.org%2F2000%2Fsvg%27%20width%3D%271280%27%20height%3D%27768%27%20viewBox%3D%270%200%201280%20768%27%3E%3Crect%20width%3D%271280%27%20height%3D%27768%27%20fill-opacity%3D%220%22%2F%3E%3C%2Fsvg%3E\" data-orig-src=\"https:\/\/www.alumni.space\/wp-content\/uploads\/2026\/03\/Comment-integrer-vos-anciens-salaries-dans-vos-programmes-de-mentorat.jpg\" data-srcset=\"https:\/\/www.alumni.space\/wp-content\/uploads\/2026\/03\/Comment-integrer-vos-anciens-salaries-dans-vos-programmes-de-mentorat-200x120.jpg 200w, https:\/\/www.alumni.space\/wp-content\/uploads\/2026\/03\/Comment-integrer-vos-anciens-salaries-dans-vos-programmes-de-mentorat-400x240.jpg 400w, https:\/\/www.alumni.space\/wp-content\/uploads\/2026\/03\/Comment-integrer-vos-anciens-salaries-dans-vos-programmes-de-mentorat-600x360.jpg 600w, https:\/\/www.alumni.space\/wp-content\/uploads\/2026\/03\/Comment-integrer-vos-anciens-salaries-dans-vos-programmes-de-mentorat-800x480.jpg 800w, https:\/\/www.alumni.space\/wp-content\/uploads\/2026\/03\/Comment-integrer-vos-anciens-salaries-dans-vos-programmes-de-mentorat-1200x720.jpg 1200w, https:\/\/www.alumni.space\/wp-content\/uploads\/2026\/03\/Comment-integrer-vos-anciens-salaries-dans-vos-programmes-de-mentorat.jpg 1280w\" data-sizes=\"auto\" \/>\n\t<\/div>\n<\/a><\/div><div class=\"fusion-text fusion-text-17 fusion-text-no-margin\" style=\"--awb-font-size:var(--awb-typography5-font-size);--awb-line-height:var(--awb-typography5-line-height);--awb-letter-spacing:var(--awb-typography5-letter-spacing);--awb-text-transform:var(--awb-typography5-text-transform);--awb-text-color:var(--awb-color8);--awb-margin-bottom:12px;--awb-text-font-family:var(--awb-typography5-font-family);--awb-text-font-weight:var(--awb-typography5-font-weight);--awb-text-font-style:var(--awb-typography5-font-style);\"><p><a href=\"https:\/\/www.alumni.space\/pt-pt\/category\/mentoria\/\" title=\"Mentoria\">Mentoria<\/a><\/p>\n<\/div><div class=\"fusion-title title fusion-title-11 fusion-sep-none fusion-title-text fusion-title-size-four\" style=\"--awb-margin-top:0px;--awb-margin-bottom:16px;--awb-margin-top-small:0px;--awb-margin-right-small:0px;--awb-margin-bottom-small:16px;--awb-margin-left-small:0px;--awb-link-color:var(--awb-color8);--awb-font-size:25px;\"><h4 class=\"fusion-title-heading title-heading-left\" style=\"margin:0;font-size:1em;line-height:1.4;\"><a href=\"https:\/\/www.alumni.space\/pt-pt\/como-integrar-os-teus-antigos-empregados-nos-teus-programas-de-mentoria\/\" class=\"awb-custom-text-color awb-custom-text-hover-color\" target=\"_self\">Como integrar os teus antigos empregados nos teus programas de mentoria<\/a><\/h4><\/div><div class=\"fusion-text fusion-text-18\"><p>A fuga de c\u00e9rebros \u00e9 um pesadelo silencioso para as  [...]<\/p>\n<\/div><\/div><\/li>\n<li class=\"fusion-layout-column fusion_builder_column fusion-builder-column-12 fusion-flex-column fusion-column-inner-bg-wrapper post-card fusion-grid-column fusion-post-cards-grid-column fusion-animated\" style=\"--awb-inner-bg-size:cover;--awb-border-color:var(--awb-color7);--awb-border-style:solid;--awb-transform:translateY(0px);--awb-transform-hover:translateY(-6px);--awb-flex-grow:0;--awb-flex-shrink:0;--awb-flex-grow-medium:0;--awb-flex-shrink-medium:0;--awb-flex-grow-small:0;--awb-flex-shrink-small:0;\"><span class=\"fusion-column-inner-bg hover-type-none\"><a class=\"fusion-column-anchor\" href=\"https:\/\/www.alumni.space\/pt-pt\/as-vantagens-do-mentoring-para-reter-o-teu-talento\/\"><span class=\"fusion-column-inner-bg-image\"><\/span><\/a><\/span><div class=\"fusion-column-wrapper fusion-column-has-shadow fusion-flex-justify-content-flex-start fusion-content-layout-column\"><div class=\"fusion-classic-product-image-wrapper fusion-woo-product-image fusion-post-card-image fusion-post-card-image-1 product-images has-aspect-ratio\" data-layout=\"crossfade\" style=\"--awb-margin-bottom:40px;--awb-aspect-ratio:1.1764705882353;\"><a href=\"https:\/\/www.alumni.space\/pt-pt\/as-vantagens-do-mentoring-para-reter-o-teu-talento\/\" title=\"As vantagens do mentoring para reter o teu talento\"><div class=\"featured-image\">\n\t\t<img decoding=\"async\" width=\"1280\" height=\"768\" src=\"https:\/\/www.alumni.space\/wp-content\/uploads\/2026\/03\/Les-benefices-du-mentorat-pour-fideliser-vos-talents.jpg\" class=\"attachment-full size-full lazyload wp-post-image\" alt=\"Descobre como o mentoring pode refor\u00e7ar o empenho e a lealdade dos teus talentos, desenvolvendo as suas compet\u00eancias e promovendo um ambiente de trabalho positivo.\" srcset=\"data:image\/svg+xml,%3Csvg%20xmlns%3D%27http%3A%2F%2Fwww.w3.org%2F2000%2Fsvg%27%20width%3D%271280%27%20height%3D%27768%27%20viewBox%3D%270%200%201280%20768%27%3E%3Crect%20width%3D%271280%27%20height%3D%27768%27%20fill-opacity%3D%220%22%2F%3E%3C%2Fsvg%3E\" data-orig-src=\"https:\/\/www.alumni.space\/wp-content\/uploads\/2026\/03\/Les-benefices-du-mentorat-pour-fideliser-vos-talents.jpg\" data-srcset=\"https:\/\/www.alumni.space\/wp-content\/uploads\/2026\/03\/Les-benefices-du-mentorat-pour-fideliser-vos-talents-200x120.jpg 200w, https:\/\/www.alumni.space\/wp-content\/uploads\/2026\/03\/Les-benefices-du-mentorat-pour-fideliser-vos-talents-400x240.jpg 400w, https:\/\/www.alumni.space\/wp-content\/uploads\/2026\/03\/Les-benefices-du-mentorat-pour-fideliser-vos-talents-600x360.jpg 600w, https:\/\/www.alumni.space\/wp-content\/uploads\/2026\/03\/Les-benefices-du-mentorat-pour-fideliser-vos-talents-800x480.jpg 800w, https:\/\/www.alumni.space\/wp-content\/uploads\/2026\/03\/Les-benefices-du-mentorat-pour-fideliser-vos-talents-1200x720.jpg 1200w, https:\/\/www.alumni.space\/wp-content\/uploads\/2026\/03\/Les-benefices-du-mentorat-pour-fideliser-vos-talents.jpg 1280w\" data-sizes=\"auto\" \/>\n\t<\/div>\n<\/a><\/div><div class=\"fusion-text fusion-text-19 fusion-text-no-margin\" style=\"--awb-font-size:var(--awb-typography5-font-size);--awb-line-height:var(--awb-typography5-line-height);--awb-letter-spacing:var(--awb-typography5-letter-spacing);--awb-text-transform:var(--awb-typography5-text-transform);--awb-text-color:var(--awb-color8);--awb-margin-bottom:12px;--awb-text-font-family:var(--awb-typography5-font-family);--awb-text-font-weight:var(--awb-typography5-font-weight);--awb-text-font-style:var(--awb-typography5-font-style);\"><p><a href=\"https:\/\/www.alumni.space\/pt-pt\/category\/mentoria\/\" title=\"Mentoria\">Mentoria<\/a><\/p>\n<\/div><div class=\"fusion-title title fusion-title-12 fusion-sep-none fusion-title-text fusion-title-size-four\" style=\"--awb-margin-top:0px;--awb-margin-bottom:16px;--awb-margin-top-small:0px;--awb-margin-right-small:0px;--awb-margin-bottom-small:16px;--awb-margin-left-small:0px;--awb-link-color:var(--awb-color8);--awb-font-size:25px;\"><h4 class=\"fusion-title-heading title-heading-left\" style=\"margin:0;font-size:1em;line-height:1.4;\"><a href=\"https:\/\/www.alumni.space\/pt-pt\/as-vantagens-do-mentoring-para-reter-o-teu-talento\/\" class=\"awb-custom-text-color awb-custom-text-hover-color\" target=\"_self\">As vantagens do mentoring para reter o teu talento<\/a><\/h4><\/div><div class=\"fusion-text fusion-text-20\"><p>Imagina o Marc, o teu melhor gestor de projectos, a  [...]<\/p>\n<\/div><\/div><\/li>\n<li class=\"fusion-layout-column fusion_builder_column fusion-builder-column-13 fusion-flex-column fusion-column-inner-bg-wrapper post-card fusion-grid-column fusion-post-cards-grid-column fusion-animated\" style=\"--awb-inner-bg-size:cover;--awb-border-color:var(--awb-color7);--awb-border-style:solid;--awb-transform:translateY(0px);--awb-transform-hover:translateY(-6px);--awb-flex-grow:0;--awb-flex-shrink:0;--awb-flex-grow-medium:0;--awb-flex-shrink-medium:0;--awb-flex-grow-small:0;--awb-flex-shrink-small:0;\"><span class=\"fusion-column-inner-bg hover-type-none\"><a class=\"fusion-column-anchor\" href=\"https:\/\/www.alumni.space\/pt-pt\/tutoria-solidaria-apoiar-os-jovens-dos-bairros-prioritarios\/\"><span class=\"fusion-column-inner-bg-image\"><\/span><\/a><\/span><div class=\"fusion-column-wrapper fusion-column-has-shadow fusion-flex-justify-content-flex-start fusion-content-layout-column\"><div class=\"fusion-classic-product-image-wrapper fusion-woo-product-image fusion-post-card-image fusion-post-card-image-1 product-images has-aspect-ratio\" data-layout=\"crossfade\" style=\"--awb-margin-bottom:40px;--awb-aspect-ratio:1.1764705882353;\"><a href=\"https:\/\/www.alumni.space\/pt-pt\/tutoria-solidaria-apoiar-os-jovens-dos-bairros-prioritarios\/\" title=\"Tutoria solid\u00e1ria: apoiar os jovens dos bairros priorit\u00e1rios\"><div class=\"featured-image\">\n\t\t<img decoding=\"async\" width=\"1280\" height=\"768\" src=\"https:\/\/www.alumni.space\/wp-content\/uploads\/2026\/03\/Mentorat-solidaire-accompagner-les-jeunes-issus-de-quartiers-prioritaires.jpg\" class=\"attachment-full size-full lazyload wp-post-image\" alt=\"descobre como a tutoria pode ajudar os jovens dos bairros priorit\u00e1rios a desenvolver as suas oportunidades e a ter sucesso.\" srcset=\"data:image\/svg+xml,%3Csvg%20xmlns%3D%27http%3A%2F%2Fwww.w3.org%2F2000%2Fsvg%27%20width%3D%271280%27%20height%3D%27768%27%20viewBox%3D%270%200%201280%20768%27%3E%3Crect%20width%3D%271280%27%20height%3D%27768%27%20fill-opacity%3D%220%22%2F%3E%3C%2Fsvg%3E\" data-orig-src=\"https:\/\/www.alumni.space\/wp-content\/uploads\/2026\/03\/Mentorat-solidaire-accompagner-les-jeunes-issus-de-quartiers-prioritaires.jpg\" data-srcset=\"https:\/\/www.alumni.space\/wp-content\/uploads\/2026\/03\/Mentorat-solidaire-accompagner-les-jeunes-issus-de-quartiers-prioritaires-200x120.jpg 200w, https:\/\/www.alumni.space\/wp-content\/uploads\/2026\/03\/Mentorat-solidaire-accompagner-les-jeunes-issus-de-quartiers-prioritaires-400x240.jpg 400w, https:\/\/www.alumni.space\/wp-content\/uploads\/2026\/03\/Mentorat-solidaire-accompagner-les-jeunes-issus-de-quartiers-prioritaires-600x360.jpg 600w, https:\/\/www.alumni.space\/wp-content\/uploads\/2026\/03\/Mentorat-solidaire-accompagner-les-jeunes-issus-de-quartiers-prioritaires-800x480.jpg 800w, https:\/\/www.alumni.space\/wp-content\/uploads\/2026\/03\/Mentorat-solidaire-accompagner-les-jeunes-issus-de-quartiers-prioritaires-1200x720.jpg 1200w, https:\/\/www.alumni.space\/wp-content\/uploads\/2026\/03\/Mentorat-solidaire-accompagner-les-jeunes-issus-de-quartiers-prioritaires.jpg 1280w\" data-sizes=\"auto\" \/>\n\t<\/div>\n<\/a><\/div><div class=\"fusion-text fusion-text-21 fusion-text-no-margin\" style=\"--awb-font-size:var(--awb-typography5-font-size);--awb-line-height:var(--awb-typography5-line-height);--awb-letter-spacing:var(--awb-typography5-letter-spacing);--awb-text-transform:var(--awb-typography5-text-transform);--awb-text-color:var(--awb-color8);--awb-margin-bottom:12px;--awb-text-font-family:var(--awb-typography5-font-family);--awb-text-font-weight:var(--awb-typography5-font-weight);--awb-text-font-style:var(--awb-typography5-font-style);\"><p><a href=\"https:\/\/www.alumni.space\/pt-pt\/category\/mentoria\/\" title=\"Mentoria\">Mentoria<\/a><\/p>\n<\/div><div class=\"fusion-title title fusion-title-13 fusion-sep-none fusion-title-text fusion-title-size-four\" style=\"--awb-margin-top:0px;--awb-margin-bottom:16px;--awb-margin-top-small:0px;--awb-margin-right-small:0px;--awb-margin-bottom-small:16px;--awb-margin-left-small:0px;--awb-link-color:var(--awb-color8);--awb-font-size:25px;\"><h4 class=\"fusion-title-heading title-heading-left\" style=\"margin:0;font-size:1em;line-height:1.4;\"><a href=\"https:\/\/www.alumni.space\/pt-pt\/tutoria-solidaria-apoiar-os-jovens-dos-bairros-prioritarios\/\" class=\"awb-custom-text-color awb-custom-text-hover-color\" target=\"_self\">Tutoria solid\u00e1ria: apoiar os jovens dos bairros priorit\u00e1rios<\/a><\/h4><\/div><div class=\"fusion-text fusion-text-22\"><p>O fosso entre as oportunidades educativas instala-se frequentemente numa idade  [...]<\/p>\n<\/div><\/div><\/li>\n<li class=\"fusion-layout-column fusion_builder_column fusion-builder-column-14 fusion-flex-column fusion-column-inner-bg-wrapper post-card fusion-grid-column fusion-post-cards-grid-column fusion-animated\" style=\"--awb-inner-bg-size:cover;--awb-border-color:var(--awb-color7);--awb-border-style:solid;--awb-transform:translateY(0px);--awb-transform-hover:translateY(-6px);--awb-flex-grow:0;--awb-flex-shrink:0;--awb-flex-grow-medium:0;--awb-flex-shrink-medium:0;--awb-flex-grow-small:0;--awb-flex-shrink-small:0;\"><span class=\"fusion-column-inner-bg hover-type-none\"><a class=\"fusion-column-anchor\" href=\"https:\/\/www.alumni.space\/pt-pt\/alumni-e-desenvolvimento-empresarial-uma-combinacao-vencedora\/\"><span class=\"fusion-column-inner-bg-image\"><\/span><\/a><\/span><div class=\"fusion-column-wrapper fusion-column-has-shadow fusion-flex-justify-content-flex-start fusion-content-layout-column\"><div class=\"fusion-classic-product-image-wrapper fusion-woo-product-image fusion-post-card-image fusion-post-card-image-1 product-images has-aspect-ratio\" data-layout=\"crossfade\" style=\"--awb-margin-bottom:40px;--awb-aspect-ratio:1.1764705882353;\"><a href=\"https:\/\/www.alumni.space\/pt-pt\/alumni-e-desenvolvimento-empresarial-uma-combinacao-vencedora\/\" title=\"Alumni e desenvolvimento empresarial: uma combina\u00e7\u00e3o vencedora\"><div class=\"featured-image\">\n\t\t<img decoding=\"async\" width=\"1344\" height=\"768\" src=\"https:\/\/www.alumni.space\/wp-content\/uploads\/2026\/03\/Alumni-et-business-development-une-combinaison-gagnante.jpg\" class=\"attachment-full size-full lazyload wp-post-image\" alt=\"descobre como a rede de alumni estimula o desenvolvimento do neg\u00f3cio, criando oportunidades \u00fanicas e crescimento sustent\u00e1vel para as empresas.\" srcset=\"data:image\/svg+xml,%3Csvg%20xmlns%3D%27http%3A%2F%2Fwww.w3.org%2F2000%2Fsvg%27%20width%3D%271344%27%20height%3D%27768%27%20viewBox%3D%270%200%201344%20768%27%3E%3Crect%20width%3D%271344%27%20height%3D%27768%27%20fill-opacity%3D%220%22%2F%3E%3C%2Fsvg%3E\" data-orig-src=\"https:\/\/www.alumni.space\/wp-content\/uploads\/2026\/03\/Alumni-et-business-development-une-combinaison-gagnante.jpg\" data-srcset=\"https:\/\/www.alumni.space\/wp-content\/uploads\/2026\/03\/Alumni-et-business-development-une-combinaison-gagnante-200x114.jpg 200w, https:\/\/www.alumni.space\/wp-content\/uploads\/2026\/03\/Alumni-et-business-development-une-combinaison-gagnante-400x229.jpg 400w, https:\/\/www.alumni.space\/wp-content\/uploads\/2026\/03\/Alumni-et-business-development-une-combinaison-gagnante-600x343.jpg 600w, https:\/\/www.alumni.space\/wp-content\/uploads\/2026\/03\/Alumni-et-business-development-une-combinaison-gagnante-800x457.jpg 800w, https:\/\/www.alumni.space\/wp-content\/uploads\/2026\/03\/Alumni-et-business-development-une-combinaison-gagnante-1200x686.jpg 1200w, https:\/\/www.alumni.space\/wp-content\/uploads\/2026\/03\/Alumni-et-business-development-une-combinaison-gagnante.jpg 1344w\" data-sizes=\"auto\" \/>\n\t<\/div>\n<\/a><\/div><div class=\"fusion-text fusion-text-23 fusion-text-no-margin\" style=\"--awb-font-size:var(--awb-typography5-font-size);--awb-line-height:var(--awb-typography5-line-height);--awb-letter-spacing:var(--awb-typography5-letter-spacing);--awb-text-transform:var(--awb-typography5-text-transform);--awb-text-color:var(--awb-color8);--awb-margin-bottom:12px;--awb-text-font-family:var(--awb-typography5-font-family);--awb-text-font-weight:var(--awb-typography5-font-weight);--awb-text-font-style:var(--awb-typography5-font-style);\"><p><a href=\"https:\/\/www.alumni.space\/pt-pt\/category\/antigos-alunos\/\" title=\"Antigos alunos\">Antigos alunos<\/a><\/p>\n<\/div><div class=\"fusion-title title fusion-title-14 fusion-sep-none fusion-title-text fusion-title-size-four\" style=\"--awb-margin-top:0px;--awb-margin-bottom:16px;--awb-margin-top-small:0px;--awb-margin-right-small:0px;--awb-margin-bottom-small:16px;--awb-margin-left-small:0px;--awb-link-color:var(--awb-color8);--awb-font-size:25px;\"><h4 class=\"fusion-title-heading title-heading-left\" style=\"margin:0;font-size:1em;line-height:1.4;\"><a href=\"https:\/\/www.alumni.space\/pt-pt\/alumni-e-desenvolvimento-empresarial-uma-combinacao-vencedora\/\" class=\"awb-custom-text-color awb-custom-text-hover-color\" target=\"_self\">Alumni e desenvolvimento empresarial: uma combina\u00e7\u00e3o vencedora<\/a><\/h4><\/div><div class=\"fusion-text fusion-text-24\"><p>Alumni e Business Development: uma combina\u00e7\u00e3o destinada a criar Oportunidades  [...]<\/p>\n<\/div><\/div><\/li>\n<li class=\"fusion-layout-column fusion_builder_column fusion-builder-column-15 fusion-flex-column fusion-column-inner-bg-wrapper post-card fusion-grid-column fusion-post-cards-grid-column fusion-animated\" style=\"--awb-inner-bg-size:cover;--awb-border-color:var(--awb-color7);--awb-border-style:solid;--awb-transform:translateY(0px);--awb-transform-hover:translateY(-6px);--awb-flex-grow:0;--awb-flex-shrink:0;--awb-flex-grow-medium:0;--awb-flex-shrink-medium:0;--awb-flex-grow-small:0;--awb-flex-shrink-small:0;\"><span class=\"fusion-column-inner-bg hover-type-none\"><a class=\"fusion-column-anchor\" href=\"https:\/\/www.alumni.space\/pt-pt\/programas-para-antigos-alunos-um-poderoso-instrumento-indireto-de-fidelizacao\/\"><span class=\"fusion-column-inner-bg-image\"><\/span><\/a><\/span><div class=\"fusion-column-wrapper fusion-column-has-shadow fusion-flex-justify-content-flex-start fusion-content-layout-column\"><div class=\"fusion-classic-product-image-wrapper fusion-woo-product-image fusion-post-card-image fusion-post-card-image-1 product-images has-aspect-ratio\" data-layout=\"crossfade\" style=\"--awb-margin-bottom:40px;--awb-aspect-ratio:1.1764705882353;\"><a href=\"https:\/\/www.alumni.space\/pt-pt\/programas-para-antigos-alunos-um-poderoso-instrumento-indireto-de-fidelizacao\/\" title=\"Programas para antigos alunos: um poderoso instrumento indireto de fideliza\u00e7\u00e3o\"><div class=\"featured-image\">\n\t\t<img decoding=\"async\" width=\"1344\" height=\"768\" src=\"https:\/\/www.alumni.space\/wp-content\/uploads\/2026\/03\/Les-programmes-alumni-un-outil-puissant-de-fidelisation-indirecte.jpg\" class=\"attachment-full size-full lazyload wp-post-image\" alt=\"descobre como os programas alumni podem aumentar a lealdade indireta, mantendo uma liga\u00e7\u00e3o duradoura com os seus alumni e promovendo uma rede empenhada e ativa.\" srcset=\"data:image\/svg+xml,%3Csvg%20xmlns%3D%27http%3A%2F%2Fwww.w3.org%2F2000%2Fsvg%27%20width%3D%271344%27%20height%3D%27768%27%20viewBox%3D%270%200%201344%20768%27%3E%3Crect%20width%3D%271344%27%20height%3D%27768%27%20fill-opacity%3D%220%22%2F%3E%3C%2Fsvg%3E\" data-orig-src=\"https:\/\/www.alumni.space\/wp-content\/uploads\/2026\/03\/Les-programmes-alumni-un-outil-puissant-de-fidelisation-indirecte.jpg\" data-srcset=\"https:\/\/www.alumni.space\/wp-content\/uploads\/2026\/03\/Les-programmes-alumni-un-outil-puissant-de-fidelisation-indirecte-200x114.jpg 200w, https:\/\/www.alumni.space\/wp-content\/uploads\/2026\/03\/Les-programmes-alumni-un-outil-puissant-de-fidelisation-indirecte-400x229.jpg 400w, https:\/\/www.alumni.space\/wp-content\/uploads\/2026\/03\/Les-programmes-alumni-un-outil-puissant-de-fidelisation-indirecte-600x343.jpg 600w, https:\/\/www.alumni.space\/wp-content\/uploads\/2026\/03\/Les-programmes-alumni-un-outil-puissant-de-fidelisation-indirecte-800x457.jpg 800w, https:\/\/www.alumni.space\/wp-content\/uploads\/2026\/03\/Les-programmes-alumni-un-outil-puissant-de-fidelisation-indirecte-1200x686.jpg 1200w, https:\/\/www.alumni.space\/wp-content\/uploads\/2026\/03\/Les-programmes-alumni-un-outil-puissant-de-fidelisation-indirecte.jpg 1344w\" data-sizes=\"auto\" \/>\n\t<\/div>\n<\/a><\/div><div class=\"fusion-text fusion-text-25 fusion-text-no-margin\" style=\"--awb-font-size:var(--awb-typography5-font-size);--awb-line-height:var(--awb-typography5-line-height);--awb-letter-spacing:var(--awb-typography5-letter-spacing);--awb-text-transform:var(--awb-typography5-text-transform);--awb-text-color:var(--awb-color8);--awb-margin-bottom:12px;--awb-text-font-family:var(--awb-typography5-font-family);--awb-text-font-weight:var(--awb-typography5-font-weight);--awb-text-font-style:var(--awb-typography5-font-style);\"><p><a href=\"https:\/\/www.alumni.space\/pt-pt\/category\/antigos-alunos\/\" title=\"Antigos alunos\">Antigos alunos<\/a><\/p>\n<\/div><div class=\"fusion-title title fusion-title-15 fusion-sep-none fusion-title-text fusion-title-size-four\" style=\"--awb-margin-top:0px;--awb-margin-bottom:16px;--awb-margin-top-small:0px;--awb-margin-right-small:0px;--awb-margin-bottom-small:16px;--awb-margin-left-small:0px;--awb-link-color:var(--awb-color8);--awb-font-size:25px;\"><h4 class=\"fusion-title-heading title-heading-left\" style=\"margin:0;font-size:1em;line-height:1.4;\"><a href=\"https:\/\/www.alumni.space\/pt-pt\/programas-para-antigos-alunos-um-poderoso-instrumento-indireto-de-fidelizacao\/\" class=\"awb-custom-text-color awb-custom-text-hover-color\" target=\"_self\">Programas para antigos alunos: um poderoso instrumento indireto de fideliza\u00e7\u00e3o<\/a><\/h4><\/div><div class=\"fusion-text fusion-text-26\"><p>Os programas Alumni s\u00e3o uma alavanca discreta mas poderosa para  [...]<\/p>\n<\/div><\/div><\/li>\n<li class=\"fusion-layout-column fusion_builder_column fusion-builder-column-16 fusion-flex-column fusion-column-inner-bg-wrapper post-card fusion-grid-column fusion-post-cards-grid-column fusion-animated\" style=\"--awb-inner-bg-size:cover;--awb-border-color:var(--awb-color7);--awb-border-style:solid;--awb-transform:translateY(0px);--awb-transform-hover:translateY(-6px);--awb-flex-grow:0;--awb-flex-shrink:0;--awb-flex-grow-medium:0;--awb-flex-shrink-medium:0;--awb-flex-grow-small:0;--awb-flex-shrink-small:0;\"><span class=\"fusion-column-inner-bg hover-type-none\"><a class=\"fusion-column-anchor\" href=\"https:\/\/www.alumni.space\/pt-pt\/jovens-licenciados-como-encontrar-um-mentor\/\"><span class=\"fusion-column-inner-bg-image\"><\/span><\/a><\/span><div class=\"fusion-column-wrapper fusion-column-has-shadow fusion-flex-justify-content-flex-start fusion-content-layout-column\"><div class=\"fusion-classic-product-image-wrapper fusion-woo-product-image fusion-post-card-image fusion-post-card-image-1 product-images has-aspect-ratio\" data-layout=\"crossfade\" style=\"--awb-margin-bottom:40px;--awb-aspect-ratio:1.1764705882353;\"><a href=\"https:\/\/www.alumni.space\/pt-pt\/jovens-licenciados-como-encontrar-um-mentor\/\" title=\"Jovens licenciados: como encontrar um mentor?\"><div class=\"featured-image\">\n\t\t<img decoding=\"async\" width=\"1280\" height=\"768\" src=\"https:\/\/www.alumni.space\/wp-content\/uploads\/2026\/03\/Jeunes-diplomes-comment-trouver-un-mentor-.jpg\" class=\"attachment-full size-full lazyload wp-post-image\" alt=\"Descobre conselhos pr\u00e1ticos para os jovens licenciados encontrarem um mentor, impulsionarem a sua carreira e beneficiarem de apoio personalizado.\" srcset=\"data:image\/svg+xml,%3Csvg%20xmlns%3D%27http%3A%2F%2Fwww.w3.org%2F2000%2Fsvg%27%20width%3D%271280%27%20height%3D%27768%27%20viewBox%3D%270%200%201280%20768%27%3E%3Crect%20width%3D%271280%27%20height%3D%27768%27%20fill-opacity%3D%220%22%2F%3E%3C%2Fsvg%3E\" data-orig-src=\"https:\/\/www.alumni.space\/wp-content\/uploads\/2026\/03\/Jeunes-diplomes-comment-trouver-un-mentor-.jpg\" data-srcset=\"https:\/\/www.alumni.space\/wp-content\/uploads\/2026\/03\/Jeunes-diplomes-comment-trouver-un-mentor--200x120.jpg 200w, https:\/\/www.alumni.space\/wp-content\/uploads\/2026\/03\/Jeunes-diplomes-comment-trouver-un-mentor--400x240.jpg 400w, https:\/\/www.alumni.space\/wp-content\/uploads\/2026\/03\/Jeunes-diplomes-comment-trouver-un-mentor--600x360.jpg 600w, https:\/\/www.alumni.space\/wp-content\/uploads\/2026\/03\/Jeunes-diplomes-comment-trouver-un-mentor--800x480.jpg 800w, https:\/\/www.alumni.space\/wp-content\/uploads\/2026\/03\/Jeunes-diplomes-comment-trouver-un-mentor--1200x720.jpg 1200w, https:\/\/www.alumni.space\/wp-content\/uploads\/2026\/03\/Jeunes-diplomes-comment-trouver-un-mentor-.jpg 1280w\" data-sizes=\"auto\" \/>\n\t<\/div>\n<\/a><\/div><div class=\"fusion-text fusion-text-27 fusion-text-no-margin\" style=\"--awb-font-size:var(--awb-typography5-font-size);--awb-line-height:var(--awb-typography5-line-height);--awb-letter-spacing:var(--awb-typography5-letter-spacing);--awb-text-transform:var(--awb-typography5-text-transform);--awb-text-color:var(--awb-color8);--awb-margin-bottom:12px;--awb-text-font-family:var(--awb-typography5-font-family);--awb-text-font-weight:var(--awb-typography5-font-weight);--awb-text-font-style:var(--awb-typography5-font-style);\"><p><a href=\"https:\/\/www.alumni.space\/pt-pt\/category\/mentoria\/\" title=\"Mentoria\">Mentoria<\/a><\/p>\n<\/div><div class=\"fusion-title title fusion-title-16 fusion-sep-none fusion-title-text fusion-title-size-four\" style=\"--awb-margin-top:0px;--awb-margin-bottom:16px;--awb-margin-top-small:0px;--awb-margin-right-small:0px;--awb-margin-bottom-small:16px;--awb-margin-left-small:0px;--awb-link-color:var(--awb-color8);--awb-font-size:25px;\"><h4 class=\"fusion-title-heading title-heading-left\" style=\"margin:0;font-size:1em;line-height:1.4;\"><a href=\"https:\/\/www.alumni.space\/pt-pt\/jovens-licenciados-como-encontrar-um-mentor\/\" class=\"awb-custom-text-color awb-custom-text-hover-color\" target=\"_self\">Jovens licenciados: como encontrar um mentor?<\/a><\/h4><\/div><div class=\"fusion-text fusion-text-28\"><p>A transi\u00e7\u00e3o do mundo acad\u00e9mico para o mundo profissional \u00e9  [...]<\/p>\n<\/div><\/div><\/li>\n<li class=\"fusion-layout-column fusion_builder_column fusion-builder-column-17 fusion-flex-column fusion-column-inner-bg-wrapper post-card fusion-grid-column fusion-post-cards-grid-column fusion-animated\" style=\"--awb-inner-bg-size:cover;--awb-border-color:var(--awb-color7);--awb-border-style:solid;--awb-transform:translateY(0px);--awb-transform-hover:translateY(-6px);--awb-flex-grow:0;--awb-flex-shrink:0;--awb-flex-grow-medium:0;--awb-flex-shrink-medium:0;--awb-flex-grow-small:0;--awb-flex-shrink-small:0;\"><span class=\"fusion-column-inner-bg hover-type-none\"><a class=\"fusion-column-anchor\" href=\"https:\/\/www.alumni.space\/pt-pt\/5-exemplos-de-grandes-empresas-que-tiveram-sucesso-gracas-ao-mentoring\/\"><span class=\"fusion-column-inner-bg-image\"><\/span><\/a><\/span><div class=\"fusion-column-wrapper fusion-column-has-shadow fusion-flex-justify-content-flex-start fusion-content-layout-column\"><div class=\"fusion-classic-product-image-wrapper fusion-woo-product-image fusion-post-card-image fusion-post-card-image-1 product-images has-aspect-ratio\" data-layout=\"crossfade\" style=\"--awb-margin-bottom:40px;--awb-aspect-ratio:1.1764705882353;\"><a href=\"https:\/\/www.alumni.space\/pt-pt\/5-exemplos-de-grandes-empresas-que-tiveram-sucesso-gracas-ao-mentoring\/\" title=\"5 exemplos de grandes empresas que tiveram sucesso gra\u00e7as ao mentoring\"><div class=\"featured-image\">\n\t\t<img decoding=\"async\" width=\"1280\" height=\"768\" src=\"https:\/\/www.alumni.space\/wp-content\/uploads\/2026\/03\/5-exemples-de-grandes-entreprises-qui-reussissent-grace-au-mentorat-2.jpg\" class=\"attachment-full size-full lazyload wp-post-image\" alt=\"descobre como 5 empresas l\u00edderes impulsionaram o seu sucesso atrav\u00e9s do mentoring e inspira-te nas suas estrat\u00e9gias vencedoras.\" srcset=\"data:image\/svg+xml,%3Csvg%20xmlns%3D%27http%3A%2F%2Fwww.w3.org%2F2000%2Fsvg%27%20width%3D%271280%27%20height%3D%27768%27%20viewBox%3D%270%200%201280%20768%27%3E%3Crect%20width%3D%271280%27%20height%3D%27768%27%20fill-opacity%3D%220%22%2F%3E%3C%2Fsvg%3E\" data-orig-src=\"https:\/\/www.alumni.space\/wp-content\/uploads\/2026\/03\/5-exemples-de-grandes-entreprises-qui-reussissent-grace-au-mentorat-2.jpg\" data-srcset=\"https:\/\/www.alumni.space\/wp-content\/uploads\/2026\/03\/5-exemples-de-grandes-entreprises-qui-reussissent-grace-au-mentorat-2-200x120.jpg 200w, https:\/\/www.alumni.space\/wp-content\/uploads\/2026\/03\/5-exemples-de-grandes-entreprises-qui-reussissent-grace-au-mentorat-2-400x240.jpg 400w, https:\/\/www.alumni.space\/wp-content\/uploads\/2026\/03\/5-exemples-de-grandes-entreprises-qui-reussissent-grace-au-mentorat-2-600x360.jpg 600w, https:\/\/www.alumni.space\/wp-content\/uploads\/2026\/03\/5-exemples-de-grandes-entreprises-qui-reussissent-grace-au-mentorat-2-800x480.jpg 800w, https:\/\/www.alumni.space\/wp-content\/uploads\/2026\/03\/5-exemples-de-grandes-entreprises-qui-reussissent-grace-au-mentorat-2-1200x720.jpg 1200w, https:\/\/www.alumni.space\/wp-content\/uploads\/2026\/03\/5-exemples-de-grandes-entreprises-qui-reussissent-grace-au-mentorat-2.jpg 1280w\" data-sizes=\"auto\" \/>\n\t<\/div>\n<\/a><\/div><div class=\"fusion-text fusion-text-29 fusion-text-no-margin\" style=\"--awb-font-size:var(--awb-typography5-font-size);--awb-line-height:var(--awb-typography5-line-height);--awb-letter-spacing:var(--awb-typography5-letter-spacing);--awb-text-transform:var(--awb-typography5-text-transform);--awb-text-color:var(--awb-color8);--awb-margin-bottom:12px;--awb-text-font-family:var(--awb-typography5-font-family);--awb-text-font-weight:var(--awb-typography5-font-weight);--awb-text-font-style:var(--awb-typography5-font-style);\"><p><a href=\"https:\/\/www.alumni.space\/pt-pt\/category\/mentoria\/\" title=\"Mentoria\">Mentoria<\/a><\/p>\n<\/div><div class=\"fusion-title title fusion-title-17 fusion-sep-none fusion-title-text fusion-title-size-four\" style=\"--awb-margin-top:0px;--awb-margin-bottom:16px;--awb-margin-top-small:0px;--awb-margin-right-small:0px;--awb-margin-bottom-small:16px;--awb-margin-left-small:0px;--awb-link-color:var(--awb-color8);--awb-font-size:25px;\"><h4 class=\"fusion-title-heading title-heading-left\" style=\"margin:0;font-size:1em;line-height:1.4;\"><a href=\"https:\/\/www.alumni.space\/pt-pt\/5-exemplos-de-grandes-empresas-que-tiveram-sucesso-gracas-ao-mentoring\/\" class=\"awb-custom-text-color awb-custom-text-hover-color\" target=\"_self\">5 exemplos de grandes empresas que tiveram sucesso gra\u00e7as ao mentoring<\/a><\/h4><\/div><div class=\"fusion-text fusion-text-30\"><p>Imagina um mundo onde a sabedoria dos antigos \u00e9 transmitida  [...]<\/p>\n<\/div><\/div><\/li>\n<li class=\"fusion-layout-column fusion_builder_column fusion-builder-column-18 fusion-flex-column fusion-column-inner-bg-wrapper post-card fusion-grid-column fusion-post-cards-grid-column fusion-animated\" style=\"--awb-inner-bg-size:cover;--awb-border-color:var(--awb-color7);--awb-border-style:solid;--awb-transform:translateY(0px);--awb-transform-hover:translateY(-6px);--awb-flex-grow:0;--awb-flex-shrink:0;--awb-flex-grow-medium:0;--awb-flex-shrink-medium:0;--awb-flex-grow-small:0;--awb-flex-shrink-small:0;\"><span class=\"fusion-column-inner-bg hover-type-none\"><a class=\"fusion-column-anchor\" href=\"https:\/\/www.alumni.space\/pt-pt\/testemunhos-antigos-empregados-tornaram-se-parceiros-de-confianca\/\"><span class=\"fusion-column-inner-bg-image\"><\/span><\/a><\/span><div class=\"fusion-column-wrapper fusion-column-has-shadow fusion-flex-justify-content-flex-start fusion-content-layout-column\"><div class=\"fusion-classic-product-image-wrapper fusion-woo-product-image fusion-post-card-image fusion-post-card-image-1 product-images has-aspect-ratio\" data-layout=\"crossfade\" style=\"--awb-margin-bottom:40px;--awb-aspect-ratio:1.1764705882353;\"><a href=\"https:\/\/www.alumni.space\/pt-pt\/testemunhos-antigos-empregados-tornaram-se-parceiros-de-confianca\/\" title=\"Testemunhos: antigos empregados tornaram-se parceiros de confian\u00e7a\"><div class=\"featured-image\">\n\t\t<img decoding=\"async\" width=\"1344\" height=\"768\" src=\"https:\/\/www.alumni.space\/wp-content\/uploads\/2026\/03\/Temoignages-des-anciens-collaborateurs-devenus-partenaires-de-confiance.jpg\" class=\"attachment-full size-full lazyload wp-post-image\" alt=\"Descobre os testemunhos inspiradores de antigos funcion\u00e1rios que se tornaram parceiros de confian\u00e7a, reflectindo o nosso empenho e sucesso partilhados.\" srcset=\"data:image\/svg+xml,%3Csvg%20xmlns%3D%27http%3A%2F%2Fwww.w3.org%2F2000%2Fsvg%27%20width%3D%271344%27%20height%3D%27768%27%20viewBox%3D%270%200%201344%20768%27%3E%3Crect%20width%3D%271344%27%20height%3D%27768%27%20fill-opacity%3D%220%22%2F%3E%3C%2Fsvg%3E\" data-orig-src=\"https:\/\/www.alumni.space\/wp-content\/uploads\/2026\/03\/Temoignages-des-anciens-collaborateurs-devenus-partenaires-de-confiance.jpg\" data-srcset=\"https:\/\/www.alumni.space\/wp-content\/uploads\/2026\/03\/Temoignages-des-anciens-collaborateurs-devenus-partenaires-de-confiance-200x114.jpg 200w, https:\/\/www.alumni.space\/wp-content\/uploads\/2026\/03\/Temoignages-des-anciens-collaborateurs-devenus-partenaires-de-confiance-400x229.jpg 400w, https:\/\/www.alumni.space\/wp-content\/uploads\/2026\/03\/Temoignages-des-anciens-collaborateurs-devenus-partenaires-de-confiance-600x343.jpg 600w, https:\/\/www.alumni.space\/wp-content\/uploads\/2026\/03\/Temoignages-des-anciens-collaborateurs-devenus-partenaires-de-confiance-800x457.jpg 800w, https:\/\/www.alumni.space\/wp-content\/uploads\/2026\/03\/Temoignages-des-anciens-collaborateurs-devenus-partenaires-de-confiance-1200x686.jpg 1200w, https:\/\/www.alumni.space\/wp-content\/uploads\/2026\/03\/Temoignages-des-anciens-collaborateurs-devenus-partenaires-de-confiance.jpg 1344w\" data-sizes=\"auto\" \/>\n\t<\/div>\n<\/a><\/div><div class=\"fusion-text fusion-text-31 fusion-text-no-margin\" style=\"--awb-font-size:var(--awb-typography5-font-size);--awb-line-height:var(--awb-typography5-line-height);--awb-letter-spacing:var(--awb-typography5-letter-spacing);--awb-text-transform:var(--awb-typography5-text-transform);--awb-text-color:var(--awb-color8);--awb-margin-bottom:12px;--awb-text-font-family:var(--awb-typography5-font-family);--awb-text-font-weight:var(--awb-typography5-font-weight);--awb-text-font-style:var(--awb-typography5-font-style);\"><p><a href=\"https:\/\/www.alumni.space\/pt-pt\/category\/antigos-alunos\/\" title=\"Antigos alunos\">Antigos alunos<\/a><\/p>\n<\/div><div class=\"fusion-title title fusion-title-18 fusion-sep-none fusion-title-text fusion-title-size-four\" style=\"--awb-margin-top:0px;--awb-margin-bottom:16px;--awb-margin-top-small:0px;--awb-margin-right-small:0px;--awb-margin-bottom-small:16px;--awb-margin-left-small:0px;--awb-link-color:var(--awb-color8);--awb-font-size:25px;\"><h4 class=\"fusion-title-heading title-heading-left\" style=\"margin:0;font-size:1em;line-height:1.4;\"><a href=\"https:\/\/www.alumni.space\/pt-pt\/testemunhos-antigos-empregados-tornaram-se-parceiros-de-confianca\/\" class=\"awb-custom-text-color awb-custom-text-hover-color\" target=\"_self\">Testemunhos: antigos empregados tornaram-se parceiros de confian\u00e7a<\/a><\/h4><\/div><div class=\"fusion-text fusion-text-32\"><p>Os testemunhos de antigos colaboradores que se tornaram parceiros oferecem  [...]<\/p>\n<\/div><\/div><\/li>\n<li class=\"fusion-layout-column fusion_builder_column fusion-builder-column-19 fusion-flex-column fusion-column-inner-bg-wrapper post-card fusion-grid-column fusion-post-cards-grid-column fusion-animated\" style=\"--awb-inner-bg-size:cover;--awb-border-color:var(--awb-color7);--awb-border-style:solid;--awb-transform:translateY(0px);--awb-transform-hover:translateY(-6px);--awb-flex-grow:0;--awb-flex-shrink:0;--awb-flex-grow-medium:0;--awb-flex-shrink-medium:0;--awb-flex-grow-small:0;--awb-flex-shrink-small:0;\"><span class=\"fusion-column-inner-bg hover-type-none\"><a class=\"fusion-column-anchor\" href=\"https:\/\/www.alumni.space\/pt-pt\/reformas-macicas-qual-sera-o-impacto-nas-profissoes-financeiras\/\"><span class=\"fusion-column-inner-bg-image\"><\/span><\/a><\/span><div class=\"fusion-column-wrapper fusion-column-has-shadow fusion-flex-justify-content-flex-start fusion-content-layout-column\"><div class=\"fusion-classic-product-image-wrapper fusion-woo-product-image fusion-post-card-image fusion-post-card-image-1 product-images has-aspect-ratio\" data-layout=\"crossfade\" style=\"--awb-margin-bottom:40px;--awb-aspect-ratio:1.1764705882353;\"><a href=\"https:\/\/www.alumni.space\/pt-pt\/reformas-macicas-qual-sera-o-impacto-nas-profissoes-financeiras\/\" title=\"Reformas maci\u00e7as: qual ser\u00e1 o impacto nas profiss\u00f5es financeiras?\"><div class=\"featured-image\">\n\t\t<img decoding=\"async\" width=\"1280\" height=\"768\" src=\"https:\/\/www.alumni.space\/wp-content\/uploads\/2026\/03\/Departs-massifs-a-la-retraite-quels-impacts-pour-les-metiers-de-la-finance-.jpg\" class=\"attachment-full size-full lazyload wp-post-image\" alt=\"descobre como as reformas em massa est\u00e3o a afetar as profiss\u00f5es financeiras e quais as estrat\u00e9gias a adotar para enfrentar estes desafios.\" srcset=\"data:image\/svg+xml,%3Csvg%20xmlns%3D%27http%3A%2F%2Fwww.w3.org%2F2000%2Fsvg%27%20width%3D%271280%27%20height%3D%27768%27%20viewBox%3D%270%200%201280%20768%27%3E%3Crect%20width%3D%271280%27%20height%3D%27768%27%20fill-opacity%3D%220%22%2F%3E%3C%2Fsvg%3E\" data-orig-src=\"https:\/\/www.alumni.space\/wp-content\/uploads\/2026\/03\/Departs-massifs-a-la-retraite-quels-impacts-pour-les-metiers-de-la-finance-.jpg\" data-srcset=\"https:\/\/www.alumni.space\/wp-content\/uploads\/2026\/03\/Departs-massifs-a-la-retraite-quels-impacts-pour-les-metiers-de-la-finance--200x120.jpg 200w, https:\/\/www.alumni.space\/wp-content\/uploads\/2026\/03\/Departs-massifs-a-la-retraite-quels-impacts-pour-les-metiers-de-la-finance--400x240.jpg 400w, https:\/\/www.alumni.space\/wp-content\/uploads\/2026\/03\/Departs-massifs-a-la-retraite-quels-impacts-pour-les-metiers-de-la-finance--600x360.jpg 600w, https:\/\/www.alumni.space\/wp-content\/uploads\/2026\/03\/Departs-massifs-a-la-retraite-quels-impacts-pour-les-metiers-de-la-finance--800x480.jpg 800w, https:\/\/www.alumni.space\/wp-content\/uploads\/2026\/03\/Departs-massifs-a-la-retraite-quels-impacts-pour-les-metiers-de-la-finance--1200x720.jpg 1200w, https:\/\/www.alumni.space\/wp-content\/uploads\/2026\/03\/Departs-massifs-a-la-retraite-quels-impacts-pour-les-metiers-de-la-finance-.jpg 1280w\" data-sizes=\"auto\" \/>\n\t<\/div>\n<\/a><\/div><div class=\"fusion-text fusion-text-33 fusion-text-no-margin\" style=\"--awb-font-size:var(--awb-typography5-font-size);--awb-line-height:var(--awb-typography5-line-height);--awb-letter-spacing:var(--awb-typography5-letter-spacing);--awb-text-transform:var(--awb-typography5-text-transform);--awb-text-color:var(--awb-color8);--awb-margin-bottom:12px;--awb-text-font-family:var(--awb-typography5-font-family);--awb-text-font-weight:var(--awb-typography5-font-weight);--awb-text-font-style:var(--awb-typography5-font-style);\"><p><a href=\"https:\/\/www.alumni.space\/pt-pt\/category\/recursos-humanos\/\" title=\"Recursos Humanos\">Recursos Humanos<\/a><\/p>\n<\/div><div class=\"fusion-title title fusion-title-19 fusion-sep-none fusion-title-text fusion-title-size-four\" style=\"--awb-margin-top:0px;--awb-margin-bottom:16px;--awb-margin-top-small:0px;--awb-margin-right-small:0px;--awb-margin-bottom-small:16px;--awb-margin-left-small:0px;--awb-link-color:var(--awb-color8);--awb-font-size:25px;\"><h4 class=\"fusion-title-heading title-heading-left\" style=\"margin:0;font-size:1em;line-height:1.4;\"><a href=\"https:\/\/www.alumni.space\/pt-pt\/reformas-macicas-qual-sera-o-impacto-nas-profissoes-financeiras\/\" class=\"awb-custom-text-color awb-custom-text-hover-color\" target=\"_self\">Reformas maci\u00e7as: qual ser\u00e1 o impacto nas profiss\u00f5es financeiras?<\/a><\/h4><\/div><div class=\"fusion-text fusion-text-34\"><p>O horizonte de 2030 anuncia grandes mudan\u00e7as no panorama profissional  [...]<\/p>\n<\/div><\/div><\/li>\n<li class=\"fusion-layout-column fusion_builder_column fusion-builder-column-20 fusion-flex-column fusion-column-inner-bg-wrapper post-card fusion-grid-column fusion-post-cards-grid-column fusion-animated\" style=\"--awb-inner-bg-size:cover;--awb-border-color:var(--awb-color7);--awb-border-style:solid;--awb-transform:translateY(0px);--awb-transform-hover:translateY(-6px);--awb-flex-grow:0;--awb-flex-shrink:0;--awb-flex-grow-medium:0;--awb-flex-shrink-medium:0;--awb-flex-grow-small:0;--awb-flex-shrink-small:0;\"><span class=\"fusion-column-inner-bg hover-type-none\"><a class=\"fusion-column-anchor\" href=\"https:\/\/www.alumni.space\/pt-pt\/a-industria-do-vinho-face-a-piramide-etaria\/\"><span class=\"fusion-column-inner-bg-image\"><\/span><\/a><\/span><div class=\"fusion-column-wrapper fusion-column-has-shadow fusion-flex-justify-content-flex-start fusion-content-layout-column\"><div class=\"fusion-classic-product-image-wrapper fusion-woo-product-image fusion-post-card-image fusion-post-card-image-1 product-images has-aspect-ratio\" data-layout=\"crossfade\" style=\"--awb-margin-bottom:40px;--awb-aspect-ratio:1.1764705882353;\"><a href=\"https:\/\/www.alumni.space\/pt-pt\/a-industria-do-vinho-face-a-piramide-etaria\/\" title=\"A ind\u00fastria do vinho face \u00e0 pir\u00e2mide et\u00e1ria\"><div class=\"featured-image\">\n\t\t<img decoding=\"async\" width=\"1280\" height=\"768\" src=\"https:\/\/www.alumni.space\/wp-content\/uploads\/2026\/03\/La-filiere-viticole-confrontee-a-la-pyramide-des-ages.jpg\" class=\"attachment-full size-full lazyload wp-post-image\" alt=\"descobre mais sobre os desafios que a ind\u00fastria vitivin\u00edcola enfrenta face \u00e0 pir\u00e2mide et\u00e1ria e as solu\u00e7\u00f5es que est\u00e3o a ser consideradas para garantir que a pr\u00f3xima gera\u00e7\u00e3o assuma o controlo e o futuro a longo prazo do sector.\" srcset=\"data:image\/svg+xml,%3Csvg%20xmlns%3D%27http%3A%2F%2Fwww.w3.org%2F2000%2Fsvg%27%20width%3D%271280%27%20height%3D%27768%27%20viewBox%3D%270%200%201280%20768%27%3E%3Crect%20width%3D%271280%27%20height%3D%27768%27%20fill-opacity%3D%220%22%2F%3E%3C%2Fsvg%3E\" data-orig-src=\"https:\/\/www.alumni.space\/wp-content\/uploads\/2026\/03\/La-filiere-viticole-confrontee-a-la-pyramide-des-ages.jpg\" data-srcset=\"https:\/\/www.alumni.space\/wp-content\/uploads\/2026\/03\/La-filiere-viticole-confrontee-a-la-pyramide-des-ages-200x120.jpg 200w, https:\/\/www.alumni.space\/wp-content\/uploads\/2026\/03\/La-filiere-viticole-confrontee-a-la-pyramide-des-ages-400x240.jpg 400w, https:\/\/www.alumni.space\/wp-content\/uploads\/2026\/03\/La-filiere-viticole-confrontee-a-la-pyramide-des-ages-600x360.jpg 600w, https:\/\/www.alumni.space\/wp-content\/uploads\/2026\/03\/La-filiere-viticole-confrontee-a-la-pyramide-des-ages-800x480.jpg 800w, https:\/\/www.alumni.space\/wp-content\/uploads\/2026\/03\/La-filiere-viticole-confrontee-a-la-pyramide-des-ages-1200x720.jpg 1200w, https:\/\/www.alumni.space\/wp-content\/uploads\/2026\/03\/La-filiere-viticole-confrontee-a-la-pyramide-des-ages.jpg 1280w\" data-sizes=\"auto\" \/>\n\t<\/div>\n<\/a><\/div><div class=\"fusion-text fusion-text-35 fusion-text-no-margin\" style=\"--awb-font-size:var(--awb-typography5-font-size);--awb-line-height:var(--awb-typography5-line-height);--awb-letter-spacing:var(--awb-typography5-letter-spacing);--awb-text-transform:var(--awb-typography5-text-transform);--awb-text-color:var(--awb-color8);--awb-margin-bottom:12px;--awb-text-font-family:var(--awb-typography5-font-family);--awb-text-font-weight:var(--awb-typography5-font-weight);--awb-text-font-style:var(--awb-typography5-font-style);\"><p><a href=\"https:\/\/www.alumni.space\/pt-pt\/category\/recursos-humanos\/\" title=\"Recursos Humanos\">Recursos Humanos<\/a><\/p>\n<\/div><div class=\"fusion-title title fusion-title-20 fusion-sep-none fusion-title-text fusion-title-size-four\" style=\"--awb-margin-top:0px;--awb-margin-bottom:16px;--awb-margin-top-small:0px;--awb-margin-right-small:0px;--awb-margin-bottom-small:16px;--awb-margin-left-small:0px;--awb-link-color:var(--awb-color8);--awb-font-size:25px;\"><h4 class=\"fusion-title-heading title-heading-left\" style=\"margin:0;font-size:1em;line-height:1.4;\"><a href=\"https:\/\/www.alumni.space\/pt-pt\/a-industria-do-vinho-face-a-piramide-etaria\/\" class=\"awb-custom-text-color awb-custom-text-hover-color\" target=\"_self\">A ind\u00fastria do vinho face \u00e0 pir\u00e2mide et\u00e1ria<\/a><\/h4><\/div><div class=\"fusion-text fusion-text-36\"><p>A ind\u00fastria do vinho face aos desafios demogr\u00e1ficos e \u00e0  [...]<\/p>\n<\/div><\/div><\/li>\n<li class=\"fusion-layout-column fusion_builder_column fusion-builder-column-21 fusion-flex-column fusion-column-inner-bg-wrapper post-card fusion-grid-column fusion-post-cards-grid-column fusion-animated\" style=\"--awb-inner-bg-size:cover;--awb-border-color:var(--awb-color7);--awb-border-style:solid;--awb-transform:translateY(0px);--awb-transform-hover:translateY(-6px);--awb-flex-grow:0;--awb-flex-shrink:0;--awb-flex-grow-medium:0;--awb-flex-shrink-medium:0;--awb-flex-grow-small:0;--awb-flex-shrink-small:0;\"><span class=\"fusion-column-inner-bg hover-type-none\"><a class=\"fusion-column-anchor\" href=\"https:\/\/www.alumni.space\/pt-pt\/o-papel-dos-antigos-trabalhadores-na-tua-estrategia-de-cooptacao\/\"><span class=\"fusion-column-inner-bg-image\"><\/span><\/a><\/span><div class=\"fusion-column-wrapper fusion-column-has-shadow fusion-flex-justify-content-flex-start fusion-content-layout-column\"><div class=\"fusion-classic-product-image-wrapper fusion-woo-product-image fusion-post-card-image fusion-post-card-image-1 product-images has-aspect-ratio\" data-layout=\"crossfade\" style=\"--awb-margin-bottom:40px;--awb-aspect-ratio:1.1764705882353;\"><a href=\"https:\/\/www.alumni.space\/pt-pt\/o-papel-dos-antigos-trabalhadores-na-tua-estrategia-de-cooptacao\/\" title=\"O papel dos antigos trabalhadores na tua estrat\u00e9gia de coopta\u00e7\u00e3o\"><div class=\"featured-image\">\n\t\t<img decoding=\"async\" width=\"1344\" height=\"768\" src=\"https:\/\/www.alumni.space\/wp-content\/uploads\/2026\/03\/Le-role-des-anciens-employes-dans-votre-strategie-de-cooptation.jpg\" class=\"attachment-full size-full lazyload wp-post-image\" alt=\"descobre como envolver os teus antigos empregados na tua estrat\u00e9gia de coopta\u00e7\u00e3o para refor\u00e7ar a tua rede e otimizar o teu recrutamento.\" srcset=\"data:image\/svg+xml,%3Csvg%20xmlns%3D%27http%3A%2F%2Fwww.w3.org%2F2000%2Fsvg%27%20width%3D%271344%27%20height%3D%27768%27%20viewBox%3D%270%200%201344%20768%27%3E%3Crect%20width%3D%271344%27%20height%3D%27768%27%20fill-opacity%3D%220%22%2F%3E%3C%2Fsvg%3E\" data-orig-src=\"https:\/\/www.alumni.space\/wp-content\/uploads\/2026\/03\/Le-role-des-anciens-employes-dans-votre-strategie-de-cooptation.jpg\" data-srcset=\"https:\/\/www.alumni.space\/wp-content\/uploads\/2026\/03\/Le-role-des-anciens-employes-dans-votre-strategie-de-cooptation-200x114.jpg 200w, https:\/\/www.alumni.space\/wp-content\/uploads\/2026\/03\/Le-role-des-anciens-employes-dans-votre-strategie-de-cooptation-400x229.jpg 400w, https:\/\/www.alumni.space\/wp-content\/uploads\/2026\/03\/Le-role-des-anciens-employes-dans-votre-strategie-de-cooptation-600x343.jpg 600w, https:\/\/www.alumni.space\/wp-content\/uploads\/2026\/03\/Le-role-des-anciens-employes-dans-votre-strategie-de-cooptation-800x457.jpg 800w, https:\/\/www.alumni.space\/wp-content\/uploads\/2026\/03\/Le-role-des-anciens-employes-dans-votre-strategie-de-cooptation-1200x686.jpg 1200w, https:\/\/www.alumni.space\/wp-content\/uploads\/2026\/03\/Le-role-des-anciens-employes-dans-votre-strategie-de-cooptation.jpg 1344w\" data-sizes=\"auto\" \/>\n\t<\/div>\n<\/a><\/div><div class=\"fusion-text fusion-text-37 fusion-text-no-margin\" style=\"--awb-font-size:var(--awb-typography5-font-size);--awb-line-height:var(--awb-typography5-line-height);--awb-letter-spacing:var(--awb-typography5-letter-spacing);--awb-text-transform:var(--awb-typography5-text-transform);--awb-text-color:var(--awb-color8);--awb-margin-bottom:12px;--awb-text-font-family:var(--awb-typography5-font-family);--awb-text-font-weight:var(--awb-typography5-font-weight);--awb-text-font-style:var(--awb-typography5-font-style);\"><p><a href=\"https:\/\/www.alumni.space\/pt-pt\/category\/antigos-alunos\/\" title=\"Antigos alunos\">Antigos alunos<\/a><\/p>\n<\/div><div class=\"fusion-title title fusion-title-21 fusion-sep-none fusion-title-text fusion-title-size-four\" style=\"--awb-margin-top:0px;--awb-margin-bottom:16px;--awb-margin-top-small:0px;--awb-margin-right-small:0px;--awb-margin-bottom-small:16px;--awb-margin-left-small:0px;--awb-link-color:var(--awb-color8);--awb-font-size:25px;\"><h4 class=\"fusion-title-heading title-heading-left\" style=\"margin:0;font-size:1em;line-height:1.4;\"><a href=\"https:\/\/www.alumni.space\/pt-pt\/o-papel-dos-antigos-trabalhadores-na-tua-estrategia-de-cooptacao\/\" class=\"awb-custom-text-color awb-custom-text-hover-color\" target=\"_self\">O papel dos antigos trabalhadores na tua estrat\u00e9gia de coopta\u00e7\u00e3o<\/a><\/h4><\/div><div class=\"fusion-text fusion-text-38\"><p>Resumo: As recentes mudan\u00e7as de carreira est\u00e3o a reduzir a  [...]<\/p>\n<\/div><\/div><\/li>\n<li class=\"fusion-layout-column fusion_builder_column fusion-builder-column-22 fusion-flex-column fusion-column-inner-bg-wrapper post-card fusion-grid-column fusion-post-cards-grid-column fusion-animated\" style=\"--awb-inner-bg-size:cover;--awb-border-color:var(--awb-color7);--awb-border-style:solid;--awb-transform:translateY(0px);--awb-transform-hover:translateY(-6px);--awb-flex-grow:0;--awb-flex-shrink:0;--awb-flex-grow-medium:0;--awb-flex-shrink-medium:0;--awb-flex-grow-small:0;--awb-flex-shrink-small:0;\"><span class=\"fusion-column-inner-bg hover-type-none\"><a class=\"fusion-column-anchor\" href=\"https:\/\/www.alumni.space\/pt-pt\/tutoria-intergeracional-um-trunfo-insuspeito-para-as-empresas\/\"><span class=\"fusion-column-inner-bg-image\"><\/span><\/a><\/span><div class=\"fusion-column-wrapper fusion-column-has-shadow fusion-flex-justify-content-flex-start fusion-content-layout-column\"><div class=\"fusion-classic-product-image-wrapper fusion-woo-product-image fusion-post-card-image fusion-post-card-image-1 product-images has-aspect-ratio\" data-layout=\"crossfade\" style=\"--awb-margin-bottom:40px;--awb-aspect-ratio:1.1764705882353;\"><a href=\"https:\/\/www.alumni.space\/pt-pt\/tutoria-intergeracional-um-trunfo-insuspeito-para-as-empresas\/\" title=\"Tutoria intergeracional: um trunfo insuspeito para as empresas\"><div class=\"featured-image\">\n\t\t<img decoding=\"async\" width=\"1280\" height=\"768\" src=\"https:\/\/www.alumni.space\/wp-content\/uploads\/2026\/03\/Le-mentorat-intergenerationnel-une-richesse-insoupconnee-pour-les-entreprises.jpg\" class=\"attachment-full size-full lazyload wp-post-image\" alt=\"descobre como a tutoria intergeracional incentiva a partilha de compet\u00eancias e refor\u00e7a a coes\u00e3o nas empresas, criando uma riqueza insuspeita para o seu desenvolvimento.\" srcset=\"data:image\/svg+xml,%3Csvg%20xmlns%3D%27http%3A%2F%2Fwww.w3.org%2F2000%2Fsvg%27%20width%3D%271280%27%20height%3D%27768%27%20viewBox%3D%270%200%201280%20768%27%3E%3Crect%20width%3D%271280%27%20height%3D%27768%27%20fill-opacity%3D%220%22%2F%3E%3C%2Fsvg%3E\" data-orig-src=\"https:\/\/www.alumni.space\/wp-content\/uploads\/2026\/03\/Le-mentorat-intergenerationnel-une-richesse-insoupconnee-pour-les-entreprises.jpg\" data-srcset=\"https:\/\/www.alumni.space\/wp-content\/uploads\/2026\/03\/Le-mentorat-intergenerationnel-une-richesse-insoupconnee-pour-les-entreprises-200x120.jpg 200w, https:\/\/www.alumni.space\/wp-content\/uploads\/2026\/03\/Le-mentorat-intergenerationnel-une-richesse-insoupconnee-pour-les-entreprises-400x240.jpg 400w, https:\/\/www.alumni.space\/wp-content\/uploads\/2026\/03\/Le-mentorat-intergenerationnel-une-richesse-insoupconnee-pour-les-entreprises-600x360.jpg 600w, https:\/\/www.alumni.space\/wp-content\/uploads\/2026\/03\/Le-mentorat-intergenerationnel-une-richesse-insoupconnee-pour-les-entreprises-800x480.jpg 800w, https:\/\/www.alumni.space\/wp-content\/uploads\/2026\/03\/Le-mentorat-intergenerationnel-une-richesse-insoupconnee-pour-les-entreprises-1200x720.jpg 1200w, https:\/\/www.alumni.space\/wp-content\/uploads\/2026\/03\/Le-mentorat-intergenerationnel-une-richesse-insoupconnee-pour-les-entreprises.jpg 1280w\" data-sizes=\"auto\" \/>\n\t<\/div>\n<\/a><\/div><div class=\"fusion-text fusion-text-39 fusion-text-no-margin\" style=\"--awb-font-size:var(--awb-typography5-font-size);--awb-line-height:var(--awb-typography5-line-height);--awb-letter-spacing:var(--awb-typography5-letter-spacing);--awb-text-transform:var(--awb-typography5-text-transform);--awb-text-color:var(--awb-color8);--awb-margin-bottom:12px;--awb-text-font-family:var(--awb-typography5-font-family);--awb-text-font-weight:var(--awb-typography5-font-weight);--awb-text-font-style:var(--awb-typography5-font-style);\"><p><a href=\"https:\/\/www.alumni.space\/pt-pt\/category\/mentoria\/\" title=\"Mentoria\">Mentoria<\/a><\/p>\n<\/div><div class=\"fusion-title title fusion-title-22 fusion-sep-none fusion-title-text fusion-title-size-four\" style=\"--awb-margin-top:0px;--awb-margin-bottom:16px;--awb-margin-top-small:0px;--awb-margin-right-small:0px;--awb-margin-bottom-small:16px;--awb-margin-left-small:0px;--awb-link-color:var(--awb-color8);--awb-font-size:25px;\"><h4 class=\"fusion-title-heading title-heading-left\" style=\"margin:0;font-size:1em;line-height:1.4;\"><a href=\"https:\/\/www.alumni.space\/pt-pt\/tutoria-intergeracional-um-trunfo-insuspeito-para-as-empresas\/\" class=\"awb-custom-text-color awb-custom-text-hover-color\" target=\"_self\">Tutoria intergeracional: um trunfo insuspeito para as empresas<\/a><\/h4><\/div><div class=\"fusion-text fusion-text-40\"><p>Imagina uma biblioteca que se evapora a cada reforma. As  [...]<\/p>\n<\/div><\/div><\/li>\n<\/ul><div class=\"fusion-infinite-scroll-trigger\"><\/div><div class=\"pagination infinite-scroll clearfix\" style=\"display:none;\"><span class=\"current\">1<\/span><a href=\"https:\/\/www.alumni.space\/pt-pt\/wp-json\/wp\/v2\/pages\/4153\/page\/2\/\" class=\"inactive\">2<\/a><a class=\"pagination-next\" rel=\"next\" href=\"https:\/\/www.alumni.space\/pt-pt\/wp-json\/wp\/v2\/pages\/4153\/page\/2\/\"><span class=\"page-text\">Next<\/span><span class=\"page-next\"><\/span><\/a><\/div><div class=\"fusion-clearfix\"><\/div><\/div><\/div><\/div><div class=\"fusion-layout-column fusion_builder_column fusion-builder-column-23 awb-sticky awb-sticky-small awb-sticky-medium awb-sticky-large fusion_builder_column_1_3 1_3 fusion-flex-column fusion-animated\" style=\"--awb-bg-size:cover;--awb-width-large:33.333333333333%;--awb-flex-grow:0;--awb-flex-shrink:0;--awb-margin-top-large:0px;--awb-spacing-right-large:40px;--awb-margin-bottom-large:0px;--awb-spacing-left-large:40px;--awb-width-medium:40%;--awb-order-medium:0;--awb-flex-grow-medium:0;--awb-flex-shrink-medium:0;--awb-spacing-right-medium:40px;--awb-spacing-left-medium:40px;--awb-width-small:100%;--awb-order-small:0;--awb-flex-grow-small:0;--awb-flex-shrink-small:0;--awb-spacing-right-small:40px;--awb-spacing-left-small:40px;--awb-sticky-offset:70px;\" data-animationType=\"fadeInUp\" data-animationDuration=\"0.8\" data-animationOffset=\"top-into-view\"><div class=\"fusion-column-wrapper fusion-column-has-shadow fusion-flex-justify-content-flex-start fusion-content-layout-column\"><div class=\"fusion-form fusion-form-builder fusion-form-form-wrapper fusion-form-3775 has-icon-alignment\" style=\"--awb-margin-bottom:60px;--awb-tooltip-text-color:#ffffff;--awb-tooltip-background-color:#333333;--awb-field-margin-top:0px;--awb-field-margin-bottom:0px;--awb-form-font-size:15px;--awb-form-placeholder-color:hsla(var(--awb-color6-h),var(--awb-color6-s),var(--awb-color6-l),calc(var(--awb-color6-a) - 20%));--awb-form-border-width-top:0px;--awb-form-border-width-bottom:0px;--awb-form-border-width-right:0px;--awb-form-border-width-left:0px;--awb-icon-alignment-top:0px;--awb-icon-alignment-bottom:0px;--awb-icon-alignment-font-size:15px;\" data-form-id=\"3775\" data-config=\"{&quot;form_id&quot;:3775,&quot;form_post_id&quot;:3775,&quot;post_id&quot;:4153,&quot;form_type&quot;:&quot;ajax&quot;,&quot;confirmation_type&quot;:&quot;message&quot;,&quot;redirect_url&quot;:&quot;&quot;,&quot;redirect_timeout&quot;:&quot;0&quot;,&quot;field_labels&quot;:{&quot;insert_your_email&quot;:&quot;&quot;},&quot;field_logics&quot;:{&quot;insert_your_email&quot;:&quot;&quot;,&quot;submit_1&quot;:&quot;&quot;,&quot;notice_1&quot;:&quot;&quot;},&quot;field_types&quot;:{&quot;insert_your_email&quot;:&quot;email&quot;,&quot;recaptcha_1&quot;:&quot;recaptcha&quot;,&quot;submit_1&quot;:&quot;submit&quot;,&quot;notice_1&quot;:&quot;notice&quot;},&quot;nonce_method&quot;:&quot;ajax&quot;,&quot;form_views&quot;:&quot;ajax&quot;,&quot;form_views_counting&quot;:&quot;all&quot;}\"><form action=\"https:\/\/www.alumni.space\/pt-pt\/noticias-e-recursos\/\" method=\"post\" class=\"fusion-form fusion-form-3775\"><div class=\"fusion-fullwidth fullwidth-box fusion-builder-row-1-1 fusion-flex-container nonhundred-percent-fullwidth non-hundred-percent-height-scrolling\" style=\"--link_hover_color: var(--awb-color6);--link_color: var(--awb-color5);--awb-border-sizes-top:0px;--awb-border-sizes-bottom:0px;--awb-border-sizes-left:0px;--awb-border-sizes-right:0px;--awb-border-radius-top-left:0px;--awb-border-radius-top-right:0px;--awb-border-radius-bottom-right:0px;--awb-border-radius-bottom-left:0px;--awb-padding-top:0px;--awb-padding-right:0px;--awb-padding-bottom:0px;--awb-padding-left:0px;--awb-margin-top:0px;--awb-margin-bottom:0px;--awb-flex-wrap:wrap;\" ><div class=\"fusion-builder-row fusion-row fusion-flex-align-items-center fusion-flex-content-wrap\" style=\"width:104% !important;max-width:104% !important;margin-left: calc(-4% \/ 2 );margin-right: calc(-4% \/ 2 );\"><div class=\"fusion-layout-column fusion_builder_column fusion-builder-column-24 fusion_builder_column_1_1 1_1 fusion-flex-column\" style=\"--awb-padding-top:45px;--awb-padding-right:45px;--awb-padding-bottom:45px;--awb-padding-left:45px;--awb-bg-color:var(--awb-color7);--awb-bg-color-hover:var(--awb-color7);--awb-bg-blend:multiply;--awb-bg-size:cover;--awb-border-color:var(--awb-color8);--awb-border-style:solid;--awb-width-large:100%;--awb-flex-grow:0;--awb-flex-shrink:0;--awb-margin-top-large:0px;--awb-spacing-right-large:1.92%;--awb-margin-bottom-large:0px;--awb-spacing-left-large:1.92%;--awb-width-medium:100%;--awb-order-medium:0;--awb-flex-grow-medium:0;--awb-flex-shrink-medium:0;--awb-spacing-right-medium:1.92%;--awb-spacing-left-medium:1.92%;--awb-width-small:100%;--awb-order-small:0;--awb-flex-grow-small:0;--awb-flex-shrink-small:0;--awb-spacing-right-small:1.92%;--awb-spacing-left-small:1.92%;\"><div class=\"fusion-column-wrapper lazyload fusion-column-has-shadow fusion-flex-justify-content-flex-start fusion-content-layout-column fusion-column-has-bg-image\" data-bg-url=\"https:\/\/www.alumni.space\/wp-content\/uploads\/2022\/08\/services-2.jpg\" data-bg=\"https:\/\/www.alumni.space\/wp-content\/uploads\/2022\/08\/services-2.jpg\"><div class=\"fusion-title title fusion-title-23 fusion-sep-none fusion-title-center fusion-title-text fusion-title-size-five\" style=\"--awb-text-color:var(--awb-color1);--awb-margin-top:0px;--awb-margin-bottom:30px;--awb-margin-top-small:10px;--awb-margin-right-small:0px;--awb-margin-bottom-small:10px;--awb-margin-left-small:0px;\"><h5 class=\"fusion-title-heading title-heading-center\" style=\"margin:0;\">Recebe as nossas \u00faltimas not\u00edcias e actualiza\u00e7\u00f5es na tua caixa de correio<\/h5><\/div><div class=\"fusion-form-field fusion-form-email-field fusion-form-label-above\" style=\"\" data-form-id=\"3775\"><input type=\"email\" autocomplete=\"off\" name=\"insert_your_email\" id=\"insert_your_email\" value=\"\"  class=\"fusion-form-input\" required=\"true\" aria-required=\"true\" placeholder=\"O teu e-mail profissional aqui *\" data-holds-private-data=\"false\"\/><\/div><div class=\"fusion-form-field fusion-form-recaptcha-field fusion-form-label-above\" style=\"\" data-form-id=\"3775\">\t\t\t\t<div class=\"form-creator-recaptcha\" >\n\t\t\t\t\t\t\t\t\t\t\t\t\t\t\t\t\t\t\t\t\t\t\t\t<div\n\t\t\t\t\t\t\tid=\"g-recaptcha-id-form-3775\"\n\t\t\t\t\t\t\tclass=\"fusion-form-recaptcha-v3 recaptcha-container  fusion-form-hide-recaptcha-badge\"\n\t\t\t\t\t\t\tdata-sitekey=\"6LeHSJUUAAAAAK2dfpfR0dlgwhxheGmARlP57L--\"\n\t\t\t\t\t\t\tdata-badge=\"hide\">\n\t\t\t\t\t\t<\/div>\n\t\t\t\t\t\t<input\n\t\t\t\t\t\t\ttype=\"hidden\"\n\t\t\t\t\t\t\tname=\"fusion-form-recaptcha-response\"\n\t\t\t\t\t\t\tclass=\"g-recaptcha-response\"\n\t\t\t\t\t\t\tid=\"fusion-form-recaptcha-response-3775\"\n\t\t\t\t\t\t\tvalue=\"\">\n\t\t\t\t\t\t\t\t\t\t\t\t\t\t\t<\/div>\n\t\t\t\t<\/div><div class=\"fusion-form-field fusion-form-submit-field fusion-form-label-above\" style=\"\" data-form-id=\"3775\"><div ><button type=\"submit\" class=\"fusion-button button-flat fusion-button-default-size button-default fusion-button-default button-3 fusion-button-span-yes  button-default form-form-submit\" style=\"--awb-margin-top:20px;--awb-margin-bottom:0px;--button-border-radius-top-left:6px;--button-border-radius-top-right:6px;--button-border-radius-bottom-right:6px;--button-border-radius-bottom-left:6px;--button_text_transform:var(--awb-typography3-text-transform);--button_font_size:var(--awb-typography3-font-size);--button_line_height:var(--awb-typography3-line-height);--button_typography-letter-spacing:var(--awb-typography3-letter-spacing);--button_typography-font-family:var(--awb-typography3-font-family);--button_typography-font-weight:var(--awb-typography3-font-weight);--button_typography-font-style:var(--awb-typography3-font-style);\" data-hover=\"text_slide_up\" data-form-number=\"3775\" tabindex=\"\"><div class=\"awb-button-text-transition  awb-button__hover-content--centered\"><span class=\"fusion-button-text awb-button__text awb-button__text--default\">Inscreve-te e sorri!<\/span><span class=\"fusion-button-text awb-button__text awb-button__text--default\">Inscreve-te e sorri!<\/span><\/div><\/button><\/div><\/div><div class=\"form-submission-notices data-notice_1\" id=\"fusion-notices-1\" data-instance=\"1\"><div class=\"fusion-alert alert success alert-success fusion-alert-center fusion-form-response fusion-form-response-success awb-alert-native-link-color alert-dismissable awb-alert-close-boxed\" style=\"--awb-margin-top:30px;\" role=\"alert\"><div class=\"fusion-alert-content-wrapper\"><span class=\"alert-icon\"><i class=\"awb-icon-check-circle\" aria-hidden=\"true\"><\/i><\/span><span class=\"fusion-alert-content\">Obrigado por te registares. Vejo-te em breve.<\/span><\/div><button type=\"button\" class=\"close toggle-alert\" data-dismiss=\"alert\" aria-label=\"Close\">&times;<\/button><\/div><div class=\"fusion-alert alert error alert-danger fusion-alert-center fusion-form-response fusion-form-response-error awb-alert-native-link-color alert-dismissable awb-alert-close-boxed\" style=\"--awb-margin-top:30px;\" role=\"alert\"><div class=\"fusion-alert-content-wrapper\"><span class=\"alert-icon\"><i class=\"awb-icon-exclamation-triangle\" aria-hidden=\"true\"><\/i><\/span><span class=\"fusion-alert-content\">Ocorreu um erro ao enviar o teu registo. Por favor, tenta novamente mais tarde.<\/span><\/div><button type=\"button\" class=\"close toggle-alert\" data-dismiss=\"alert\" aria-label=\"Close\">&times;<\/button><\/div><\/div><\/div><\/div><\/div><\/div><input type=\"hidden\" name=\"fusion_privacy_expiration_interval\" value=\"48\"><input type=\"hidden\" name=\"privacy_expiration_action\" value=\"anonymize\"><\/form><\/div><div class=\"fusion-post-cards fusion-post-cards-3 fusion-grid-archive fusion-grid-columns-1 fusion-grid-flex-grow\" style=\"--awb-column-spacing:0px;--awb-dots-align:center;--awb-columns:1;--awb-active-filter-border-size:3px;--awb-filters-height:36px;--awb-row-spacing:20px;\" data-post-type-label=\"artigos\"><ul class=\"fusion-grid fusion-grid-1 fusion-flex-align-items-flex-start fusion-grid-posts-cards\"><li class=\"fusion-layout-column fusion_builder_column fusion-builder-column-25 fusion-flex-column post-card fusion-grid-column fusion-post-cards-grid-column\" style=\"--awb-bg-blend:overlay;--awb-bg-size:cover;--awb-flex-grow:0;--awb-flex-shrink:0;--awb-flex-grow-medium:0;--awb-flex-shrink-medium:0;--awb-flex-grow-small:0;--awb-flex-shrink-small:0;\"><div class=\"fusion-column-wrapper fusion-flex-justify-content-flex-start fusion-content-layout-column\"><div class=\"fusion-builder-row fusion-builder-row-inner fusion-row fusion-flex-align-items-flex-start fusion-flex-justify-content-center fusion-flex-content-wrap\" style=\"--awb-flex-grow:0;--awb-flex-grow-medium:0;--awb-flex-grow-small:0;--awb-flex-shrink:0;--awb-flex-shrink-medium:0;--awb-flex-shrink-small:0;width:calc( 100% + 80px ) !important;max-width:calc( 100% + 80px ) !important;margin-left: calc(-80px \/ 2 );margin-right: calc(-80px \/ 2 );\"><div class=\"fusion-layout-column fusion_builder_column_inner fusion-builder-nested-column-2 fusion_builder_column_inner_1_5 1_5 fusion-flex-column fusion-flex-align-self-flex-start\" style=\"--awb-bg-size:cover;--awb-width-large:20%;--awb-margin-top-large:0px;--awb-spacing-right-large:40px;--awb-margin-bottom-large:20px;--awb-spacing-left-large:40px;--awb-width-medium:20%;--awb-order-medium:0;--awb-spacing-right-medium:40px;--awb-spacing-left-medium:40px;--awb-width-small:100%;--awb-order-small:0;--awb-spacing-right-small:40px;--awb-spacing-left-small:40px;\"><div class=\"fusion-column-wrapper fusion-column-has-shadow fusion-flex-justify-content-flex-start fusion-content-layout-column\"><div class=\"fusion-image-element \" style=\"--awb-aspect-ratio:1 \/ 1;--awb-max-width:60px;--awb-caption-title-font-family:var(--h2_typography-font-family);--awb-caption-title-font-weight:var(--h2_typography-font-weight);--awb-caption-title-font-style:var(--h2_typography-font-style);--awb-caption-title-size:var(--h2_typography-font-size);--awb-caption-title-transform:var(--h2_typography-text-transform);--awb-caption-title-line-height:var(--h2_typography-line-height);--awb-caption-title-letter-spacing:var(--h2_typography-letter-spacing);\"><div style=\"display:inline-block;width:60px;\"><span class=\" fusion-imageframe imageframe-none imageframe-1 hover-type-none has-aspect-ratio\" style=\"border-radius:40px;\"><a class=\"fusion-no-lightbox\" href=\"https:\/\/www.alumni.space\/pt-pt\/mentoring-uma-resposta-concreta-aos-desafios-do-teletrabalho\/\" target=\"_self\" aria-label=\"Le mentorat, r\u00e9ponse concr\u00e8te aux d\u00e9fis du t\u00e9l\u00e9travail\"><img decoding=\"async\" width=\"1280\" height=\"768\" alt=\"d\u00e9couvrez comment le mentorat offre une solution efficace pour relever les d\u00e9fis du t\u00e9l\u00e9travail en am\u00e9liorant le soutien, la communication et la productivit\u00e9 des \u00e9quipes \u00e0 distance.\" src=\"https:\/\/www.alumni.space\/wp-content\/uploads\/2026\/04\/Le-mentorat-reponse-concrete-aux-defis-du-teletravail.jpg\" data-orig-src=\"https:\/\/www.alumni.space\/wp-content\/uploads\/2026\/04\/Le-mentorat-reponse-concrete-aux-defis-du-teletravail.jpg\" class=\"lazyload img-responsive wp-image-7401 img-with-aspect-ratio\" data-parent-fit=\"cover\" data-parent-container=\".fusion-image-element\" srcset=\"data:image\/svg+xml,%3Csvg%20xmlns%3D%27http%3A%2F%2Fwww.w3.org%2F2000%2Fsvg%27%20width%3D%271280%27%20height%3D%27768%27%20viewBox%3D%270%200%201280%20768%27%3E%3Crect%20width%3D%271280%27%20height%3D%27768%27%20fill-opacity%3D%220%22%2F%3E%3C%2Fsvg%3E\" data-srcset=\"https:\/\/www.alumni.space\/wp-content\/uploads\/2026\/04\/Le-mentorat-reponse-concrete-aux-defis-du-teletravail-200x120.jpg 200w, https:\/\/www.alumni.space\/wp-content\/uploads\/2026\/04\/Le-mentorat-reponse-concrete-aux-defis-du-teletravail-400x240.jpg 400w, https:\/\/www.alumni.space\/wp-content\/uploads\/2026\/04\/Le-mentorat-reponse-concrete-aux-defis-du-teletravail-600x360.jpg 600w, https:\/\/www.alumni.space\/wp-content\/uploads\/2026\/04\/Le-mentorat-reponse-concrete-aux-defis-du-teletravail-800x480.jpg 800w, https:\/\/www.alumni.space\/wp-content\/uploads\/2026\/04\/Le-mentorat-reponse-concrete-aux-defis-du-teletravail-1200x720.jpg 1200w, https:\/\/www.alumni.space\/wp-content\/uploads\/2026\/04\/Le-mentorat-reponse-concrete-aux-defis-du-teletravail.jpg 1280w\" data-sizes=\"auto\" data-orig-sizes=\"(max-width: 700px) 100vw, 400px\" \/><\/a><\/span><\/div><\/div><\/div><\/div><div class=\"fusion-layout-column fusion_builder_column_inner fusion-builder-nested-column-3 fusion_builder_column_inner_4_5 4_5 fusion-flex-column fusion-flex-align-self-flex-start\" style=\"--awb-bg-size:cover;--awb-width-large:80%;--awb-margin-top-large:0px;--awb-spacing-right-large:40px;--awb-margin-bottom-large:0px;--awb-spacing-left-large:40px;--awb-width-medium:80%;--awb-order-medium:0;--awb-spacing-right-medium:40px;--awb-spacing-left-medium:40px;--awb-width-small:100%;--awb-order-small:0;--awb-spacing-right-small:40px;--awb-spacing-left-small:40px;\"><div class=\"fusion-column-wrapper fusion-column-has-shadow fusion-flex-justify-content-flex-start fusion-content-layout-column\"><div class=\"fusion-title title fusion-title-24 fusion-sep-none fusion-title-text fusion-title-size-div\" style=\"--awb-margin-top:0px;--awb-margin-bottom:10px;--awb-margin-top-small:10px;--awb-margin-right-small:0px;--awb-margin-bottom-small:10px;--awb-margin-left-small:0px;--awb-font-size:var(--awb-typography5-font-size);\"><div class=\"fusion-title-heading title-heading-left title-heading-tag\" style=\"font-family:var(--awb-typography5-font-family);font-weight:var(--awb-typography5-font-weight);font-style:var(--awb-typography5-font-style);margin:0;letter-spacing:var(--awb-typography5-letter-spacing);text-transform:var(--awb-typography5-text-transform);font-size:1em;line-height:var(--awb-typography5-line-height);\"><a href=\"https:\/\/www.alumni.space\/pt-pt\/mentoring-uma-resposta-concreta-aos-desafios-do-teletrabalho\/\" class=\"awb-custom-text-color awb-custom-text-hover-color\" target=\"_self\"><a href=\"https:\/\/www.alumni.space\/pt-pt\/category\/mentoria\/\" title=\"Mentoria\">Mentoria<\/a><\/a><\/div><\/div><div class=\"fusion-title title fusion-title-25 fusion-sep-none fusion-title-text fusion-title-size-six\" style=\"--awb-margin-top:0px;--awb-margin-top-small:10px;--awb-margin-right-small:0px;--awb-margin-bottom-small:10px;--awb-margin-left-small:0px;--awb-link-color:var(--awb-color8);--awb-font-size:17px;\"><h6 class=\"fusion-title-heading title-heading-left\" style=\"margin:0;font-size:1em;line-height:1.4;\"><a href=\"https:\/\/www.alumni.space\/pt-pt\/mentoring-uma-resposta-concreta-aos-desafios-do-teletrabalho\/\" class=\"awb-custom-text-color awb-custom-text-hover-color\" target=\"_self\">Mentoring, uma resposta concreta aos desafios do teletrabalho<\/a><\/h6><\/div><div class=\"fusion-text fusion-text-41\" style=\"--awb-font-size:var(--awb-typography5-font-size);--awb-line-height:var(--awb-typography5-line-height);--awb-letter-spacing:var(--awb-typography5-letter-spacing);--awb-text-transform:var(--awb-typography5-text-transform);--awb-text-font-family:var(--awb-typography5-font-family);--awb-text-font-weight:var(--awb-typography5-font-weight);--awb-text-font-style:var(--awb-typography5-font-style);\"><p>28 Abril 2026<\/p>\n<\/div><\/div><\/div><\/div><\/div><\/li>\n<li class=\"fusion-layout-column fusion_builder_column fusion-builder-column-26 fusion-flex-column post-card fusion-grid-column fusion-post-cards-grid-column\" style=\"--awb-bg-blend:overlay;--awb-bg-size:cover;--awb-flex-grow:0;--awb-flex-shrink:0;--awb-flex-grow-medium:0;--awb-flex-shrink-medium:0;--awb-flex-grow-small:0;--awb-flex-shrink-small:0;\"><div class=\"fusion-column-wrapper fusion-flex-justify-content-flex-start fusion-content-layout-column\"><div class=\"fusion-builder-row fusion-builder-row-inner fusion-row fusion-flex-align-items-flex-start fusion-flex-justify-content-center fusion-flex-content-wrap\" style=\"--awb-flex-grow:0;--awb-flex-grow-medium:0;--awb-flex-grow-small:0;--awb-flex-shrink:0;--awb-flex-shrink-medium:0;--awb-flex-shrink-small:0;width:calc( 100% + 80px ) !important;max-width:calc( 100% + 80px ) !important;margin-left: calc(-80px \/ 2 );margin-right: calc(-80px \/ 2 );\"><div class=\"fusion-layout-column fusion_builder_column_inner fusion-builder-nested-column-4 fusion_builder_column_inner_1_5 1_5 fusion-flex-column fusion-flex-align-self-flex-start\" style=\"--awb-bg-size:cover;--awb-width-large:20%;--awb-margin-top-large:0px;--awb-spacing-right-large:40px;--awb-margin-bottom-large:20px;--awb-spacing-left-large:40px;--awb-width-medium:20%;--awb-order-medium:0;--awb-spacing-right-medium:40px;--awb-spacing-left-medium:40px;--awb-width-small:100%;--awb-order-small:0;--awb-spacing-right-small:40px;--awb-spacing-left-small:40px;\"><div class=\"fusion-column-wrapper fusion-column-has-shadow fusion-flex-justify-content-flex-start fusion-content-layout-column\"><div class=\"fusion-image-element \" style=\"--awb-aspect-ratio:1 \/ 1;--awb-max-width:60px;--awb-caption-title-font-family:var(--h2_typography-font-family);--awb-caption-title-font-weight:var(--h2_typography-font-weight);--awb-caption-title-font-style:var(--h2_typography-font-style);--awb-caption-title-size:var(--h2_typography-font-size);--awb-caption-title-transform:var(--h2_typography-text-transform);--awb-caption-title-line-height:var(--h2_typography-line-height);--awb-caption-title-letter-spacing:var(--h2_typography-letter-spacing);\"><div style=\"display:inline-block;width:60px;\"><span class=\" fusion-imageframe imageframe-none imageframe-2 hover-type-none has-aspect-ratio\" style=\"border-radius:40px;\"><a class=\"fusion-no-lightbox\" href=\"https:\/\/www.alumni.space\/pt-pt\/como-podem-os-tecnicos-oficiais-de-contas-antecipar-a-perda-de-competencias\/\" target=\"_self\" aria-label=\"Comment les experts-comptables peuvent-ils anticiper la perte de comp\u00e9tences ?\"><img decoding=\"async\" width=\"1280\" height=\"768\" alt=\"d\u00e9couvrez comment les experts-comptables peuvent anticiper la perte de comp\u00e9tences gr\u00e2ce \u00e0 des strat\u00e9gies efficaces de gestion des talents et de formation continue.\" src=\"https:\/\/www.alumni.space\/wp-content\/uploads\/2026\/04\/Comment-les-experts-comptables-peuvent-ils-anticiper-la-perte-de-competences-.jpg\" data-orig-src=\"https:\/\/www.alumni.space\/wp-content\/uploads\/2026\/04\/Comment-les-experts-comptables-peuvent-ils-anticiper-la-perte-de-competences-.jpg\" class=\"lazyload img-responsive wp-image-6608 img-with-aspect-ratio\" data-parent-fit=\"cover\" data-parent-container=\".fusion-image-element\" srcset=\"data:image\/svg+xml,%3Csvg%20xmlns%3D%27http%3A%2F%2Fwww.w3.org%2F2000%2Fsvg%27%20width%3D%271280%27%20height%3D%27768%27%20viewBox%3D%270%200%201280%20768%27%3E%3Crect%20width%3D%271280%27%20height%3D%27768%27%20fill-opacity%3D%220%22%2F%3E%3C%2Fsvg%3E\" data-srcset=\"https:\/\/www.alumni.space\/wp-content\/uploads\/2026\/04\/Comment-les-experts-comptables-peuvent-ils-anticiper-la-perte-de-competences--200x120.jpg 200w, https:\/\/www.alumni.space\/wp-content\/uploads\/2026\/04\/Comment-les-experts-comptables-peuvent-ils-anticiper-la-perte-de-competences--400x240.jpg 400w, https:\/\/www.alumni.space\/wp-content\/uploads\/2026\/04\/Comment-les-experts-comptables-peuvent-ils-anticiper-la-perte-de-competences--600x360.jpg 600w, https:\/\/www.alumni.space\/wp-content\/uploads\/2026\/04\/Comment-les-experts-comptables-peuvent-ils-anticiper-la-perte-de-competences--800x480.jpg 800w, https:\/\/www.alumni.space\/wp-content\/uploads\/2026\/04\/Comment-les-experts-comptables-peuvent-ils-anticiper-la-perte-de-competences--1200x720.jpg 1200w, https:\/\/www.alumni.space\/wp-content\/uploads\/2026\/04\/Comment-les-experts-comptables-peuvent-ils-anticiper-la-perte-de-competences-.jpg 1280w\" data-sizes=\"auto\" data-orig-sizes=\"(max-width: 700px) 100vw, 400px\" \/><\/a><\/span><\/div><\/div><\/div><\/div><div class=\"fusion-layout-column fusion_builder_column_inner fusion-builder-nested-column-5 fusion_builder_column_inner_4_5 4_5 fusion-flex-column fusion-flex-align-self-flex-start\" style=\"--awb-bg-size:cover;--awb-width-large:80%;--awb-margin-top-large:0px;--awb-spacing-right-large:40px;--awb-margin-bottom-large:0px;--awb-spacing-left-large:40px;--awb-width-medium:80%;--awb-order-medium:0;--awb-spacing-right-medium:40px;--awb-spacing-left-medium:40px;--awb-width-small:100%;--awb-order-small:0;--awb-spacing-right-small:40px;--awb-spacing-left-small:40px;\"><div class=\"fusion-column-wrapper fusion-column-has-shadow fusion-flex-justify-content-flex-start fusion-content-layout-column\"><div class=\"fusion-title title fusion-title-26 fusion-sep-none fusion-title-text fusion-title-size-div\" style=\"--awb-margin-top:0px;--awb-margin-bottom:10px;--awb-margin-top-small:10px;--awb-margin-right-small:0px;--awb-margin-bottom-small:10px;--awb-margin-left-small:0px;--awb-font-size:var(--awb-typography5-font-size);\"><div class=\"fusion-title-heading title-heading-left title-heading-tag\" style=\"font-family:var(--awb-typography5-font-family);font-weight:var(--awb-typography5-font-weight);font-style:var(--awb-typography5-font-style);margin:0;letter-spacing:var(--awb-typography5-letter-spacing);text-transform:var(--awb-typography5-text-transform);font-size:1em;line-height:var(--awb-typography5-line-height);\"><a href=\"https:\/\/www.alumni.space\/pt-pt\/como-podem-os-tecnicos-oficiais-de-contas-antecipar-a-perda-de-competencias\/\" class=\"awb-custom-text-color awb-custom-text-hover-color\" target=\"_self\"><a href=\"https:\/\/www.alumni.space\/pt-pt\/category\/recursos-humanos\/\" title=\"Recursos Humanos\">Recursos Humanos<\/a><\/a><\/div><\/div><div class=\"fusion-title title fusion-title-27 fusion-sep-none fusion-title-text fusion-title-size-six\" style=\"--awb-margin-top:0px;--awb-margin-top-small:10px;--awb-margin-right-small:0px;--awb-margin-bottom-small:10px;--awb-margin-left-small:0px;--awb-link-color:var(--awb-color8);--awb-font-size:17px;\"><h6 class=\"fusion-title-heading title-heading-left\" style=\"margin:0;font-size:1em;line-height:1.4;\"><a href=\"https:\/\/www.alumni.space\/pt-pt\/como-podem-os-tecnicos-oficiais-de-contas-antecipar-a-perda-de-competencias\/\" class=\"awb-custom-text-color awb-custom-text-hover-color\" target=\"_self\">Como podem os t\u00e9cnicos oficiais de contas antecipar a perda de compet\u00eancias?<\/a><\/h6><\/div><div class=\"fusion-text fusion-text-42\" style=\"--awb-font-size:var(--awb-typography5-font-size);--awb-line-height:var(--awb-typography5-line-height);--awb-letter-spacing:var(--awb-typography5-letter-spacing);--awb-text-transform:var(--awb-typography5-text-transform);--awb-text-font-family:var(--awb-typography5-font-family);--awb-text-font-weight:var(--awb-typography5-font-weight);--awb-text-font-style:var(--awb-typography5-font-style);\"><p>28 Abril 2026<\/p>\n<\/div><\/div><\/div><\/div><\/div><\/li>\n<li class=\"fusion-layout-column fusion_builder_column fusion-builder-column-27 fusion-flex-column post-card fusion-grid-column fusion-post-cards-grid-column\" style=\"--awb-bg-blend:overlay;--awb-bg-size:cover;--awb-flex-grow:0;--awb-flex-shrink:0;--awb-flex-grow-medium:0;--awb-flex-shrink-medium:0;--awb-flex-grow-small:0;--awb-flex-shrink-small:0;\"><div class=\"fusion-column-wrapper fusion-flex-justify-content-flex-start fusion-content-layout-column\"><div class=\"fusion-builder-row fusion-builder-row-inner fusion-row fusion-flex-align-items-flex-start fusion-flex-justify-content-center fusion-flex-content-wrap\" style=\"--awb-flex-grow:0;--awb-flex-grow-medium:0;--awb-flex-grow-small:0;--awb-flex-shrink:0;--awb-flex-shrink-medium:0;--awb-flex-shrink-small:0;width:calc( 100% + 80px ) !important;max-width:calc( 100% + 80px ) !important;margin-left: calc(-80px \/ 2 );margin-right: calc(-80px \/ 2 );\"><div class=\"fusion-layout-column fusion_builder_column_inner fusion-builder-nested-column-6 fusion_builder_column_inner_1_5 1_5 fusion-flex-column fusion-flex-align-self-flex-start\" style=\"--awb-bg-size:cover;--awb-width-large:20%;--awb-margin-top-large:0px;--awb-spacing-right-large:40px;--awb-margin-bottom-large:20px;--awb-spacing-left-large:40px;--awb-width-medium:20%;--awb-order-medium:0;--awb-spacing-right-medium:40px;--awb-spacing-left-medium:40px;--awb-width-small:100%;--awb-order-small:0;--awb-spacing-right-small:40px;--awb-spacing-left-small:40px;\"><div class=\"fusion-column-wrapper fusion-column-has-shadow fusion-flex-justify-content-flex-start fusion-content-layout-column\"><div class=\"fusion-image-element \" style=\"--awb-aspect-ratio:1 \/ 1;--awb-max-width:60px;--awb-caption-title-font-family:var(--h2_typography-font-family);--awb-caption-title-font-weight:var(--h2_typography-font-weight);--awb-caption-title-font-style:var(--h2_typography-font-style);--awb-caption-title-size:var(--h2_typography-font-size);--awb-caption-title-transform:var(--h2_typography-text-transform);--awb-caption-title-line-height:var(--h2_typography-line-height);--awb-caption-title-letter-spacing:var(--h2_typography-letter-spacing);\"><div style=\"display:inline-block;width:60px;\"><span class=\" fusion-imageframe imageframe-none imageframe-3 hover-type-none has-aspect-ratio\" style=\"border-radius:40px;\"><a class=\"fusion-no-lightbox\" href=\"https:\/\/www.alumni.space\/pt-pt\/reter-os-antigos-trabalhadores-uma-estrategia-de-rse-de-pleno-direito\/\" target=\"_self\" aria-label=\"Fid\u00e9liser ses anciens employ\u00e9s : une strat\u00e9gie RSE \u00e0 part enti\u00e8re\"><img decoding=\"async\" width=\"1344\" height=\"768\" alt=\"d\u00e9couvrez comment fid\u00e9liser vos anciens employ\u00e9s constitue une strat\u00e9gie rse efficace, favorisant engagement, responsabilit\u00e9 sociale et succ\u00e8s durable de votre entreprise.\" src=\"https:\/\/www.alumni.space\/wp-content\/uploads\/2026\/04\/Fideliser-ses-anciens-employes-une-strategie-RSE-a-part-entiere.jpg\" data-orig-src=\"https:\/\/www.alumni.space\/wp-content\/uploads\/2026\/04\/Fideliser-ses-anciens-employes-une-strategie-RSE-a-part-entiere.jpg\" class=\"lazyload img-responsive wp-image-6671 img-with-aspect-ratio\" data-parent-fit=\"cover\" data-parent-container=\".fusion-image-element\" srcset=\"data:image\/svg+xml,%3Csvg%20xmlns%3D%27http%3A%2F%2Fwww.w3.org%2F2000%2Fsvg%27%20width%3D%271344%27%20height%3D%27768%27%20viewBox%3D%270%200%201344%20768%27%3E%3Crect%20width%3D%271344%27%20height%3D%27768%27%20fill-opacity%3D%220%22%2F%3E%3C%2Fsvg%3E\" data-srcset=\"https:\/\/www.alumni.space\/wp-content\/uploads\/2026\/04\/Fideliser-ses-anciens-employes-une-strategie-RSE-a-part-entiere-200x114.jpg 200w, https:\/\/www.alumni.space\/wp-content\/uploads\/2026\/04\/Fideliser-ses-anciens-employes-une-strategie-RSE-a-part-entiere-400x229.jpg 400w, https:\/\/www.alumni.space\/wp-content\/uploads\/2026\/04\/Fideliser-ses-anciens-employes-une-strategie-RSE-a-part-entiere-600x343.jpg 600w, https:\/\/www.alumni.space\/wp-content\/uploads\/2026\/04\/Fideliser-ses-anciens-employes-une-strategie-RSE-a-part-entiere-800x457.jpg 800w, https:\/\/www.alumni.space\/wp-content\/uploads\/2026\/04\/Fideliser-ses-anciens-employes-une-strategie-RSE-a-part-entiere-1200x686.jpg 1200w, https:\/\/www.alumni.space\/wp-content\/uploads\/2026\/04\/Fideliser-ses-anciens-employes-une-strategie-RSE-a-part-entiere.jpg 1344w\" data-sizes=\"auto\" data-orig-sizes=\"(max-width: 700px) 100vw, 400px\" \/><\/a><\/span><\/div><\/div><\/div><\/div><div class=\"fusion-layout-column fusion_builder_column_inner fusion-builder-nested-column-7 fusion_builder_column_inner_4_5 4_5 fusion-flex-column fusion-flex-align-self-flex-start\" style=\"--awb-bg-size:cover;--awb-width-large:80%;--awb-margin-top-large:0px;--awb-spacing-right-large:40px;--awb-margin-bottom-large:0px;--awb-spacing-left-large:40px;--awb-width-medium:80%;--awb-order-medium:0;--awb-spacing-right-medium:40px;--awb-spacing-left-medium:40px;--awb-width-small:100%;--awb-order-small:0;--awb-spacing-right-small:40px;--awb-spacing-left-small:40px;\"><div class=\"fusion-column-wrapper fusion-column-has-shadow fusion-flex-justify-content-flex-start fusion-content-layout-column\"><div class=\"fusion-title title fusion-title-28 fusion-sep-none fusion-title-text fusion-title-size-div\" style=\"--awb-margin-top:0px;--awb-margin-bottom:10px;--awb-margin-top-small:10px;--awb-margin-right-small:0px;--awb-margin-bottom-small:10px;--awb-margin-left-small:0px;--awb-font-size:var(--awb-typography5-font-size);\"><div class=\"fusion-title-heading title-heading-left title-heading-tag\" style=\"font-family:var(--awb-typography5-font-family);font-weight:var(--awb-typography5-font-weight);font-style:var(--awb-typography5-font-style);margin:0;letter-spacing:var(--awb-typography5-letter-spacing);text-transform:var(--awb-typography5-text-transform);font-size:1em;line-height:var(--awb-typography5-line-height);\"><a href=\"https:\/\/www.alumni.space\/pt-pt\/reter-os-antigos-trabalhadores-uma-estrategia-de-rse-de-pleno-direito\/\" class=\"awb-custom-text-color awb-custom-text-hover-color\" target=\"_self\"><a href=\"https:\/\/www.alumni.space\/pt-pt\/category\/recursos-humanos\/\" title=\"Recursos Humanos\">Recursos Humanos<\/a><\/a><\/div><\/div><div class=\"fusion-title title fusion-title-29 fusion-sep-none fusion-title-text fusion-title-size-six\" style=\"--awb-margin-top:0px;--awb-margin-top-small:10px;--awb-margin-right-small:0px;--awb-margin-bottom-small:10px;--awb-margin-left-small:0px;--awb-link-color:var(--awb-color8);--awb-font-size:17px;\"><h6 class=\"fusion-title-heading title-heading-left\" style=\"margin:0;font-size:1em;line-height:1.4;\"><a href=\"https:\/\/www.alumni.space\/pt-pt\/reter-os-antigos-trabalhadores-uma-estrategia-de-rse-de-pleno-direito\/\" class=\"awb-custom-text-color awb-custom-text-hover-color\" target=\"_self\">Reter os antigos trabalhadores: uma estrat\u00e9gia de RSE de pleno direito<\/a><\/h6><\/div><div class=\"fusion-text fusion-text-43\" style=\"--awb-font-size:var(--awb-typography5-font-size);--awb-line-height:var(--awb-typography5-line-height);--awb-letter-spacing:var(--awb-typography5-letter-spacing);--awb-text-transform:var(--awb-typography5-text-transform);--awb-text-font-family:var(--awb-typography5-font-family);--awb-text-font-weight:var(--awb-typography5-font-weight);--awb-text-font-style:var(--awb-typography5-font-style);\"><p>28 Abril 2026<\/p>\n<\/div><\/div><\/div><\/div><\/div><\/li>\n<\/ul><\/div><\/div><\/div><\/div><\/div><\/div>\n","protected":false},"excerpt":{"rendered":"","protected":false},"author":1,"featured_media":0,"parent":0,"menu_order":0,"comment_status":"closed","ping_status":"closed","template":"100-width.php","meta":{"_ayudawp_aiss_exclude":false,"footnotes":""},"class_list":["post-4153","page","type-page","status-publish","hentry"],"yoast_head":"<!-- This site is optimized with the Yoast SEO plugin v27.4 - https:\/\/yoast.com\/product\/yoast-seo-wordpress\/ -->\n<title>Not\u00edcias e recursos - Alumni.space<\/title>\n<meta name=\"robots\" content=\"index, follow, max-snippet:-1, max-image-preview:large, max-video-preview:-1\" \/>\n<link rel=\"canonical\" href=\"https:\/\/www.alumni.space\/pt-pt\/noticias-e-recursos\/\" \/>\n<meta property=\"og:locale\" content=\"pt_PT\" \/>\n<meta property=\"og:type\" content=\"article\" \/>\n<meta property=\"og:title\" content=\"Not\u00edcias e recursos - Alumni.space\" \/>\n<meta property=\"og:url\" content=\"https:\/\/www.alumni.space\/pt-pt\/noticias-e-recursos\/\" \/>\n<meta property=\"og:site_name\" content=\"Alumni.space\" \/>\n<meta property=\"article:modified_time\" content=\"2026-03-26T12:00:43+00:00\" \/>\n<meta name=\"twitter:card\" content=\"summary_large_image\" \/>\n<meta name=\"twitter:label1\" content=\"Tempo estimado de leitura\" \/>\n\t<meta name=\"twitter:data1\" content=\"11 minutos\" \/>\n<script type=\"application\/ld+json\" class=\"yoast-schema-graph\">{\"@context\":\"https:\\\/\\\/schema.org\",\"@graph\":[{\"@type\":\"WebPage\",\"@id\":\"https:\\\/\\\/www.alumni.space\\\/pt-pt\\\/noticias-e-recursos\\\/\",\"url\":\"https:\\\/\\\/www.alumni.space\\\/pt-pt\\\/noticias-e-recursos\\\/\",\"name\":\"Not\u00edcias e recursos - Alumni.space\",\"isPartOf\":{\"@id\":\"https:\\\/\\\/www.alumni.space\\\/pt-pt\\\/#website\"},\"datePublished\":\"2022-08-15T15:51:43+00:00\",\"dateModified\":\"2026-03-26T12:00:43+00:00\",\"breadcrumb\":{\"@id\":\"https:\\\/\\\/www.alumni.space\\\/pt-pt\\\/noticias-e-recursos\\\/#breadcrumb\"},\"inLanguage\":\"pt-PT\",\"potentialAction\":[{\"@type\":\"ReadAction\",\"target\":[\"https:\\\/\\\/www.alumni.space\\\/pt-pt\\\/noticias-e-recursos\\\/\"]}]},{\"@type\":\"BreadcrumbList\",\"@id\":\"https:\\\/\\\/www.alumni.space\\\/pt-pt\\\/noticias-e-recursos\\\/#breadcrumb\",\"itemListElement\":[{\"@type\":\"ListItem\",\"position\":1,\"name\":\"Home\",\"item\":\"https:\\\/\\\/www.alumni.space\\\/pt-pt\\\/plataforma-de-gestao-de-mentores-e-antigos-alunos\\\/\"},{\"@type\":\"ListItem\",\"position\":2,\"name\":\"Not\u00edcias e recursos\"}]},{\"@type\":\"WebSite\",\"@id\":\"https:\\\/\\\/www.alumni.space\\\/pt-pt\\\/#website\",\"url\":\"https:\\\/\\\/www.alumni.space\\\/pt-pt\\\/\",\"name\":\"Alumni.space\",\"description\":\"My WordPress Blog\",\"potentialAction\":[{\"@type\":\"SearchAction\",\"target\":{\"@type\":\"EntryPoint\",\"urlTemplate\":\"https:\\\/\\\/www.alumni.space\\\/pt-pt\\\/?s={search_term_string}\"},\"query-input\":{\"@type\":\"PropertyValueSpecification\",\"valueRequired\":true,\"valueName\":\"search_term_string\"}}],\"inLanguage\":\"pt-PT\"}]}<\/script>\n<!-- \/ Yoast SEO plugin. -->","yoast_head_json":{"title":"Not\u00edcias e recursos - Alumni.space","robots":{"index":"index","follow":"follow","max-snippet":"max-snippet:-1","max-image-preview":"max-image-preview:large","max-video-preview":"max-video-preview:-1"},"canonical":"https:\/\/www.alumni.space\/pt-pt\/noticias-e-recursos\/","og_locale":"pt_PT","og_type":"article","og_title":"Not\u00edcias e recursos - Alumni.space","og_url":"https:\/\/www.alumni.space\/pt-pt\/noticias-e-recursos\/","og_site_name":"Alumni.space","article_modified_time":"2026-03-26T12:00:43+00:00","twitter_card":"summary_large_image","twitter_misc":{"Tempo estimado de leitura":"11 minutos"},"schema":{"@context":"https:\/\/schema.org","@graph":[{"@type":"WebPage","@id":"https:\/\/www.alumni.space\/pt-pt\/noticias-e-recursos\/","url":"https:\/\/www.alumni.space\/pt-pt\/noticias-e-recursos\/","name":"Not\u00edcias e recursos - Alumni.space","isPartOf":{"@id":"https:\/\/www.alumni.space\/pt-pt\/#website"},"datePublished":"2022-08-15T15:51:43+00:00","dateModified":"2026-03-26T12:00:43+00:00","breadcrumb":{"@id":"https:\/\/www.alumni.space\/pt-pt\/noticias-e-recursos\/#breadcrumb"},"inLanguage":"pt-PT","potentialAction":[{"@type":"ReadAction","target":["https:\/\/www.alumni.space\/pt-pt\/noticias-e-recursos\/"]}]},{"@type":"BreadcrumbList","@id":"https:\/\/www.alumni.space\/pt-pt\/noticias-e-recursos\/#breadcrumb","itemListElement":[{"@type":"ListItem","position":1,"name":"Home","item":"https:\/\/www.alumni.space\/pt-pt\/plataforma-de-gestao-de-mentores-e-antigos-alunos\/"},{"@type":"ListItem","position":2,"name":"Not\u00edcias e recursos"}]},{"@type":"WebSite","@id":"https:\/\/www.alumni.space\/pt-pt\/#website","url":"https:\/\/www.alumni.space\/pt-pt\/","name":"Alumni.space","description":"My WordPress Blog","potentialAction":[{"@type":"SearchAction","target":{"@type":"EntryPoint","urlTemplate":"https:\/\/www.alumni.space\/pt-pt\/?s={search_term_string}"},"query-input":{"@type":"PropertyValueSpecification","valueRequired":true,"valueName":"search_term_string"}}],"inLanguage":"pt-PT"}]}},"_links":{"self":[{"href":"https:\/\/www.alumni.space\/pt-pt\/wp-json\/wp\/v2\/pages\/4153","targetHints":{"allow":["GET"]}}],"collection":[{"href":"https:\/\/www.alumni.space\/pt-pt\/wp-json\/wp\/v2\/pages"}],"about":[{"href":"https:\/\/www.alumni.space\/pt-pt\/wp-json\/wp\/v2\/types\/page"}],"author":[{"embeddable":true,"href":"https:\/\/www.alumni.space\/pt-pt\/wp-json\/wp\/v2\/users\/1"}],"replies":[{"embeddable":true,"href":"https:\/\/www.alumni.space\/pt-pt\/wp-json\/wp\/v2\/comments?post=4153"}],"version-history":[{"count":10,"href":"https:\/\/www.alumni.space\/pt-pt\/wp-json\/wp\/v2\/pages\/4153\/revisions"}],"predecessor-version":[{"id":4223,"href":"https:\/\/www.alumni.space\/pt-pt\/wp-json\/wp\/v2\/pages\/4153\/revisions\/4223"}],"wp:attachment":[{"href":"https:\/\/www.alumni.space\/pt-pt\/wp-json\/wp\/v2\/media?parent=4153"}],"curies":[{"name":"wp","href":"https:\/\/api.w.org\/{rel}","templated":true}]}}