{"id":4318,"date":"2025-12-17T07:54:49","date_gmt":"2025-12-17T07:54:49","guid":{"rendered":"https:\/\/www.alumni.space\/persoenliche-daten\/"},"modified":"2026-03-26T12:01:23","modified_gmt":"2026-03-26T12:01:23","slug":"persoenliche-daten","status":"publish","type":"page","link":"https:\/\/www.alumni.space\/de\/persoenliche-daten\/","title":{"rendered":"Pers\u00f6nliche Daten"},"content":{"rendered":"<div class=\"fusion-fullwidth fullwidth-box fusion-builder-row-1 fusion-flex-container has-pattern-background has-mask-background nonhundred-percent-fullwidth non-hundred-percent-height-scrolling\" style=\"--awb-border-radius-top-left:0px;--awb-border-radius-top-right:0px;--awb-border-radius-bottom-right:0px;--awb-border-radius-bottom-left:0px;--awb-flex-wrap:wrap;\" ><div class=\"fusion-builder-row fusion-row fusion-flex-align-items-flex-start fusion-flex-content-wrap\" style=\"max-width:1248px;margin-left: calc(-4% \/ 2 );margin-right: calc(-4% \/ 2 );\"><div class=\"fusion-layout-column fusion_builder_column fusion-builder-column-0 fusion_builder_column_1_1 1_1 fusion-flex-column\" style=\"--awb-bg-size:cover;--awb-width-large:100%;--awb-margin-top-large:0px;--awb-spacing-right-large:1.92%;--awb-margin-bottom-large:20px;--awb-spacing-left-large:1.92%;--awb-width-medium:100%;--awb-order-medium:0;--awb-spacing-right-medium:1.92%;--awb-spacing-left-medium:1.92%;--awb-width-small:100%;--awb-order-small:0;--awb-spacing-right-small:1.92%;--awb-spacing-left-small:1.92%;\"><div class=\"fusion-column-wrapper fusion-column-has-shadow fusion-flex-justify-content-flex-start fusion-content-layout-column\"><div class=\"fusion-text fusion-text-1\"><div class=\"post-content\">\n<div class=\"fusion-fullwidth fullwidth-box fusion-builder-row-1 fusion-flex-container nonhundred-percent-fullwidth non-hundred-percent-height-scrolling\">\n<div class=\"fusion-builder-row fusion-row fusion-flex-align-items-flex-start fusion-flex-content-wrap\">\n<div class=\"fusion-layout-column fusion_builder_column fusion-builder-column-0 fusion_builder_column_1_1 1_1 fusion-flex-column\">\n<div class=\"fusion-column-wrapper fusion-flex-justify-content-flex-start fusion-content-layout-column\">\n<div class=\"fusion-text fusion-text-1\">\n<h2 class=\"fusion-responsive-typography-calculated\" data-fontsize=\"18\" data-lineheight=\"27px\">POLITIK DES SCHUTZES PERS\u00d6NLICHER DATEN<\/h2>\n<p>Der Schutz personenbezogener Daten ist ein wichtiges Anliegen von Alumni.space, das wir zu einer Priorit\u00e4t gemacht haben. Die Transparenz der Verarbeitung der von uns gesammelten personenbezogenen Daten ist eine Verpflichtung, deren Richtlinien darauf abzielen, Ihnen alle relevanten Informationen \u00fcber die Verarbeitung personenbezogener Daten, die auf dieser Webseite www.Alumni.space (nachfolgend die &#8222;Webseite&#8220;) gesammelt werden k\u00f6nnen, zur Verf\u00fcgung zu stellen. <\/p>\n<p>Alumni.space (im Folgenden &#8222;wir&#8220;, &#8222;uns&#8220; oder &#8222;Alumni.space&#8220;) kann personenbezogene Daten \u00fcber Sie sammeln und verarbeiten, wenn Sie diese Website besuchen. Poleetic ist, wenn es als Datenverantwortlicher handelt, f\u00fcr die personenbezogenen Daten, die Sie uns zur Verf\u00fcgung stellen, verantwortlich. Um Ihre Privatsph\u00e4re und Ihre personenbezogenen Daten so effektiv wie m\u00f6glich zu sch\u00fctzen, haben wir einen Datenschutzbeauftragten ernannt. Diese Person ist der Hauptansprechpartner der Aufsichtsbeh\u00f6rde und hat die Aufgabe, sicherzustellen, dass wir Ihre Daten in \u00dcbereinstimmung mit den geltenden Gesetzen verarbeiten.   <\/p>\n<p>Sie k\u00f6nnen unseren Datenschutzbeauftragten unter der folgenden Adresse kontaktieren: <a href=\"mailto:contact@poleetic.com\"><u>contact@poleetic.com<\/u><\/a>.<\/p>\n<p>Alumni.space kann unter der Postanschrift 12, le clos guillaume 78870 Bailly France, telefonisch unter der Nummer <a href=\"tel:+33617012677\">+33617012677<\/a> oder \u00fcber das Kontaktformular auf dieser Website kontaktiert werden.<\/p>\n<h3 class=\"fusion-responsive-typography-calculated\" data-fontsize=\"16\" data-lineheight=\"24px\">ENGAGEMENTS<\/h3>\n<p>Wir verpflichten uns, den Personen, deren personenbezogene Daten wir verarbeiten (die &#8222;betroffenen Personen&#8220;), den h\u00f6chstm\u00f6glichen Schutz zu bieten. Der Schutz personenbezogener Daten, insbesondere der Daten unserer Kunden, ist uns angesichts unserer Verpflichtungen zur Wahrung des Berufsgeheimnisses ein besonderes Anliegen. <\/p>\n<p>Wir verpflichten uns, die geltenden Vorschriften f\u00fcr alle von uns durchgef\u00fchrten Verarbeitungen personenbezogener Daten einzuhalten. Wir verpflichten uns, die folgenden Grunds\u00e4tze einzuhalten: <\/p>\n<ul>\n<li>Wir verarbeiten Ihre personenbezogenen Daten auf rechtm\u00e4\u00dfige, faire und transparente Weise;<\/li>\n<li>Wir sammeln Ihre pers\u00f6nlichen Daten f\u00fcr spezifische, explizite und legitime Zwecke und werden sie nicht in einer Weise verarbeiten, die mit diesen Zwecken unvereinbar ist;<\/li>\n<li>Wir stellen sicher, dass die verarbeiteten personenbezogenen Daten angemessen, relevant und auf das f\u00fcr die Zwecke, f\u00fcr die sie verarbeitet werden, notwendige Ma\u00df beschr\u00e4nkt sind;<\/li>\n<li>Wir unternehmen alle Anstrengungen, um sicherzustellen, dass die personenbezogenen Daten korrekt sind und, falls erforderlich, aktualisiert werden. Wir werden alle angemessenen Schritte unternehmen, um sicherzustellen, dass personenbezogene Daten, die im Hinblick auf die Zwecke, f\u00fcr die sie verarbeitet werden, unrichtig sind, unverz\u00fcglich gel\u00f6scht oder berichtigt werden; <\/li>\n<li>Wir speichern Ihre personenbezogenen Daten nur so lange, wie es f\u00fcr die Zwecke der Verarbeitung erforderlich ist, in einer Form, die Ihre Identifizierung erm\u00f6glicht;<\/li>\n<li>Wir verarbeiten Ihre personenbezogenen Daten auf eine Weise, die ein angemessenes Sicherheitsniveau f\u00fcr diese Daten gew\u00e4hrleistet.<\/li>\n<\/ul>\n<p>Diese Verpflichtungen manifestieren sich wie folgt:<\/p>\n<ul>\n<li>Wir respektieren Ihre Privatsph\u00e4re und Ihre Rechte;<\/li>\n<li>Wir sorgen daf\u00fcr, dass der Schutz und die Sicherheit Ihrer pers\u00f6nlichen Daten im Mittelpunkt unserer Bem\u00fchungen stehen;<\/li>\n<li>Wir betrachten jeden Verarbeitungsvorgang unter Ber\u00fccksichtigung der Grunds\u00e4tze des Datenschutzes, um dem Grundsatz des Datenschutzes von Anfang an gerecht zu werden;<\/li>\n<li>Wir werden Ihre personenbezogenen Daten nicht f\u00fcr Zwecke verwenden, die Ihnen nicht mitgeteilt wurden;<\/li>\n<li>Wir werden Ihre pers\u00f6nlichen Daten nicht an Dritte weitergeben oder verkaufen;<\/li>\n<li>Wir verpflichten uns, Ihre pers\u00f6nlichen Daten zu sichern und zu sch\u00fctzen. Zu diesem Zweck arbeiten wir nur mit vertrauensw\u00fcrdigen Partnern zusammen; <\/li>\n<li>Wir respektieren Ihre Rechte und werden uns nach besten Kr\u00e4ften bem\u00fchen, Ihren Anfragen nachzukommen, sofern diese begr\u00fcndet sind.<\/li>\n<\/ul>\n<h3 class=\"fusion-responsive-typography-calculated\" data-fontsize=\"16\" data-lineheight=\"24px\">BEHANDLUNG<\/h3>\n<p>Sie k\u00f6nnen unsere Website besuchen, ohne pers\u00f6nliche Daten \u00fcber sich selbst anzugeben. Um jedoch auf bestimmte Teile unserer Websites zugreifen zu k\u00f6nnen und\/oder im Zusammenhang mit der Nutzung bestimmter Informationen oder Dienstleistungen k\u00f6nnen wir Ihre Pers\u00f6nlichen Daten sammeln, die wir f\u00fcr die nachstehend aufgef\u00fchrten Zwecke verarbeiten werden. <\/p>\n<p>Wir m\u00f6chten Sie daran erinnern, dass personenbezogene Daten Informationen sind, die sich auf eine identifizierte oder identifizierbare nat\u00fcrliche Person beziehen, wie z.B. eine E-Mail-Adresse, Ihr Vor- und Nachname, Ihre IP-Adresse, etc.<\/p>\n<p>Wir sammeln Ihre personenbezogenen Daten \u00fcber das Kontaktformular auf dieser Website und auf andere Weise. In einigen F\u00e4llen sammeln wir Ihre personenbezogenen Daten direkt bei Ihnen. In anderen F\u00e4llen werden uns Ihre personenbezogenen Daten von einem Dritten zur Verf\u00fcgung gestellt.  <\/p>\n<p>Die personenbezogenen Daten, die wir verarbeiten k\u00f6nnen, sind zum Beispiel:<\/p>\n<ul>\n<li><strong>Identifikationsdaten<\/strong> wie Ihr Vor- und Nachname, Ihre E-Mail-Adresse ;<\/li>\n<li><strong>Bewerbungsdaten<\/strong>, wie Ihr Lebenslauf, Ihre Zeugnisse und Ihre Berufserfahrung, wenn Sie sich bei Alumni.space bewerben m\u00f6chten.<\/li>\n<\/ul>\n<p>Bestimmte Informationen \u00fcber die Aktivit\u00e4ten des Nutzers auf dieser Website k\u00f6nnen automatisch gesammelt werden. Diese Informationen sind f\u00fcr Alumni.space bestimmt und k\u00f6nnen als Grundlage f\u00fcr Studien, Statistiken, Publikumsmessungen und andere Analysen zur Verbesserung und Entwicklung der Website dienen. Dar\u00fcber hinaus k\u00f6nnen wir Ihre pers\u00f6nlichen Daten f\u00fcr folgende Zwecke verarbeiten  <\/p>\n<ul>\n<li>um unsere Website auf dem neuesten Stand zu halten und zu verbessern und um ihre Sicherheit zu gew\u00e4hrleisten;<\/li>\n<li>Durchf\u00fchrung von Studien zur Kundenzufriedenheit;<\/li>\n<li>die Diskussionsforen verwalten, an denen Sie teilnehmen k\u00f6nnen ;<\/li>\n<li>Verwaltung der Personalbeschaffung, wenn Sie sich online auf Stellen bewerben, insbesondere auf der Website jobs.vinci.com, oder wenn Sie sich spontan bei uns bewerben;<\/li>\n<li>die Erstellung von Statistiken und die Optimierung der Website;<\/li>\n<li>die Zusendung von Dokumenten im Rahmen von Anfragen, die \u00fcber unsere Website gestellt werden;<br \/>\ndie \u00dcbermittlung von Informationen \u00fcber unser Unternehmen und seine T\u00e4tigkeit,<br \/>\nAntworten auf erhaltene Anfragen und die \u00dcbermittlung von Informationen \u00fcber die angebotenen Leistungen.<\/li>\n<\/ul>\n<p>Wir verarbeiten Ihre personenbezogenen Daten immer auf der Grundlage einer der folgenden Rechtsgrundlagen:<\/p>\n<ul>\n<li>Wenn Sie einen Vertrag mit Alumni.space abgeschlossen haben und die Erf\u00fcllung dieses Vertrages die Verarbeitung Ihrer personenbezogenen Daten durch uns erfordert, ist die Rechtsgrundlage f\u00fcr die Verarbeitung die Erf\u00fcllung des Vertrages.<\/li>\n<li>Wenn die Verarbeitung f\u00fcr die Durchf\u00fchrung von vorvertraglichen Ma\u00dfnahmen erforderlich ist, die auf Ihre Anfrage hin ergriffen werden, beruht unsere Rechtsgrundlage auf diesen vorvertraglichen Ma\u00dfnahmen. Dies ist beispielsweise der Fall, wenn Sie sich bei uns um eine Stelle bewerben und wir Ihren Lebenslauf pr\u00fcfen m\u00fcssen, um \u00fcber Ihre Bewerbung zu entscheiden. <\/li>\n<li>Wenn die Verarbeitung f\u00fcr die Zwecke der von uns verfolgten legitimen Interessen erforderlich ist, besteht unsere Rechtsgrundlage aus diesen legitimen Interessen. Zum Beispiel kann die Verarbeitung Ihrer personenbezogenen Daten zum Zwecke der Kundenwerbung f\u00fcr die legitimen Interessen von Alumni.space erfolgen. <\/li>\n<li>Wir k\u00f6nnen Ihre personenbezogenen Daten auch auf der Grundlage einer anderen der Rechtsgrundlagen verarbeiten, die in den anwendbaren Gesetzen oder Vorschriften aufgef\u00fchrt sind.<\/li>\n<\/ul>\n<h3 class=\"fusion-responsive-typography-calculated\" data-fontsize=\"16\" data-lineheight=\"24px\">HALTBARKEITSDAUER<\/h3>\n<p>Alumni.space speichert Ihre pers\u00f6nlichen Daten nur so lange, wie es f\u00fcr die Zwecke, f\u00fcr die sie verarbeitet werden, notwendig ist, und in \u00dcbereinstimmung mit der anwendbaren Gesetzgebung. Die Dauer der Speicherung Ihrer personenbezogenen Daten h\u00e4ngt vom Zweck der Verarbeitung ab, der sie unterliegt: <\/p>\n<ul>\n<li>Verwaltung der Kundenbeziehung: 5 Jahre nach Beendigung der Kundenbeziehung ;<\/li>\n<li>Rechnungsstellung: 10 Jahre nach dem Ende des betreffenden Gesch\u00e4ftsjahres;<\/li>\n<li>Buchhaltung: 10 Jahre nach dem Ende des betreffenden Gesch\u00e4ftsjahres;<\/li>\n<li>Verwaltung von Bewerbungen f\u00fcr eine Stelle: 2 Jahre ab dem letzten Kontakt mit dem Bewerber ;<\/li>\n<li>Verwaltung der Beziehungen zu Dienstleistern und Lieferanten: 5 Jahre nach Beendigung der Beziehung;<\/li>\n<li>Beantwortung von Anfragen, die uns \u00fcber das Kontaktformular der Website erreichen: die Dauer, die f\u00fcr die Beantwortung der betreffenden Anfrage erforderlich ist, oder eine der oben genannten Dauer, wenn Ihre Anfrage mit einem dieser Zwecke in Zusammenhang steht.<\/li>\n<\/ul>\n<h3 class=\"fusion-responsive-typography-calculated\" data-fontsize=\"16\" data-lineheight=\"24px\">TRANSFER<\/h3>\n<p>Ihre Daten werden in der Europ\u00e4ischen Union (EU) und dem Europ\u00e4ischen Wirtschaftsraum (EWR) von Alumni.space und seinen vertrauensw\u00fcrdigen Dienstleistern gespeichert. Abh\u00e4ngig von der Verarbeitung k\u00f6nnen Ihre Daten jedoch auch in ein Land au\u00dferhalb der EU und des EWR \u00fcbertragen werden. <\/p>\n<p>Bei der \u00dcbertragung von Daten au\u00dferhalb der EU und des EWR stellen wir sicher, dass die Daten auf sichere Weise und in \u00dcbereinstimmung mit den geltenden Gesetzen \u00fcbertragen werden. Wenn das Land, in das die Daten \u00fcbertragen werden, nicht \u00fcber einen Schutz verf\u00fcgt, der mit dem der EU vergleichbar ist, verwenden wir &#8222;geeignete oder angemessene Garantien&#8220;. <\/p>\n<p>Diese angemessenen oder geeigneten Garantien sind ein Mittel, mit dem wir sicherstellen k\u00f6nnen, dass der Schutz Ihrer personenbezogenen Daten auch dann gew\u00e4hrleistet ist, wenn diese das europ\u00e4ische Territorium verlassen. Diese angemessenen Garantien k\u00f6nnen zum Beispiel die Verwendung von Standardvertragsklauseln sein, die von der Europ\u00e4ischen Kommission angenommen wurden. <\/p>\n<p>Von Fall zu Fall werden wir Sie dar\u00fcber informieren, ob wir beabsichtigen, personenbezogene Daten in ein Drittland zu \u00fcbermitteln, ob es einen angemessenen Beschluss der Kommission gibt und, falls ja, den Verweis auf geeignete Garantien und die Mittel, um eine Kopie davon zu erhalten, oder den Ort, an dem diese verf\u00fcgbar gemacht wurden.<\/p>\n<h3 class=\"fusion-responsive-typography-calculated\" data-fontsize=\"16\" data-lineheight=\"24px\">EMPF\u00c4NGER IHRER PERS\u00d6NLICHEN DATEN<\/h3>\n<p>Wir k\u00f6nnen Ihre personenbezogenen Daten an unsere Auftragnehmer weitergeben:<\/p>\n<ul>\n<li>(O2switch) ;<\/li>\n<li>Wartung.<\/li>\n<\/ul>\n<p>Wir k\u00f6nnen auch durch Gesetze, Gerichtsurteile und\/oder Anfragen von \u00f6ffentlichen und Regierungsbeh\u00f6rden innerhalb oder au\u00dferhalb des Landes, in dem Sie Ihren Wohnsitz haben, zur Offenlegung Ihrer Pers\u00f6nlichen Daten verpflichtet werden. Wir k\u00f6nnen Ihre Pers\u00f6nlichen Daten auch offenlegen, wenn wir feststellen, dass eine Offenlegung aus Gr\u00fcnden der nationalen Sicherheit, der Strafverfolgung oder des \u00f6ffentlichen Interesses oder aufgrund von Gesetzen notwendig oder angemessen ist. <\/p>\n<p>Wir k\u00f6nnen Pers\u00f6nliche Daten auch offenlegen, wenn wir in gutem Glauben feststellen, dass die Offenlegung vern\u00fcnftigerweise notwendig ist, um unsere Rechte durch die Nutzung der verf\u00fcgbaren Rechtsmittel zu sch\u00fctzen, unsere Allgemeinen Gesch\u00e4ftsbedingungen durchzusetzen, Betrug zu untersuchen oder unseren Betrieb oder unsere Nutzer zu sch\u00fctzen.<\/p>\n<p>Schlie\u00dflich kann Alumni.space jederzeit seine weltweiten Aktivit\u00e4ten umstrukturieren. Diese Ma\u00dfnahmen k\u00f6nnen dazu f\u00fchren, dass wir Pers\u00f6nliche Daten an &#8211; potentielle oder bestehende &#8211; Kunden weitergeben oder Pers\u00f6nliche Daten von potentiellen Verk\u00e4ufern erhalten. Wir verlangen stets einen angemessenen Schutz der Privatsph\u00e4re f\u00fcr Pers\u00f6nliche Daten, die in Verbindung mit solchen Transaktionen \u00fcbermittelt werden.  <\/p>\n<h3 class=\"fusion-responsive-typography-calculated\" data-fontsize=\"16\" data-lineheight=\"24px\">IHRE RECHTE<\/h3>\n<p>Sie haben das Recht, von uns eine Best\u00e4tigung dar\u00fcber zu erhalten, ob personenbezogene Daten, die Sie betreffen, verarbeitet werden (Recht auf Zugang). Wenn dies der Fall ist, haben Sie das Recht, auf Ihre personenbezogenen Daten zuzugreifen und Informationen \u00fcber den Zweck der Verarbeitung, die Kategorien der betroffenen personenbezogenen Daten usw. zu erhalten. <\/p>\n<p>Sie k\u00f6nnen auch verlangen, dass Ihre Pers\u00f6nlichen Daten berichtigt oder gel\u00f6scht werden.<\/p>\n<p>Sie haben auch das Recht, sich der Verarbeitung Ihrer Pers\u00f6nlichen Daten zu widersetzen oder die Einschr\u00e4nkung der Verarbeitung zu verlangen. Sie haben auch das Recht zu verlangen, Ihre Pers\u00f6nlichen Daten in einem strukturierten und standardisierten Format zu erhalten, wenn die Bedingungen f\u00fcr die Aus\u00fcbung dieses Rechts erf\u00fcllt sind. <\/p>\n<p>Um diese Rechte auszu\u00fcben, senden Sie bitte eine E-Mail an unseren DPO, der unter der folgenden Adresse erreichbar ist <a href=\"mailto:contact@poleetic.com\">: contact@poleetic.com<\/a><\/p>\n<p>Damit wir Ihre Anfrage zufriedenstellend bearbeiten k\u00f6nnen, m\u00fcssen Sie Ihre Identit\u00e4t auf beliebige Weise nachweisen. Im Zweifelsfall k\u00f6nnen wir Sie um zus\u00e4tzliche Informationen bitten, einschlie\u00dflich einer Kopie Ihres Personalausweises, die von Ihnen unterschrieben ist. <\/p>\n<p>Wir werden unser Bestes tun, um Ihre Anfragen zufriedenstellend zu beantworten. Unsere Antwort kann jedoch je nach Komplexit\u00e4t und Anzahl der Anfragen um weitere zwei Monate verl\u00e4ngert werden. <\/p>\n<p>Wenn Sie aus irgendeinem Grund der Meinung sind, dass unsere Antwort nicht zufriedenstellend ist, informieren wir Sie, dass Sie eine Beschwerde bei der CNIL einreichen k\u00f6nnen.<\/p>\n<h3 class=\"fusion-responsive-typography-calculated\" data-fontsize=\"16\" data-lineheight=\"24px\">SICHERHEITSMASSNAHMEN<\/h3>\n<p>Alumni.space setzt verschiedene technische und organisatorische Sicherheitsma\u00dfnahmen ein, um die von uns gesammelten, genutzten oder \u00fcbertragenen Pers\u00f6nlichen Daten vor Verlust, Missbrauch, F\u00e4lschung oder Zerst\u00f6rung zu sch\u00fctzen.<\/p>\n<p>Alumni.space kann jedoch nicht f\u00fcr die Sicherheit der \u00dcbertragung Pers\u00f6nlicher Daten \u00fcber das Internet verantwortlich gemacht werden.<\/p>\n<h3 class=\"fusion-responsive-typography-calculated\" data-fontsize=\"16\" data-lineheight=\"24px\">EXTERNE WEBSEITEN<\/h3>\n<p>Die Webseiten k\u00f6nnen Links zu externen Webseiten enthalten.<\/p>\n<p>Alumni.space gibt keine Garantien oder Erkl\u00e4rungen in Bezug auf diese externen Webseiten ab.<\/p>\n<h3 class=\"fusion-responsive-typography-calculated\" data-fontsize=\"16\" data-lineheight=\"24px\">\u00c4NDERUNG DER POLITIK<\/h3>\n<p>Diese Politik wurde am 30.12.2021 aktualisiert.<\/p>\n<p>Wir k\u00f6nnen diese Richtlinie von Zeit zu Zeit \u00e4ndern, um mit technologischen Entwicklungen, Branchenpraktiken und regulatorischen Anforderungen Schritt zu halten oder aus anderen Gr\u00fcnden.<\/p>\n<p>Wenn wir wesentliche \u00c4nderungen an unserer Richtlinie vornehmen m\u00fcssen, werden wir einen Hinweis auf der Startseite der Website ver\u00f6ffentlichen, bevor die \u00c4nderung wirksam wird.<\/p>\n<\/div>\n<\/div>\n<\/div>\n<\/div>\n<\/div>\n<\/div>\n<\/div><\/div><\/div><\/div><\/div>\n","protected":false},"excerpt":{"rendered":"","protected":false},"author":1,"featured_media":0,"parent":0,"menu_order":0,"comment_status":"closed","ping_status":"closed","template":"100-width.php","meta":{"_ayudawp_aiss_exclude":false,"footnotes":""},"class_list":["post-4318","page","type-page","status-publish","hentry"],"yoast_head":"<!-- This site is optimized with the Yoast SEO plugin v27.4 - https:\/\/yoast.com\/product\/yoast-seo-wordpress\/ -->\n<title>Pers\u00f6nliche Daten - Alumni.space<\/title>\n<meta name=\"robots\" content=\"index, follow, max-snippet:-1, max-image-preview:large, max-video-preview:-1\" \/>\n<link rel=\"canonical\" href=\"https:\/\/www.alumni.space\/de\/persoenliche-daten\/\" \/>\n<meta property=\"og:locale\" content=\"de_DE\" \/>\n<meta property=\"og:type\" content=\"article\" \/>\n<meta property=\"og:title\" content=\"Pers\u00f6nliche Daten - Alumni.space\" \/>\n<meta property=\"og:url\" content=\"https:\/\/www.alumni.space\/de\/persoenliche-daten\/\" \/>\n<meta property=\"og:site_name\" content=\"Alumni.space\" \/>\n<meta property=\"article:modified_time\" content=\"2026-03-26T12:01:23+00:00\" \/>\n<meta name=\"twitter:card\" content=\"summary_large_image\" \/>\n<meta name=\"twitter:label1\" content=\"Gesch\u00e4tzte Lesezeit\" \/>\n\t<meta name=\"twitter:data1\" content=\"16\u00a0Minuten\" \/>\n<script type=\"application\/ld+json\" class=\"yoast-schema-graph\">{\"@context\":\"https:\\\/\\\/schema.org\",\"@graph\":[{\"@type\":\"WebPage\",\"@id\":\"https:\\\/\\\/www.alumni.space\\\/de\\\/persoenliche-daten\\\/\",\"url\":\"https:\\\/\\\/www.alumni.space\\\/de\\\/persoenliche-daten\\\/\",\"name\":\"Pers\u00f6nliche Daten - Alumni.space\",\"isPartOf\":{\"@id\":\"https:\\\/\\\/www.alumni.space\\\/de\\\/#website\"},\"datePublished\":\"2025-12-17T07:54:49+00:00\",\"dateModified\":\"2026-03-26T12:01:23+00:00\",\"breadcrumb\":{\"@id\":\"https:\\\/\\\/www.alumni.space\\\/de\\\/persoenliche-daten\\\/#breadcrumb\"},\"inLanguage\":\"de\",\"potentialAction\":[{\"@type\":\"ReadAction\",\"target\":[\"https:\\\/\\\/www.alumni.space\\\/de\\\/persoenliche-daten\\\/\"]}]},{\"@type\":\"BreadcrumbList\",\"@id\":\"https:\\\/\\\/www.alumni.space\\\/de\\\/persoenliche-daten\\\/#breadcrumb\",\"itemListElement\":[{\"@type\":\"ListItem\",\"position\":1,\"name\":\"Home\",\"item\":\"https:\\\/\\\/www.alumni.space\\\/de\\\/plattform-fuer-die-verwaltung-von-mentoring-und-unternehmensalumni\\\/\"},{\"@type\":\"ListItem\",\"position\":2,\"name\":\"Pers\u00f6nliche Daten\"}]},{\"@type\":\"WebSite\",\"@id\":\"https:\\\/\\\/www.alumni.space\\\/de\\\/#website\",\"url\":\"https:\\\/\\\/www.alumni.space\\\/de\\\/\",\"name\":\"Alumni.space\",\"description\":\"My WordPress Blog\",\"potentialAction\":[{\"@type\":\"SearchAction\",\"target\":{\"@type\":\"EntryPoint\",\"urlTemplate\":\"https:\\\/\\\/www.alumni.space\\\/de\\\/?s={search_term_string}\"},\"query-input\":{\"@type\":\"PropertyValueSpecification\",\"valueRequired\":true,\"valueName\":\"search_term_string\"}}],\"inLanguage\":\"de\"}]}<\/script>\n<!-- \/ Yoast SEO plugin. -->","yoast_head_json":{"title":"Pers\u00f6nliche Daten - Alumni.space","robots":{"index":"index","follow":"follow","max-snippet":"max-snippet:-1","max-image-preview":"max-image-preview:large","max-video-preview":"max-video-preview:-1"},"canonical":"https:\/\/www.alumni.space\/de\/persoenliche-daten\/","og_locale":"de_DE","og_type":"article","og_title":"Pers\u00f6nliche Daten - Alumni.space","og_url":"https:\/\/www.alumni.space\/de\/persoenliche-daten\/","og_site_name":"Alumni.space","article_modified_time":"2026-03-26T12:01:23+00:00","twitter_card":"summary_large_image","twitter_misc":{"Gesch\u00e4tzte Lesezeit":"16\u00a0Minuten"},"schema":{"@context":"https:\/\/schema.org","@graph":[{"@type":"WebPage","@id":"https:\/\/www.alumni.space\/de\/persoenliche-daten\/","url":"https:\/\/www.alumni.space\/de\/persoenliche-daten\/","name":"Pers\u00f6nliche Daten - Alumni.space","isPartOf":{"@id":"https:\/\/www.alumni.space\/de\/#website"},"datePublished":"2025-12-17T07:54:49+00:00","dateModified":"2026-03-26T12:01:23+00:00","breadcrumb":{"@id":"https:\/\/www.alumni.space\/de\/persoenliche-daten\/#breadcrumb"},"inLanguage":"de","potentialAction":[{"@type":"ReadAction","target":["https:\/\/www.alumni.space\/de\/persoenliche-daten\/"]}]},{"@type":"BreadcrumbList","@id":"https:\/\/www.alumni.space\/de\/persoenliche-daten\/#breadcrumb","itemListElement":[{"@type":"ListItem","position":1,"name":"Home","item":"https:\/\/www.alumni.space\/de\/plattform-fuer-die-verwaltung-von-mentoring-und-unternehmensalumni\/"},{"@type":"ListItem","position":2,"name":"Pers\u00f6nliche Daten"}]},{"@type":"WebSite","@id":"https:\/\/www.alumni.space\/de\/#website","url":"https:\/\/www.alumni.space\/de\/","name":"Alumni.space","description":"My WordPress Blog","potentialAction":[{"@type":"SearchAction","target":{"@type":"EntryPoint","urlTemplate":"https:\/\/www.alumni.space\/de\/?s={search_term_string}"},"query-input":{"@type":"PropertyValueSpecification","valueRequired":true,"valueName":"search_term_string"}}],"inLanguage":"de"}]}},"_links":{"self":[{"href":"https:\/\/www.alumni.space\/de\/wp-json\/wp\/v2\/pages\/4318","targetHints":{"allow":["GET"]}}],"collection":[{"href":"https:\/\/www.alumni.space\/de\/wp-json\/wp\/v2\/pages"}],"about":[{"href":"https:\/\/www.alumni.space\/de\/wp-json\/wp\/v2\/types\/page"}],"author":[{"embeddable":true,"href":"https:\/\/www.alumni.space\/de\/wp-json\/wp\/v2\/users\/1"}],"replies":[{"embeddable":true,"href":"https:\/\/www.alumni.space\/de\/wp-json\/wp\/v2\/comments?post=4318"}],"version-history":[{"count":1,"href":"https:\/\/www.alumni.space\/de\/wp-json\/wp\/v2\/pages\/4318\/revisions"}],"predecessor-version":[{"id":4325,"href":"https:\/\/www.alumni.space\/de\/wp-json\/wp\/v2\/pages\/4318\/revisions\/4325"}],"wp:attachment":[{"href":"https:\/\/www.alumni.space\/de\/wp-json\/wp\/v2\/media?parent=4318"}],"curies":[{"name":"wp","href":"https:\/\/api.w.org\/{rel}","templated":true}]}}